{"id":5425,"date":"2026-03-27T11:23:03","date_gmt":"2026-03-27T08:23:03","guid":{"rendered":"https:\/\/www.leventuysal.com\/?page_id=5425"},"modified":"2026-03-27T11:31:31","modified_gmt":"2026-03-27T08:31:31","slug":"basin-tek-haber-sayfasi-demo","status":"publish","type":"page","link":"https:\/\/www.leventuysal.com\/en\/basin-tek-haber-sayfasi-demo\/","title":{"rendered":"Bas\u0131n tek haber sayfas\u0131 demo"},"content":{"rendered":"\t\t<div data-elementor-type=\"wp-post\" data-elementor-id=\"5425\" class=\"elementor elementor-5425\">\n\t\t\t\t\t\t<section class=\"elementor-section elementor-top-section elementor-element elementor-element-0778dbc elementor-section-stretched elementor-section-boxed elementor-section-height-default elementor-section-height-default\" data-id=\"0778dbc\" data-element_type=\"section\" data-settings=\"{&quot;stretch_section&quot;:&quot;section-stretched&quot;,&quot;background_background&quot;:&quot;classic&quot;}\">\n\t\t\t\t\t\t<div class=\"elementor-container elementor-column-gap-extended\">\n\t\t\t\t\t<div class=\"elementor-column elementor-col-100 elementor-top-column elementor-element elementor-element-f8cc821 sc_inner_width_none sc_content_align_inherit sc_layouts_column_icons_position_left\" data-id=\"f8cc821\" data-element_type=\"column\" data-settings=\"{&quot;background_background&quot;:&quot;classic&quot;}\">\n\t\t\t<div class=\"elementor-widget-wrap elementor-element-populated\">\n\t\t\t\t\t\t<div class=\"elementor-element elementor-element-1cf6688 sc_layouts_hide_on_wide sc_layouts_hide_on_desktop sc_layouts_hide_on_notebook sc_layouts_hide_on_tablet sc_layouts_hide_on_mobile sc_fly_static elementor-widget elementor-widget-heading\" data-id=\"1cf6688\" data-element_type=\"widget\" data-widget_type=\"heading.default\">\n\t\t\t\t<div class=\"elementor-widget-container\">\n\t\t\t\t\t<h2 class=\"elementor-heading-title elementor-size-default\">HABERLER<\/h2>\t\t\t\t<\/div>\n\t\t\t\t<\/div>\n\t\t\t\t<div class=\"elementor-element elementor-element-5f19778 sc_fly_static elementor-widget elementor-widget-spacer\" data-id=\"5f19778\" data-element_type=\"widget\" data-widget_type=\"spacer.default\">\n\t\t\t\t<div class=\"elementor-widget-container\">\n\t\t\t\t\t\t\t<div class=\"elementor-spacer\">\n\t\t\t<div class=\"elementor-spacer-inner\"><\/div>\n\t\t<\/div>\n\t\t\t\t\t\t<\/div>\n\t\t\t\t<\/div>\n\t\t\t\t<div class=\"elementor-element elementor-element-ca75171 sc_fly_static elementor-widget elementor-widget-trx_sc_services\" data-id=\"ca75171\" data-element_type=\"widget\" data-widget_type=\"trx_sc_services.default\">\n\t\t\t\t<div class=\"elementor-widget-container\">\n\t\t\t\t\t<div id=\"trx_sc_services_1331897394\" class=\"sc_services sc_services_default sc_services_featured_top\"><div class=\"sc_services_columns_wrap sc_item_columns sc_item_posts_container sc_item_columns_3 trx_addons_columns_wrap columns_padding_bottom\"><div class=\"trx_addons_column-1_3\"><div data-post-id=\"4628\" class=\"sc_services_item no_links without_content with_image sc_services_item_featured_top post-4628 cpt_services type-cpt_services status-publish has-post-thumbnail hentry cpt_services_group-haberler\">\r\n\t<div class=\"post_featured with_thumb hover_icon sc_services_item_thumb\"><img fetchpriority=\"high\" decoding=\"async\" width=\"1540\" height=\"866\" src=\"https:\/\/www.leventuysal.com\/wp-content\/uploads\/2025\/02\/levent-uysal_sosyal-medya-1540x866.jpeg\" class=\"attachment-rightway-thumb-big size-rightway-thumb-big wp-post-image\" alt=\"\" srcset=\"https:\/\/www.leventuysal.com\/wp-content\/uploads\/2025\/02\/levent-uysal_sosyal-medya-1540x866.jpeg 1540w, https:\/\/www.leventuysal.com\/wp-content\/uploads\/2025\/02\/levent-uysal_sosyal-medya-1170x658.jpeg 1170w, https:\/\/www.leventuysal.com\/wp-content\/uploads\/2025\/02\/levent-uysal_sosyal-medya-370x208.jpeg 370w, https:\/\/www.leventuysal.com\/wp-content\/uploads\/2025\/02\/levent-uysal_sosyal-medya-270x152.jpeg 270w\" sizes=\"(max-width: 1540px) 100vw, 1540px\" \/>\t\t\t\t\t\t<div class=\"mask\"><\/div>\n\t\t\t\t\t\t\t\t\t<div class=\"icons\"><a href=\"https:\/\/www.leventuysal.com\/en\/services\/mhp-mersin-milletvekili-uysal-sosyal-medya-bagimliligi-aile-baglarimizi-ve-toplumsal-degerlerimizi-tehdit-ediyor\/\"  aria-hidden=\"true\" class=\"icon-add-plus-button\"><\/a><\/div>\n\t\t\t<\/div>\t\r\n\t<div class=\"sc_services_item_info\">\r\n\t\t\t\t<div class=\"sc_services_item_header\">\r\n\t\t\t\t\t\t<h5 class=\"sc_services_item_title entry-title\"><a href=\"https:\/\/www.leventuysal.com\/en\/services\/mhp-mersin-milletvekili-uysal-sosyal-medya-bagimliligi-aile-baglarimizi-ve-toplumsal-degerlerimizi-tehdit-ediyor\/\">MHP Mersin Milletvekili Uysal: Sosyal Medya Ba\u011f\u0131ml\u0131l\u0131\u011f\u0131 Aile Ba\u011flar\u0131m\u0131z\u0131 ve Toplumsal De\u011ferlerimizi Tehdit Ediyor<\/a><\/h5>\r\n\t\t\t\t\t\t\t\t<\/div>\r\n\t\t\t\t<\/div>\r\n<\/div>\r\n<\/div><div class=\"trx_addons_column-1_3\"><div data-post-id=\"4620\" class=\"sc_services_item no_links without_content with_image sc_services_item_featured_top post-4620 cpt_services type-cpt_services status-publish has-post-thumbnail hentry cpt_services_group-haberler\">\r\n\t<div class=\"post_featured with_thumb hover_icon sc_services_item_thumb\"><img decoding=\"async\" width=\"1540\" height=\"866\" src=\"https:\/\/www.leventuysal.com\/wp-content\/uploads\/2025\/01\/levent-Uysal-1540x866.jpeg\" class=\"attachment-rightway-thumb-big size-rightway-thumb-big wp-post-image\" alt=\"\" srcset=\"https:\/\/www.leventuysal.com\/wp-content\/uploads\/2025\/01\/levent-Uysal-1540x866.jpeg 1540w, https:\/\/www.leventuysal.com\/wp-content\/uploads\/2025\/01\/levent-Uysal-1170x658.jpeg 1170w, https:\/\/www.leventuysal.com\/wp-content\/uploads\/2025\/01\/levent-Uysal-370x208.jpeg 370w, https:\/\/www.leventuysal.com\/wp-content\/uploads\/2025\/01\/levent-Uysal-270x152.jpeg 270w\" sizes=\"(max-width: 1540px) 100vw, 1540px\" \/>\t\t\t\t\t\t<div class=\"mask\"><\/div>\n\t\t\t\t\t\t\t\t\t<div class=\"icons\"><a href=\"https:\/\/www.leventuysal.com\/en\/services\/mersinin-kurtulusunun-103-yilinda-milletvekili-levent-uysaldan-anlamli-mesaj\/\"  aria-hidden=\"true\" class=\"icon-add-plus-button\"><\/a><\/div>\n\t\t\t<\/div>\t\r\n\t<div class=\"sc_services_item_info\">\r\n\t\t\t\t<div class=\"sc_services_item_header\">\r\n\t\t\t\t\t\t<h5 class=\"sc_services_item_title entry-title\"><a href=\"https:\/\/www.leventuysal.com\/en\/services\/mersinin-kurtulusunun-103-yilinda-milletvekili-levent-uysaldan-anlamli-mesaj\/\">Mersin\u2019in Kurtulu\u015funun 103. Y\u0131l\u0131nda Milletvekili Levent Uysal\u2019dan Anlaml\u0131 Mesaj<\/a><\/h5>\r\n\t\t\t\t\t\t\t\t<\/div>\r\n\t\t\t\t<\/div>\r\n<\/div>\r\n<\/div><div class=\"trx_addons_column-1_3\"><div data-post-id=\"4551\" class=\"sc_services_item no_links without_content with_image sc_services_item_featured_top post-4551 cpt_services type-cpt_services status-publish has-post-thumbnail hentry cpt_services_group-haberler\">\r\n\t<div class=\"post_featured with_thumb hover_icon sc_services_item_thumb\"><img decoding=\"async\" width=\"1480\" height=\"832\" src=\"https:\/\/www.leventuysal.com\/wp-content\/uploads\/2024\/11\/h1.jpeg\" class=\"attachment-rightway-thumb-big size-rightway-thumb-big wp-post-image\" alt=\"\" srcset=\"https:\/\/www.leventuysal.com\/wp-content\/uploads\/2024\/11\/h1.jpeg 1480w, https:\/\/www.leventuysal.com\/wp-content\/uploads\/2024\/11\/h1-300x169.jpeg 300w, https:\/\/www.leventuysal.com\/wp-content\/uploads\/2024\/11\/h1-1024x576.jpeg 1024w, https:\/\/www.leventuysal.com\/wp-content\/uploads\/2024\/11\/h1-768x432.jpeg 768w, https:\/\/www.leventuysal.com\/wp-content\/uploads\/2024\/11\/h1-370x208.jpeg 370w, https:\/\/www.leventuysal.com\/wp-content\/uploads\/2024\/11\/h1-1170x658.jpeg 1170w, https:\/\/www.leventuysal.com\/wp-content\/uploads\/2024\/11\/h1-1420x798.jpeg 1420w, https:\/\/www.leventuysal.com\/wp-content\/uploads\/2024\/11\/h1-270x152.jpeg 270w\" sizes=\"(max-width: 1480px) 100vw, 1480px\" \/>\t\t\t\t\t\t<div class=\"mask\"><\/div>\n\t\t\t\t\t\t\t\t\t<div class=\"icons\"><a href=\"https:\/\/www.leventuysal.com\/en\/services\/mhp-mersin-milletvekili-uysaldan-uyusturucuya-karsi-seferberlik-cagrisi-genclerimiz-tehdit-altinda-acil-onlem-almaliyiz\/\"  aria-hidden=\"true\" class=\"icon-add-plus-button\"><\/a><\/div>\n\t\t\t<\/div>\t\r\n\t<div class=\"sc_services_item_info\">\r\n\t\t\t\t<div class=\"sc_services_item_header\">\r\n\t\t\t\t\t\t<h5 class=\"sc_services_item_title entry-title\"><a href=\"https:\/\/www.leventuysal.com\/en\/services\/mhp-mersin-milletvekili-uysaldan-uyusturucuya-karsi-seferberlik-cagrisi-genclerimiz-tehdit-altinda-acil-onlem-almaliyiz\/\">MHP Mersin Milletvekili Uysal\u2019dan Uyu\u015fturucuya Kar\u015f\u0131 Seferberlik \u00c7a\u011fr\u0131s\u0131: Gen\u00e7lerimiz Tehdit Alt\u0131nda, Acil \u00d6nlem Almal\u0131y\u0131z<\/a><\/h5>\r\n\t\t\t\t\t\t\t\t<\/div>\r\n\t\t\t\t<\/div>\r\n<\/div>\r\n<\/div><div class=\"trx_addons_column-1_3\"><div data-post-id=\"4478\" class=\"sc_services_item no_links without_content with_image sc_services_item_featured_top post-4478 cpt_services type-cpt_services status-publish has-post-thumbnail hentry cpt_services_group-haberler cpt_services_group-internationa\">\r\n\t<div class=\"post_featured with_thumb hover_icon sc_services_item_thumb\"><img loading=\"lazy\" decoding=\"async\" width=\"1540\" height=\"866\" src=\"https:\/\/www.leventuysal.com\/wp-content\/uploads\/2024\/10\/u5-1540x866.webp\" class=\"attachment-rightway-thumb-big size-rightway-thumb-big wp-post-image\" alt=\"\" srcset=\"https:\/\/www.leventuysal.com\/wp-content\/uploads\/2024\/10\/u5-1540x866.webp 1540w, https:\/\/www.leventuysal.com\/wp-content\/uploads\/2024\/10\/u5-1170x658.webp 1170w, https:\/\/www.leventuysal.com\/wp-content\/uploads\/2024\/10\/u5-370x208.webp 370w, https:\/\/www.leventuysal.com\/wp-content\/uploads\/2024\/10\/u5-270x152.webp 270w\" sizes=\"(max-width: 1540px) 100vw, 1540px\" \/>\t\t\t\t\t\t<div class=\"mask\"><\/div>\n\t\t\t\t\t\t\t\t\t<div class=\"icons\"><a href=\"https:\/\/www.leventuysal.com\/en\/services\/presidency-of-the-republic-of-turkiye-albania-and-serbia-program\/\"  aria-hidden=\"true\" class=\"icon-add-plus-button\"><\/a><\/div>\n\t\t\t<\/div>\t\r\n\t<div class=\"sc_services_item_info\">\r\n\t\t\t\t<div class=\"sc_services_item_header\">\r\n\t\t\t\t\t\t<h5 class=\"sc_services_item_title entry-title\"><a href=\"https:\/\/www.leventuysal.com\/en\/services\/presidency-of-the-republic-of-turkiye-albania-and-serbia-program\/\">Presidency of The Republic of T\u00fcrkiye Albania and Serbia Program<\/a><\/h5>\r\n\t\t\t\t\t\t\t\t<\/div>\r\n\t\t\t\t<\/div>\r\n<\/div>\r\n<\/div><div class=\"trx_addons_column-1_3\"><div data-post-id=\"4477\" class=\"sc_services_item no_links without_content with_image sc_services_item_featured_top post-4477 cpt_services type-cpt_services status-publish has-post-thumbnail hentry cpt_services_group-haberler cpt_services_group-internationa\">\r\n\t<div class=\"post_featured with_thumb hover_icon sc_services_item_thumb\"><img loading=\"lazy\" decoding=\"async\" width=\"1540\" height=\"866\" src=\"https:\/\/www.leventuysal.com\/wp-content\/uploads\/2024\/10\/u4-1540x866.webp\" class=\"attachment-rightway-thumb-big size-rightway-thumb-big wp-post-image\" alt=\"\" srcset=\"https:\/\/www.leventuysal.com\/wp-content\/uploads\/2024\/10\/u4-1540x866.webp 1540w, https:\/\/www.leventuysal.com\/wp-content\/uploads\/2024\/10\/u4-1170x658.webp 1170w, https:\/\/www.leventuysal.com\/wp-content\/uploads\/2024\/10\/u4-370x208.webp 370w, https:\/\/www.leventuysal.com\/wp-content\/uploads\/2024\/10\/u4-270x152.webp 270w\" sizes=\"(max-width: 1540px) 100vw, 1540px\" \/>\t\t\t\t\t\t<div class=\"mask\"><\/div>\n\t\t\t\t\t\t\t\t\t<div class=\"icons\"><a href=\"https:\/\/www.leventuysal.com\/en\/services\/united-nations-78th-general-assembly-program\/\"  aria-hidden=\"true\" class=\"icon-add-plus-button\"><\/a><\/div>\n\t\t\t<\/div>\t\r\n\t<div class=\"sc_services_item_info\">\r\n\t\t\t\t<div class=\"sc_services_item_header\">\r\n\t\t\t\t\t\t<h5 class=\"sc_services_item_title entry-title\"><a href=\"https:\/\/www.leventuysal.com\/en\/services\/united-nations-78th-general-assembly-program\/\">United Nations 78th General Assembly Program<\/a><\/h5>\r\n\t\t\t\t\t\t\t\t<\/div>\r\n\t\t\t\t<\/div>\r\n<\/div>\r\n<\/div><div class=\"trx_addons_column-1_3\"><div data-post-id=\"4476\" class=\"sc_services_item no_links without_content with_image sc_services_item_featured_top post-4476 cpt_services type-cpt_services status-publish has-post-thumbnail hentry cpt_services_group-haberler cpt_services_group-internationa\">\r\n\t<div class=\"post_featured with_thumb hover_icon sc_services_item_thumb\"><img loading=\"lazy\" decoding=\"async\" width=\"1540\" height=\"866\" src=\"https:\/\/www.leventuysal.com\/wp-content\/uploads\/2024\/10\/u3-1540x866.webp\" class=\"attachment-rightway-thumb-big size-rightway-thumb-big wp-post-image\" alt=\"\" srcset=\"https:\/\/www.leventuysal.com\/wp-content\/uploads\/2024\/10\/u3-1540x866.webp 1540w, https:\/\/www.leventuysal.com\/wp-content\/uploads\/2024\/10\/u3-1170x658.webp 1170w, https:\/\/www.leventuysal.com\/wp-content\/uploads\/2024\/10\/u3-370x208.webp 370w, https:\/\/www.leventuysal.com\/wp-content\/uploads\/2024\/10\/u3-270x152.webp 270w\" sizes=\"(max-width: 1540px) 100vw, 1540px\" \/>\t\t\t\t\t\t<div class=\"mask\"><\/div>\n\t\t\t\t\t\t\t\t\t<div class=\"icons\"><a href=\"https:\/\/www.leventuysal.com\/en\/services\/parliamentary-assembly-of-the-mediterranean-18th-general-assembly-program-portugal\/\"  aria-hidden=\"true\" class=\"icon-add-plus-button\"><\/a><\/div>\n\t\t\t<\/div>\t\r\n\t<div class=\"sc_services_item_info\">\r\n\t\t\t\t<div class=\"sc_services_item_header\">\r\n\t\t\t\t\t\t<h5 class=\"sc_services_item_title entry-title\"><a href=\"https:\/\/www.leventuysal.com\/en\/services\/parliamentary-assembly-of-the-mediterranean-18th-general-assembly-program-portugal\/\">Parliamentary Assembly of The Mediterranean 18th General Assembly Program \u2013 Portugal<\/a><\/h5>\r\n\t\t\t\t\t\t\t\t<\/div>\r\n\t\t\t\t<\/div>\r\n<\/div>\r\n<\/div><div class=\"trx_addons_column-1_3\"><div data-post-id=\"4475\" class=\"sc_services_item no_links without_content with_image sc_services_item_featured_top post-4475 cpt_services type-cpt_services status-publish has-post-thumbnail hentry cpt_services_group-haberler cpt_services_group-internationa\">\r\n\t<div class=\"post_featured with_thumb hover_icon sc_services_item_thumb\"><img loading=\"lazy\" decoding=\"async\" width=\"1540\" height=\"866\" src=\"https:\/\/www.leventuysal.com\/wp-content\/uploads\/2024\/10\/u2-1540x866.webp\" class=\"attachment-rightway-thumb-big size-rightway-thumb-big wp-post-image\" alt=\"\" srcset=\"https:\/\/www.leventuysal.com\/wp-content\/uploads\/2024\/10\/u2-1540x866.webp 1540w, https:\/\/www.leventuysal.com\/wp-content\/uploads\/2024\/10\/u2-1170x658.webp 1170w, https:\/\/www.leventuysal.com\/wp-content\/uploads\/2024\/10\/u2-370x208.webp 370w, https:\/\/www.leventuysal.com\/wp-content\/uploads\/2024\/10\/u2-270x152.webp 270w\" sizes=\"(max-width: 1540px) 100vw, 1540px\" \/>\t\t\t\t\t\t<div class=\"mask\"><\/div>\n\t\t\t\t\t\t\t\t\t<div class=\"icons\"><a href=\"https:\/\/www.leventuysal.com\/en\/services\/parliamentary-assembly-of-the-union-for-the-mediterranean-17th-general-assembly-program-morocco\/\"  aria-hidden=\"true\" class=\"icon-add-plus-button\"><\/a><\/div>\n\t\t\t<\/div>\t\r\n\t<div class=\"sc_services_item_info\">\r\n\t\t\t\t<div class=\"sc_services_item_header\">\r\n\t\t\t\t\t\t<h5 class=\"sc_services_item_title entry-title\"><a href=\"https:\/\/www.leventuysal.com\/en\/services\/parliamentary-assembly-of-the-union-for-the-mediterranean-17th-general-assembly-program-morocco\/\">Parliamentary Assembly of The Union For The Mediterranean 17th General Assembly Program \u2013 Morocco<\/a><\/h5>\r\n\t\t\t\t\t\t\t\t<\/div>\r\n\t\t\t\t<\/div>\r\n<\/div>\r\n<\/div><div class=\"trx_addons_column-1_3\"><div data-post-id=\"4474\" class=\"sc_services_item no_links without_content with_image sc_services_item_featured_top post-4474 cpt_services type-cpt_services status-publish has-post-thumbnail hentry cpt_services_group-haberler cpt_services_group-internationa\">\r\n\t<div class=\"post_featured with_thumb hover_icon sc_services_item_thumb\"><img loading=\"lazy\" decoding=\"async\" width=\"1540\" height=\"866\" src=\"https:\/\/www.leventuysal.com\/wp-content\/uploads\/2024\/10\/u1-1540x866.webp\" class=\"attachment-rightway-thumb-big size-rightway-thumb-big wp-post-image\" alt=\"\" srcset=\"https:\/\/www.leventuysal.com\/wp-content\/uploads\/2024\/10\/u1-1540x866.webp 1540w, https:\/\/www.leventuysal.com\/wp-content\/uploads\/2024\/10\/u1-1170x658.webp 1170w, https:\/\/www.leventuysal.com\/wp-content\/uploads\/2024\/10\/u1-370x208.webp 370w, https:\/\/www.leventuysal.com\/wp-content\/uploads\/2024\/10\/u1-270x152.webp 270w\" sizes=\"(max-width: 1540px) 100vw, 1540px\" \/>\t\t\t\t\t\t<div class=\"mask\"><\/div>\n\t\t\t\t\t\t\t\t\t<div class=\"icons\"><a href=\"https:\/\/www.leventuysal.com\/en\/services\/united-nations-18th-internet-governance-forum-program-japan\/\"  aria-hidden=\"true\" class=\"icon-add-plus-button\"><\/a><\/div>\n\t\t\t<\/div>\t\r\n\t<div class=\"sc_services_item_info\">\r\n\t\t\t\t<div class=\"sc_services_item_header\">\r\n\t\t\t\t\t\t<h5 class=\"sc_services_item_title entry-title\"><a href=\"https:\/\/www.leventuysal.com\/en\/services\/united-nations-18th-internet-governance-forum-program-japan\/\">United Nations 18th Internet Governance Forum Program &#8211; Japan<\/a><\/h5>\r\n\t\t\t\t\t\t\t\t<\/div>\r\n\t\t\t\t<\/div>\r\n<\/div>\r\n<\/div><div class=\"trx_addons_column-1_3\"><div data-post-id=\"3716\" class=\"sc_services_item no_links without_content with_image sc_services_item_featured_top post-3716 cpt_services type-cpt_services status-publish has-post-thumbnail hentry cpt_services_group-haberler\">\r\n\t<div class=\"post_featured with_thumb hover_icon sc_services_item_thumb\"><img loading=\"lazy\" decoding=\"async\" width=\"1540\" height=\"866\" src=\"https:\/\/www.leventuysal.com\/wp-content\/uploads\/2024\/10\/h6-1540x866.webp\" class=\"attachment-rightway-thumb-big size-rightway-thumb-big wp-post-image\" alt=\"\" srcset=\"https:\/\/www.leventuysal.com\/wp-content\/uploads\/2024\/10\/h6-1540x866.webp 1540w, https:\/\/www.leventuysal.com\/wp-content\/uploads\/2024\/10\/h6-1170x658.webp 1170w, https:\/\/www.leventuysal.com\/wp-content\/uploads\/2024\/10\/h6-370x208.webp 370w, https:\/\/www.leventuysal.com\/wp-content\/uploads\/2024\/10\/h6-270x152.webp 270w\" sizes=\"(max-width: 1540px) 100vw, 1540px\" \/>\t\t\t\t\t\t<div class=\"mask\"><\/div>\n\t\t\t\t\t\t\t\t\t<div class=\"icons\"><a href=\"https:\/\/www.leventuysal.com\/en\/services\/mersin-milletvekili-dr-levent-uysal-dijital-telif-eseri-ve-sanatcinin-emegini-korur\/\"  aria-hidden=\"true\" class=\"icon-add-plus-button\"><\/a><\/div>\n\t\t\t<\/div>\t\r\n\t<div class=\"sc_services_item_info\">\r\n\t\t\t\t<div class=\"sc_services_item_header\">\r\n\t\t\t\t\t\t<h5 class=\"sc_services_item_title entry-title\"><a href=\"https:\/\/www.leventuysal.com\/en\/services\/mersin-milletvekili-dr-levent-uysal-dijital-telif-eseri-ve-sanatcinin-emegini-korur\/\">Mersin Milletvekili Dr. Levent Uysal: Dijital Telif, Eseri Ve Sanat\u00e7\u0131n\u0131n Eme\u011fini Korur<\/a><\/h5>\r\n\t\t\t\t\t\t\t\t<\/div>\r\n\t\t\t\t<\/div>\r\n<\/div>\r\n<\/div><div class=\"trx_addons_column-1_3\"><div data-post-id=\"3782\" class=\"sc_services_item no_links without_content with_image sc_services_item_featured_top post-3782 cpt_services type-cpt_services status-publish has-post-thumbnail hentry cpt_services_group-haberler\">\r\n\t<div class=\"post_featured with_thumb hover_icon sc_services_item_thumb\"><img loading=\"lazy\" decoding=\"async\" width=\"1540\" height=\"866\" src=\"https:\/\/www.leventuysal.com\/wp-content\/uploads\/2024\/10\/h7-1540x866.webp\" class=\"attachment-rightway-thumb-big size-rightway-thumb-big wp-post-image\" alt=\"\" srcset=\"https:\/\/www.leventuysal.com\/wp-content\/uploads\/2024\/10\/h7-1540x866.webp 1540w, https:\/\/www.leventuysal.com\/wp-content\/uploads\/2024\/10\/h7-1170x658.webp 1170w, https:\/\/www.leventuysal.com\/wp-content\/uploads\/2024\/10\/h7-370x208.webp 370w, https:\/\/www.leventuysal.com\/wp-content\/uploads\/2024\/10\/h7-270x152.webp 270w\" sizes=\"(max-width: 1540px) 100vw, 1540px\" \/>\t\t\t\t\t\t<div class=\"mask\"><\/div>\n\t\t\t\t\t\t\t\t\t<div class=\"icons\"><a href=\"https:\/\/www.leventuysal.com\/en\/services\/mhp-mersin-milletvekili-ve-myk-uyesi-dr-levent-uysaldan-23-nisan-mesaji\/\"  aria-hidden=\"true\" class=\"icon-add-plus-button\"><\/a><\/div>\n\t\t\t<\/div>\t\r\n\t<div class=\"sc_services_item_info\">\r\n\t\t\t\t<div class=\"sc_services_item_header\">\r\n\t\t\t\t\t\t<h5 class=\"sc_services_item_title entry-title\"><a href=\"https:\/\/www.leventuysal.com\/en\/services\/mhp-mersin-milletvekili-ve-myk-uyesi-dr-levent-uysaldan-23-nisan-mesaji\/\">MHP Mersin Milletvekili Ve Myk \u00dcyesi Dr. Levent Uysal\u2019dan 23 Nisan Mesaj\u0131<\/a><\/h5>\r\n\t\t\t\t\t\t\t\t<\/div>\r\n\t\t\t\t<\/div>\r\n<\/div>\r\n<\/div><div class=\"trx_addons_column-1_3\"><div data-post-id=\"3785\" class=\"sc_services_item no_links without_content with_image sc_services_item_featured_top post-3785 cpt_services type-cpt_services status-publish has-post-thumbnail hentry cpt_services_group-haberler\">\r\n\t<div class=\"post_featured with_thumb hover_icon sc_services_item_thumb\"><img loading=\"lazy\" decoding=\"async\" width=\"1540\" height=\"866\" src=\"https:\/\/www.leventuysal.com\/wp-content\/uploads\/2024\/10\/h8-1540x866.webp\" class=\"attachment-rightway-thumb-big size-rightway-thumb-big wp-post-image\" alt=\"\" srcset=\"https:\/\/www.leventuysal.com\/wp-content\/uploads\/2024\/10\/h8-1540x866.webp 1540w, https:\/\/www.leventuysal.com\/wp-content\/uploads\/2024\/10\/h8-1170x658.webp 1170w, https:\/\/www.leventuysal.com\/wp-content\/uploads\/2024\/10\/h8-370x208.webp 370w, https:\/\/www.leventuysal.com\/wp-content\/uploads\/2024\/10\/h8-270x152.webp 270w\" sizes=\"(max-width: 1540px) 100vw, 1540px\" \/>\t\t\t\t\t\t<div class=\"mask\"><\/div>\n\t\t\t\t\t\t\t\t\t<div class=\"icons\"><a href=\"https:\/\/www.leventuysal.com\/en\/services\/milliyetci-hareket-partisi-mersin-milletvekili-ve-myk-uyesi-dr-levent-uysal-ramazan-bayrami-dolayisiyla-bir-kutlama-mesaji-yayimladi\/\"  aria-hidden=\"true\" class=\"icon-add-plus-button\"><\/a><\/div>\n\t\t\t<\/div>\t\r\n\t<div class=\"sc_services_item_info\">\r\n\t\t\t\t<div class=\"sc_services_item_header\">\r\n\t\t\t\t\t\t<h5 class=\"sc_services_item_title entry-title\"><a href=\"https:\/\/www.leventuysal.com\/en\/services\/milliyetci-hareket-partisi-mersin-milletvekili-ve-myk-uyesi-dr-levent-uysal-ramazan-bayrami-dolayisiyla-bir-kutlama-mesaji-yayimladi\/\">Milliyet\u00e7i Hareket Partisi Mersin Milletvekili ve MYK \u00dcyesi Dr. Levent Uysal, Ramazan Bayram\u0131 dolay\u0131s\u0131yla bir kutlama mesaj\u0131 yay\u0131mlad\u0131.<\/a><\/h5>\r\n\t\t\t\t\t\t\t\t<\/div>\r\n\t\t\t\t<\/div>\r\n<\/div>\r\n<\/div><div class=\"trx_addons_column-1_3\"><div data-post-id=\"3788\" class=\"sc_services_item no_links without_content with_image sc_services_item_featured_top post-3788 cpt_services type-cpt_services status-publish has-post-thumbnail hentry cpt_services_group-haberler\">\r\n\t<div class=\"post_featured with_thumb hover_icon sc_services_item_thumb\"><img loading=\"lazy\" decoding=\"async\" width=\"1540\" height=\"866\" src=\"https:\/\/www.leventuysal.com\/wp-content\/uploads\/2024\/10\/h9-1540x866.webp\" class=\"attachment-rightway-thumb-big size-rightway-thumb-big wp-post-image\" alt=\"\" srcset=\"https:\/\/www.leventuysal.com\/wp-content\/uploads\/2024\/10\/h9-1540x866.webp 1540w, https:\/\/www.leventuysal.com\/wp-content\/uploads\/2024\/10\/h9-1170x658.webp 1170w, https:\/\/www.leventuysal.com\/wp-content\/uploads\/2024\/10\/h9-370x208.webp 370w, https:\/\/www.leventuysal.com\/wp-content\/uploads\/2024\/10\/h9-270x152.webp 270w\" sizes=\"(max-width: 1540px) 100vw, 1540px\" \/>\t\t\t\t\t\t<div class=\"mask\"><\/div>\n\t\t\t\t\t\t\t\t\t<div class=\"icons\"><a href=\"https:\/\/www.leventuysal.com\/en\/services\/mhp-mersin-milletvekili-ve-myk-uyesi-uysaldan-dernek-ve-odalara-ziyaret\/\"  aria-hidden=\"true\" class=\"icon-add-plus-button\"><\/a><\/div>\n\t\t\t<\/div>\t\r\n\t<div class=\"sc_services_item_info\">\r\n\t\t\t\t<div class=\"sc_services_item_header\">\r\n\t\t\t\t\t\t<h5 class=\"sc_services_item_title entry-title\"><a href=\"https:\/\/www.leventuysal.com\/en\/services\/mhp-mersin-milletvekili-ve-myk-uyesi-uysaldan-dernek-ve-odalara-ziyaret\/\">MHP Mersin Milletvekili Ve Myk \u00dcyesi Uysal\u2019dan Dernek Ve Odalara Ziyaret<\/a><\/h5>\r\n\t\t\t\t\t\t\t\t<\/div>\r\n\t\t\t\t<\/div>\r\n<\/div>\r\n<\/div><div class=\"trx_addons_column-1_3\"><div data-post-id=\"3790\" class=\"sc_services_item no_links without_content with_image sc_services_item_featured_top post-3790 cpt_services type-cpt_services status-publish has-post-thumbnail hentry cpt_services_group-haberler\">\r\n\t<div class=\"post_featured with_thumb hover_icon sc_services_item_thumb\"><img loading=\"lazy\" decoding=\"async\" width=\"1540\" height=\"866\" src=\"https:\/\/www.leventuysal.com\/wp-content\/uploads\/2024\/10\/h10-1540x866.webp\" class=\"attachment-rightway-thumb-big size-rightway-thumb-big wp-post-image\" alt=\"\" srcset=\"https:\/\/www.leventuysal.com\/wp-content\/uploads\/2024\/10\/h10-1540x866.webp 1540w, https:\/\/www.leventuysal.com\/wp-content\/uploads\/2024\/10\/h10-1170x658.webp 1170w, https:\/\/www.leventuysal.com\/wp-content\/uploads\/2024\/10\/h10-370x208.webp 370w, https:\/\/www.leventuysal.com\/wp-content\/uploads\/2024\/10\/h10-270x152.webp 270w\" sizes=\"(max-width: 1540px) 100vw, 1540px\" \/>\t\t\t\t\t\t<div class=\"mask\"><\/div>\n\t\t\t\t\t\t\t\t\t<div class=\"icons\"><a href=\"https:\/\/www.leventuysal.com\/en\/services\/mhp-mersin-milletvekili-dr-levent-uysaldan-8-mart-dunya-kadinlar-gunu-kutlamasi\/\"  aria-hidden=\"true\" class=\"icon-add-plus-button\"><\/a><\/div>\n\t\t\t<\/div>\t\r\n\t<div class=\"sc_services_item_info\">\r\n\t\t\t\t<div class=\"sc_services_item_header\">\r\n\t\t\t\t\t\t<h5 class=\"sc_services_item_title entry-title\"><a href=\"https:\/\/www.leventuysal.com\/en\/services\/mhp-mersin-milletvekili-dr-levent-uysaldan-8-mart-dunya-kadinlar-gunu-kutlamasi\/\">MHP Mersin Milletvekili Dr. Levent Uysal\u2019dan 8 Mart D\u00fcnya Kad\u0131nlar G\u00fcn\u00fc Kutlamas\u0131<\/a><\/h5>\r\n\t\t\t\t\t\t\t\t<\/div>\r\n\t\t\t\t<\/div>\r\n<\/div>\r\n<\/div><div class=\"trx_addons_column-1_3\"><div data-post-id=\"3793\" class=\"sc_services_item no_links without_content with_image sc_services_item_featured_top post-3793 cpt_services type-cpt_services status-publish has-post-thumbnail hentry cpt_services_group-haberler\">\r\n\t<div class=\"post_featured with_thumb hover_icon sc_services_item_thumb\"><img loading=\"lazy\" decoding=\"async\" width=\"1540\" height=\"866\" src=\"https:\/\/www.leventuysal.com\/wp-content\/uploads\/2024\/10\/h11-1540x866.webp\" class=\"attachment-rightway-thumb-big size-rightway-thumb-big wp-post-image\" alt=\"\" srcset=\"https:\/\/www.leventuysal.com\/wp-content\/uploads\/2024\/10\/h11-1540x866.webp 1540w, https:\/\/www.leventuysal.com\/wp-content\/uploads\/2024\/10\/h11-1170x658.webp 1170w, https:\/\/www.leventuysal.com\/wp-content\/uploads\/2024\/10\/h11-370x208.webp 370w, https:\/\/www.leventuysal.com\/wp-content\/uploads\/2024\/10\/h11-270x152.webp 270w\" sizes=\"(max-width: 1540px) 100vw, 1540px\" \/>\t\t\t\t\t\t<div class=\"mask\"><\/div>\n\t\t\t\t\t\t\t\t\t<div class=\"icons\"><a href=\"https:\/\/www.leventuysal.com\/en\/services\/mhpli-uysal-cumhurun-gucu-tarsus-halkina-hizmete-donusecek\/\"  aria-hidden=\"true\" class=\"icon-add-plus-button\"><\/a><\/div>\n\t\t\t<\/div>\t\r\n\t<div class=\"sc_services_item_info\">\r\n\t\t\t\t<div class=\"sc_services_item_header\">\r\n\t\t\t\t\t\t<h5 class=\"sc_services_item_title entry-title\"><a href=\"https:\/\/www.leventuysal.com\/en\/services\/mhpli-uysal-cumhurun-gucu-tarsus-halkina-hizmete-donusecek\/\">MHP\u2019li Uysal: Cumhur\u2019un G\u00fcc\u00fc Tarsus Halk\u0131na Hizmete D\u00f6n\u00fc\u015fecek<\/a><\/h5>\r\n\t\t\t\t\t\t\t\t<\/div>\r\n\t\t\t\t<\/div>\r\n<\/div>\r\n<\/div><div class=\"trx_addons_column-1_3\"><div data-post-id=\"3796\" class=\"sc_services_item no_links without_content with_image sc_services_item_featured_top post-3796 cpt_services type-cpt_services status-publish has-post-thumbnail hentry cpt_services_group-haberler\">\r\n\t<div class=\"post_featured with_thumb hover_icon sc_services_item_thumb\"><img loading=\"lazy\" decoding=\"async\" width=\"1540\" height=\"866\" src=\"https:\/\/www.leventuysal.com\/wp-content\/uploads\/2024\/10\/h12-1540x866.webp\" class=\"attachment-rightway-thumb-big size-rightway-thumb-big wp-post-image\" alt=\"\" srcset=\"https:\/\/www.leventuysal.com\/wp-content\/uploads\/2024\/10\/h12-1540x866.webp 1540w, https:\/\/www.leventuysal.com\/wp-content\/uploads\/2024\/10\/h12-1170x658.webp 1170w, https:\/\/www.leventuysal.com\/wp-content\/uploads\/2024\/10\/h12-370x208.webp 370w, https:\/\/www.leventuysal.com\/wp-content\/uploads\/2024\/10\/h12-270x152.webp 270w\" sizes=\"(max-width: 1540px) 100vw, 1540px\" \/>\t\t\t\t\t\t<div class=\"mask\"><\/div>\n\t\t\t\t\t\t\t\t\t<div class=\"icons\"><a href=\"https:\/\/www.leventuysal.com\/en\/services\/milletvekili-uysal-tarsus-tsoyu-ziyaret-etti\/\"  aria-hidden=\"true\" class=\"icon-add-plus-button\"><\/a><\/div>\n\t\t\t<\/div>\t\r\n\t<div class=\"sc_services_item_info\">\r\n\t\t\t\t<div class=\"sc_services_item_header\">\r\n\t\t\t\t\t\t<h5 class=\"sc_services_item_title entry-title\"><a href=\"https:\/\/www.leventuysal.com\/en\/services\/milletvekili-uysal-tarsus-tsoyu-ziyaret-etti\/\">Milletvekili Uysal Tarsus TSO\u2019yu Ziyaret Etti<\/a><\/h5>\r\n\t\t\t\t\t\t\t\t<\/div>\r\n\t\t\t\t<\/div>\r\n<\/div>\r\n<\/div><div class=\"trx_addons_column-1_3\"><div data-post-id=\"3799\" class=\"sc_services_item no_links without_content with_image sc_services_item_featured_top post-3799 cpt_services type-cpt_services status-publish has-post-thumbnail hentry cpt_services_group-haberler\">\r\n\t<div class=\"post_featured with_thumb hover_icon sc_services_item_thumb\"><img loading=\"lazy\" decoding=\"async\" width=\"1540\" height=\"866\" src=\"https:\/\/www.leventuysal.com\/wp-content\/uploads\/2024\/10\/h13-1540x866.webp\" class=\"attachment-rightway-thumb-big size-rightway-thumb-big wp-post-image\" alt=\"\" srcset=\"https:\/\/www.leventuysal.com\/wp-content\/uploads\/2024\/10\/h13-1540x866.webp 1540w, https:\/\/www.leventuysal.com\/wp-content\/uploads\/2024\/10\/h13-1170x658.webp 1170w, https:\/\/www.leventuysal.com\/wp-content\/uploads\/2024\/10\/h13-370x208.webp 370w, https:\/\/www.leventuysal.com\/wp-content\/uploads\/2024\/10\/h13-270x152.webp 270w\" sizes=\"(max-width: 1540px) 100vw, 1540px\" \/>\t\t\t\t\t\t<div class=\"mask\"><\/div>\n\t\t\t\t\t\t\t\t\t<div class=\"icons\"><a href=\"https:\/\/www.leventuysal.com\/en\/services\/levent-uysal-mersini-marka-kent-yapacagiz\/\"  aria-hidden=\"true\" class=\"icon-add-plus-button\"><\/a><\/div>\n\t\t\t<\/div>\t\r\n\t<div class=\"sc_services_item_info\">\r\n\t\t\t\t<div class=\"sc_services_item_header\">\r\n\t\t\t\t\t\t<h5 class=\"sc_services_item_title entry-title\"><a href=\"https:\/\/www.leventuysal.com\/en\/services\/levent-uysal-mersini-marka-kent-yapacagiz\/\">Levent Uysal \u201cMersin\u2019i Marka Kent Yapaca\u011f\u0131z\u201d<\/a><\/h5>\r\n\t\t\t\t\t\t\t\t<\/div>\r\n\t\t\t\t<\/div>\r\n<\/div>\r\n<\/div><div class=\"trx_addons_column-1_3\"><div data-post-id=\"3802\" class=\"sc_services_item no_links without_content with_image sc_services_item_featured_top post-3802 cpt_services type-cpt_services status-publish has-post-thumbnail hentry cpt_services_group-haberler\">\r\n\t<div class=\"post_featured with_thumb hover_icon sc_services_item_thumb\"><img loading=\"lazy\" decoding=\"async\" width=\"1540\" height=\"866\" src=\"https:\/\/www.leventuysal.com\/wp-content\/uploads\/2024\/10\/h14-1540x866.webp\" class=\"attachment-rightway-thumb-big size-rightway-thumb-big wp-post-image\" alt=\"\" srcset=\"https:\/\/www.leventuysal.com\/wp-content\/uploads\/2024\/10\/h14-1540x866.webp 1540w, https:\/\/www.leventuysal.com\/wp-content\/uploads\/2024\/10\/h14-1170x658.webp 1170w, https:\/\/www.leventuysal.com\/wp-content\/uploads\/2024\/10\/h14-370x208.webp 370w, https:\/\/www.leventuysal.com\/wp-content\/uploads\/2024\/10\/h14-270x152.webp 270w\" sizes=\"(max-width: 1540px) 100vw, 1540px\" \/>\t\t\t\t\t\t<div class=\"mask\"><\/div>\n\t\t\t\t\t\t\t\t\t<div class=\"icons\"><a href=\"https:\/\/www.leventuysal.com\/en\/services\/dr-levent-uysal-fasta-turkiyeyi-temsil-ediyor\/\"  aria-hidden=\"true\" class=\"icon-add-plus-button\"><\/a><\/div>\n\t\t\t<\/div>\t\r\n\t<div class=\"sc_services_item_info\">\r\n\t\t\t\t<div class=\"sc_services_item_header\">\r\n\t\t\t\t\t\t<h5 class=\"sc_services_item_title entry-title\"><a href=\"https:\/\/www.leventuysal.com\/en\/services\/dr-levent-uysal-fasta-turkiyeyi-temsil-ediyor\/\">Dr. Levent Uysal Fas\u2019ta T\u00fcrkiye\u2019yi temsil ediyor<\/a><\/h5>\r\n\t\t\t\t\t\t\t\t<\/div>\r\n\t\t\t\t<\/div>\r\n<\/div>\r\n<\/div><div class=\"trx_addons_column-1_3\"><div data-post-id=\"3805\" class=\"sc_services_item no_links without_content with_image sc_services_item_featured_top post-3805 cpt_services type-cpt_services status-publish has-post-thumbnail hentry cpt_services_group-haberler\">\r\n\t<div class=\"post_featured with_thumb hover_icon sc_services_item_thumb\"><img loading=\"lazy\" decoding=\"async\" width=\"1540\" height=\"866\" src=\"https:\/\/www.leventuysal.com\/wp-content\/uploads\/2024\/10\/h15-1540x866.webp\" class=\"attachment-rightway-thumb-big size-rightway-thumb-big wp-post-image\" alt=\"\" srcset=\"https:\/\/www.leventuysal.com\/wp-content\/uploads\/2024\/10\/h15-1540x866.webp 1540w, https:\/\/www.leventuysal.com\/wp-content\/uploads\/2024\/10\/h15-1170x658.webp 1170w, https:\/\/www.leventuysal.com\/wp-content\/uploads\/2024\/10\/h15-370x208.webp 370w, https:\/\/www.leventuysal.com\/wp-content\/uploads\/2024\/10\/h15-270x152.webp 270w\" sizes=\"(max-width: 1540px) 100vw, 1540px\" \/>\t\t\t\t\t\t<div class=\"mask\"><\/div>\n\t\t\t\t\t\t\t\t\t<div class=\"icons\"><a href=\"https:\/\/www.leventuysal.com\/en\/services\/mersin-icin-degisim-zamani\/\"  aria-hidden=\"true\" class=\"icon-add-plus-button\"><\/a><\/div>\n\t\t\t<\/div>\t\r\n\t<div class=\"sc_services_item_info\">\r\n\t\t\t\t<div class=\"sc_services_item_header\">\r\n\t\t\t\t\t\t<h5 class=\"sc_services_item_title entry-title\"><a href=\"https:\/\/www.leventuysal.com\/en\/services\/mersin-icin-degisim-zamani\/\">Mersin \u0130\u00e7in De\u011fi\u015fim Zaman\u0131<\/a><\/h5>\r\n\t\t\t\t\t\t\t\t<\/div>\r\n\t\t\t\t<\/div>\r\n<\/div>\r\n<\/div><div class=\"trx_addons_column-1_3\"><div data-post-id=\"3808\" class=\"sc_services_item no_links without_content with_image sc_services_item_featured_top post-3808 cpt_services type-cpt_services status-publish has-post-thumbnail hentry cpt_services_group-haberler\">\r\n\t<div class=\"post_featured with_thumb hover_icon sc_services_item_thumb\"><img loading=\"lazy\" decoding=\"async\" width=\"1540\" height=\"866\" src=\"https:\/\/www.leventuysal.com\/wp-content\/uploads\/2024\/10\/h16-1540x866.webp\" class=\"attachment-rightway-thumb-big size-rightway-thumb-big wp-post-image\" alt=\"\" srcset=\"https:\/\/www.leventuysal.com\/wp-content\/uploads\/2024\/10\/h16-1540x866.webp 1540w, https:\/\/www.leventuysal.com\/wp-content\/uploads\/2024\/10\/h16-1170x658.webp 1170w, https:\/\/www.leventuysal.com\/wp-content\/uploads\/2024\/10\/h16-370x208.webp 370w, https:\/\/www.leventuysal.com\/wp-content\/uploads\/2024\/10\/h16-270x152.webp 270w\" sizes=\"(max-width: 1540px) 100vw, 1540px\" \/>\t\t\t\t\t\t<div class=\"mask\"><\/div>\n\t\t\t\t\t\t\t\t\t<div class=\"icons\"><a href=\"https:\/\/www.leventuysal.com\/en\/services\/mhp-mersin-milletvekili-dr-levent-uysal-tarsusta-canlarin-hizir-lokmasini-paylasti\/\"  aria-hidden=\"true\" class=\"icon-add-plus-button\"><\/a><\/div>\n\t\t\t<\/div>\t\r\n\t<div class=\"sc_services_item_info\">\r\n\t\t\t\t<div class=\"sc_services_item_header\">\r\n\t\t\t\t\t\t<h5 class=\"sc_services_item_title entry-title\"><a href=\"https:\/\/www.leventuysal.com\/en\/services\/mhp-mersin-milletvekili-dr-levent-uysal-tarsusta-canlarin-hizir-lokmasini-paylasti\/\">MHP Mersin Milletvekili Dr. Levent Uysal Tarsus\u2019ta Canlar\u0131n H\u0131z\u0131r Lokmas\u0131n\u0131 Payla\u015ft\u0131<\/a><\/h5>\r\n\t\t\t\t\t\t\t\t<\/div>\r\n\t\t\t\t<\/div>\r\n<\/div>\r\n<\/div><div class=\"trx_addons_column-1_3\"><div data-post-id=\"3811\" class=\"sc_services_item no_links without_content with_image sc_services_item_featured_top post-3811 cpt_services type-cpt_services status-publish has-post-thumbnail hentry cpt_services_group-haberler\">\r\n\t<div class=\"post_featured with_thumb hover_icon sc_services_item_thumb\"><img loading=\"lazy\" decoding=\"async\" width=\"1480\" height=\"832\" src=\"https:\/\/www.leventuysal.com\/wp-content\/uploads\/2024\/10\/h17-1.webp\" class=\"attachment-rightway-thumb-big size-rightway-thumb-big wp-post-image\" alt=\"\" srcset=\"https:\/\/www.leventuysal.com\/wp-content\/uploads\/2024\/10\/h17-1.webp 1480w, https:\/\/www.leventuysal.com\/wp-content\/uploads\/2024\/10\/h17-1-300x169.webp 300w, https:\/\/www.leventuysal.com\/wp-content\/uploads\/2024\/10\/h17-1-1024x576.webp 1024w, https:\/\/www.leventuysal.com\/wp-content\/uploads\/2024\/10\/h17-1-768x432.webp 768w, https:\/\/www.leventuysal.com\/wp-content\/uploads\/2024\/10\/h17-1-370x208.webp 370w, https:\/\/www.leventuysal.com\/wp-content\/uploads\/2024\/10\/h17-1-1170x658.webp 1170w, https:\/\/www.leventuysal.com\/wp-content\/uploads\/2024\/10\/h17-1-1420x798.webp 1420w, https:\/\/www.leventuysal.com\/wp-content\/uploads\/2024\/10\/h17-1-270x152.webp 270w\" sizes=\"(max-width: 1480px) 100vw, 1480px\" \/>\t\t\t\t\t\t<div class=\"mask\"><\/div>\n\t\t\t\t\t\t\t\t\t<div class=\"icons\"><a href=\"https:\/\/www.leventuysal.com\/en\/services\/mhp-mersin-milletvekili-dr-levent-uysal-milliyetci-hareket-partisinin-55-kurulus-yil-donumu-dolayisiyla-kutlama-mesaji-yayimladi\/\"  aria-hidden=\"true\" class=\"icon-add-plus-button\"><\/a><\/div>\n\t\t\t<\/div>\t\r\n\t<div class=\"sc_services_item_info\">\r\n\t\t\t\t<div class=\"sc_services_item_header\">\r\n\t\t\t\t\t\t<h5 class=\"sc_services_item_title entry-title\"><a href=\"https:\/\/www.leventuysal.com\/en\/services\/mhp-mersin-milletvekili-dr-levent-uysal-milliyetci-hareket-partisinin-55-kurulus-yil-donumu-dolayisiyla-kutlama-mesaji-yayimladi\/\">MHP Mersin Milletvekili Dr. Levent Uysal, Milliyet\u00e7i Hareket Partisi\u2019nin 55. Kurulu\u015f y\u0131l d\u00f6n\u00fcm\u00fc dolay\u0131s\u0131yla kutlama mesaj\u0131 yay\u0131mlad\u0131.<\/a><\/h5>\r\n\t\t\t\t\t\t\t\t<\/div>\r\n\t\t\t\t<\/div>\r\n<\/div>\r\n<\/div><div class=\"trx_addons_column-1_3\"><div data-post-id=\"3814\" class=\"sc_services_item no_links without_content with_image sc_services_item_featured_top post-3814 cpt_services type-cpt_services status-publish has-post-thumbnail hentry cpt_services_group-haberler\">\r\n\t<div class=\"post_featured with_thumb hover_icon sc_services_item_thumb\"><img loading=\"lazy\" decoding=\"async\" width=\"1540\" height=\"866\" src=\"https:\/\/www.leventuysal.com\/wp-content\/uploads\/2024\/10\/h18-1540x866.webp\" class=\"attachment-rightway-thumb-big size-rightway-thumb-big wp-post-image\" alt=\"\" srcset=\"https:\/\/www.leventuysal.com\/wp-content\/uploads\/2024\/10\/h18-1540x866.webp 1540w, https:\/\/www.leventuysal.com\/wp-content\/uploads\/2024\/10\/h18-1170x658.webp 1170w, https:\/\/www.leventuysal.com\/wp-content\/uploads\/2024\/10\/h18-370x208.webp 370w, https:\/\/www.leventuysal.com\/wp-content\/uploads\/2024\/10\/h18-270x152.webp 270w\" sizes=\"(max-width: 1540px) 100vw, 1540px\" \/>\t\t\t\t\t\t<div class=\"mask\"><\/div>\n\t\t\t\t\t\t\t\t\t<div class=\"icons\"><a href=\"https:\/\/www.leventuysal.com\/en\/services\/mersin-icin-planliyoruz-mersinli-icin-calisiyoruz\/\"  aria-hidden=\"true\" class=\"icon-add-plus-button\"><\/a><\/div>\n\t\t\t<\/div>\t\r\n\t<div class=\"sc_services_item_info\">\r\n\t\t\t\t<div class=\"sc_services_item_header\">\r\n\t\t\t\t\t\t<h5 class=\"sc_services_item_title entry-title\"><a href=\"https:\/\/www.leventuysal.com\/en\/services\/mersin-icin-planliyoruz-mersinli-icin-calisiyoruz\/\">\u2018Mersin i\u00e7in planl\u0131yoruz, Mersinli i\u00e7in \u00e7al\u0131\u015f\u0131yoruz\u2019<\/a><\/h5>\r\n\t\t\t\t\t\t\t\t<\/div>\r\n\t\t\t\t<\/div>\r\n<\/div>\r\n<\/div><div class=\"trx_addons_column-1_3\"><div data-post-id=\"3817\" class=\"sc_services_item no_links without_content with_image sc_services_item_featured_top post-3817 cpt_services type-cpt_services status-publish has-post-thumbnail hentry cpt_services_group-haberler\">\r\n\t<div class=\"post_featured with_thumb hover_icon sc_services_item_thumb\"><img loading=\"lazy\" decoding=\"async\" width=\"1540\" height=\"866\" src=\"https:\/\/www.leventuysal.com\/wp-content\/uploads\/2024\/10\/h20-1540x866.webp\" class=\"attachment-rightway-thumb-big size-rightway-thumb-big wp-post-image\" alt=\"\" srcset=\"https:\/\/www.leventuysal.com\/wp-content\/uploads\/2024\/10\/h20-1540x866.webp 1540w, https:\/\/www.leventuysal.com\/wp-content\/uploads\/2024\/10\/h20-1170x658.webp 1170w, https:\/\/www.leventuysal.com\/wp-content\/uploads\/2024\/10\/h20-370x208.webp 370w, https:\/\/www.leventuysal.com\/wp-content\/uploads\/2024\/10\/h20-270x152.webp 270w\" sizes=\"(max-width: 1540px) 100vw, 1540px\" \/>\t\t\t\t\t\t<div class=\"mask\"><\/div>\n\t\t\t\t\t\t\t\t\t<div class=\"icons\"><a href=\"https:\/\/www.leventuysal.com\/en\/services\/milletvekili-uysal-bagimsizlik-mucadelemiz-102-yildir-yanmaya-devam-ediyor\/\"  aria-hidden=\"true\" class=\"icon-add-plus-button\"><\/a><\/div>\n\t\t\t<\/div>\t\r\n\t<div class=\"sc_services_item_info\">\r\n\t\t\t\t<div class=\"sc_services_item_header\">\r\n\t\t\t\t\t\t<h5 class=\"sc_services_item_title entry-title\"><a href=\"https:\/\/www.leventuysal.com\/en\/services\/milletvekili-uysal-bagimsizlik-mucadelemiz-102-yildir-yanmaya-devam-ediyor\/\">Milletvekili Uysal: \u201cBa\u011f\u0131ms\u0131zl\u0131k m\u00fccadelemiz 102 y\u0131ld\u0131r yanmaya devam ediyor\u201d<\/a><\/h5>\r\n\t\t\t\t\t\t\t\t<\/div>\r\n\t\t\t\t<\/div>\r\n<\/div>\r\n<\/div><div class=\"trx_addons_column-1_3\"><div data-post-id=\"3820\" class=\"sc_services_item no_links without_content with_image sc_services_item_featured_top post-3820 cpt_services type-cpt_services status-publish has-post-thumbnail hentry cpt_services_group-haberler\">\r\n\t<div class=\"post_featured with_thumb hover_icon sc_services_item_thumb\"><img loading=\"lazy\" decoding=\"async\" width=\"1540\" height=\"866\" src=\"https:\/\/www.leventuysal.com\/wp-content\/uploads\/2024\/10\/h20-1540x866.webp\" class=\"attachment-rightway-thumb-big size-rightway-thumb-big wp-post-image\" alt=\"\" srcset=\"https:\/\/www.leventuysal.com\/wp-content\/uploads\/2024\/10\/h20-1540x866.webp 1540w, https:\/\/www.leventuysal.com\/wp-content\/uploads\/2024\/10\/h20-1170x658.webp 1170w, https:\/\/www.leventuysal.com\/wp-content\/uploads\/2024\/10\/h20-370x208.webp 370w, https:\/\/www.leventuysal.com\/wp-content\/uploads\/2024\/10\/h20-270x152.webp 270w\" sizes=\"(max-width: 1540px) 100vw, 1540px\" \/>\t\t\t\t\t\t<div class=\"mask\"><\/div>\n\t\t\t\t\t\t\t\t\t<div class=\"icons\"><a href=\"https:\/\/www.leventuysal.com\/en\/services\/mhp-mersin-milletvekili-uysaldan-yeni-yil-mesaji\/\"  aria-hidden=\"true\" class=\"icon-add-plus-button\"><\/a><\/div>\n\t\t\t<\/div>\t\r\n\t<div class=\"sc_services_item_info\">\r\n\t\t\t\t<div class=\"sc_services_item_header\">\r\n\t\t\t\t\t\t<h5 class=\"sc_services_item_title entry-title\"><a href=\"https:\/\/www.leventuysal.com\/en\/services\/mhp-mersin-milletvekili-uysaldan-yeni-yil-mesaji\/\">MHP Mersin Milletvekili Uysal\u2019dan yeni y\u0131l mesaj\u0131<\/a><\/h5>\r\n\t\t\t\t\t\t\t\t<\/div>\r\n\t\t\t\t<\/div>\r\n<\/div>\r\n<\/div><div class=\"trx_addons_column-1_3\"><div data-post-id=\"3823\" class=\"sc_services_item no_links without_content with_image sc_services_item_featured_top post-3823 cpt_services type-cpt_services status-publish has-post-thumbnail hentry cpt_services_group-haberler\">\r\n\t<div class=\"post_featured with_thumb hover_icon sc_services_item_thumb\"><img loading=\"lazy\" decoding=\"async\" width=\"1540\" height=\"866\" src=\"https:\/\/www.leventuysal.com\/wp-content\/uploads\/2024\/10\/h21-1540x866.webp\" class=\"attachment-rightway-thumb-big size-rightway-thumb-big wp-post-image\" alt=\"\" srcset=\"https:\/\/www.leventuysal.com\/wp-content\/uploads\/2024\/10\/h21-1540x866.webp 1540w, https:\/\/www.leventuysal.com\/wp-content\/uploads\/2024\/10\/h21-1170x658.webp 1170w, https:\/\/www.leventuysal.com\/wp-content\/uploads\/2024\/10\/h21-370x208.webp 370w, https:\/\/www.leventuysal.com\/wp-content\/uploads\/2024\/10\/h21-270x152.webp 270w\" sizes=\"(max-width: 1540px) 100vw, 1540px\" \/>\t\t\t\t\t\t<div class=\"mask\"><\/div>\n\t\t\t\t\t\t\t\t\t<div class=\"icons\"><a href=\"https:\/\/www.leventuysal.com\/en\/services\/yapay-zekada-anadolu-bulusmalari-mersin-yogun-katilim-ile-duzenlendi\/\"  aria-hidden=\"true\" class=\"icon-add-plus-button\"><\/a><\/div>\n\t\t\t<\/div>\t\r\n\t<div class=\"sc_services_item_info\">\r\n\t\t\t\t<div class=\"sc_services_item_header\">\r\n\t\t\t\t\t\t<h5 class=\"sc_services_item_title entry-title\"><a href=\"https:\/\/www.leventuysal.com\/en\/services\/yapay-zekada-anadolu-bulusmalari-mersin-yogun-katilim-ile-duzenlendi\/\">\u201cYapay Zekada Anadolu Bulu\u015fmalar\u0131 Mersin\u201d Yo\u011fun Kat\u0131l\u0131m \u0130le D\u00fczenlendi<\/a><\/h5>\r\n\t\t\t\t\t\t\t\t<\/div>\r\n\t\t\t\t<\/div>\r\n<\/div>\r\n<\/div><div class=\"trx_addons_column-1_3\"><div data-post-id=\"3826\" class=\"sc_services_item no_links without_content with_image sc_services_item_featured_top post-3826 cpt_services type-cpt_services status-publish has-post-thumbnail hentry cpt_services_group-haberler\">\r\n\t<div class=\"post_featured with_thumb hover_icon sc_services_item_thumb\"><img loading=\"lazy\" decoding=\"async\" width=\"1480\" height=\"832\" src=\"https:\/\/www.leventuysal.com\/wp-content\/uploads\/2024\/10\/h19-1.webp\" class=\"attachment-rightway-thumb-big size-rightway-thumb-big wp-post-image\" alt=\"\" srcset=\"https:\/\/www.leventuysal.com\/wp-content\/uploads\/2024\/10\/h19-1.webp 1480w, https:\/\/www.leventuysal.com\/wp-content\/uploads\/2024\/10\/h19-1-300x169.webp 300w, https:\/\/www.leventuysal.com\/wp-content\/uploads\/2024\/10\/h19-1-1024x576.webp 1024w, https:\/\/www.leventuysal.com\/wp-content\/uploads\/2024\/10\/h19-1-768x432.webp 768w, https:\/\/www.leventuysal.com\/wp-content\/uploads\/2024\/10\/h19-1-370x208.webp 370w, https:\/\/www.leventuysal.com\/wp-content\/uploads\/2024\/10\/h19-1-1170x658.webp 1170w, https:\/\/www.leventuysal.com\/wp-content\/uploads\/2024\/10\/h19-1-1420x798.webp 1420w, https:\/\/www.leventuysal.com\/wp-content\/uploads\/2024\/10\/h19-1-270x152.webp 270w\" sizes=\"(max-width: 1480px) 100vw, 1480px\" \/>\t\t\t\t\t\t<div class=\"mask\"><\/div>\n\t\t\t\t\t\t\t\t\t<div class=\"icons\"><a href=\"https:\/\/www.leventuysal.com\/en\/services\/mhpli-uysal-turk-kulturunu-bozan-hicbir-uygulamaya-gecit-yok\/\"  aria-hidden=\"true\" class=\"icon-add-plus-button\"><\/a><\/div>\n\t\t\t<\/div>\t\r\n\t<div class=\"sc_services_item_info\">\r\n\t\t\t\t<div class=\"sc_services_item_header\">\r\n\t\t\t\t\t\t<h5 class=\"sc_services_item_title entry-title\"><a href=\"https:\/\/www.leventuysal.com\/en\/services\/mhpli-uysal-turk-kulturunu-bozan-hicbir-uygulamaya-gecit-yok\/\">MHP\u2019li Uysal: \u201cT\u00fcrk k\u00fclt\u00fcr\u00fcn\u00fc bozan hi\u00e7bir uygulamaya ge\u00e7it yok\u201d<\/a><\/h5>\r\n\t\t\t\t\t\t\t\t<\/div>\r\n\t\t\t\t<\/div>\r\n<\/div>\r\n<\/div><div class=\"trx_addons_column-1_3\"><div data-post-id=\"3829\" class=\"sc_services_item no_links without_content with_image sc_services_item_featured_top post-3829 cpt_services type-cpt_services status-publish has-post-thumbnail hentry cpt_services_group-haberler\">\r\n\t<div class=\"post_featured with_thumb hover_icon sc_services_item_thumb\"><img loading=\"lazy\" decoding=\"async\" width=\"1540\" height=\"866\" src=\"https:\/\/www.leventuysal.com\/wp-content\/uploads\/2024\/10\/h23-1540x866.webp\" class=\"attachment-rightway-thumb-big size-rightway-thumb-big wp-post-image\" alt=\"\" srcset=\"https:\/\/www.leventuysal.com\/wp-content\/uploads\/2024\/10\/h23-1540x866.webp 1540w, https:\/\/www.leventuysal.com\/wp-content\/uploads\/2024\/10\/h23-1170x658.webp 1170w, https:\/\/www.leventuysal.com\/wp-content\/uploads\/2024\/10\/h23-370x208.webp 370w, https:\/\/www.leventuysal.com\/wp-content\/uploads\/2024\/10\/h23-270x152.webp 270w\" sizes=\"(max-width: 1540px) 100vw, 1540px\" \/>\t\t\t\t\t\t<div class=\"mask\"><\/div>\n\t\t\t\t\t\t\t\t\t<div class=\"icons\"><a href=\"https:\/\/www.leventuysal.com\/en\/services\/mhp-mersin-milletvekili-uysal-genisletilmis-bolge-istisare-toplantisina-katildi\/\"  aria-hidden=\"true\" class=\"icon-add-plus-button\"><\/a><\/div>\n\t\t\t<\/div>\t\r\n\t<div class=\"sc_services_item_info\">\r\n\t\t\t\t<div class=\"sc_services_item_header\">\r\n\t\t\t\t\t\t<h5 class=\"sc_services_item_title entry-title\"><a href=\"https:\/\/www.leventuysal.com\/en\/services\/mhp-mersin-milletvekili-uysal-genisletilmis-bolge-istisare-toplantisina-katildi\/\">MHP Mersin Milletvekili Uysal, Geni\u015fletilmi\u015f B\u00f6lge \u0130sti\u015fare Toplant\u0131s\u0131\u2019na kat\u0131ld\u0131<\/a><\/h5>\r\n\t\t\t\t\t\t\t\t<\/div>\r\n\t\t\t\t<\/div>\r\n<\/div>\r\n<\/div><div class=\"trx_addons_column-1_3\"><div data-post-id=\"3832\" class=\"sc_services_item no_links without_content with_image sc_services_item_featured_top post-3832 cpt_services type-cpt_services status-publish has-post-thumbnail hentry cpt_services_group-haberler\">\r\n\t<div class=\"post_featured with_thumb hover_icon sc_services_item_thumb\"><img loading=\"lazy\" decoding=\"async\" width=\"1540\" height=\"866\" src=\"https:\/\/www.leventuysal.com\/wp-content\/uploads\/2024\/10\/h24-1540x866.webp\" class=\"attachment-rightway-thumb-big size-rightway-thumb-big wp-post-image\" alt=\"\" srcset=\"https:\/\/www.leventuysal.com\/wp-content\/uploads\/2024\/10\/h24-1540x866.webp 1540w, https:\/\/www.leventuysal.com\/wp-content\/uploads\/2024\/10\/h24-1170x658.webp 1170w, https:\/\/www.leventuysal.com\/wp-content\/uploads\/2024\/10\/h24-370x208.webp 370w, https:\/\/www.leventuysal.com\/wp-content\/uploads\/2024\/10\/h24-270x152.webp 270w\" sizes=\"(max-width: 1540px) 100vw, 1540px\" \/>\t\t\t\t\t\t<div class=\"mask\"><\/div>\n\t\t\t\t\t\t\t\t\t<div class=\"icons\"><a href=\"https:\/\/www.leventuysal.com\/en\/services\/uysal-mersinin-kalkinmasinin-en-buyuk-anahtari-turizmdir\/\"  aria-hidden=\"true\" class=\"icon-add-plus-button\"><\/a><\/div>\n\t\t\t<\/div>\t\r\n\t<div class=\"sc_services_item_info\">\r\n\t\t\t\t<div class=\"sc_services_item_header\">\r\n\t\t\t\t\t\t<h5 class=\"sc_services_item_title entry-title\"><a href=\"https:\/\/www.leventuysal.com\/en\/services\/uysal-mersinin-kalkinmasinin-en-buyuk-anahtari-turizmdir\/\">Uysal: \u201cMersin\u2019in kalk\u0131nmas\u0131n\u0131n en b\u00fcy\u00fck anahtar\u0131 turizmdir\u201d<\/a><\/h5>\r\n\t\t\t\t\t\t\t\t<\/div>\r\n\t\t\t\t<\/div>\r\n<\/div>\r\n<\/div><div class=\"trx_addons_column-1_3\"><div data-post-id=\"3835\" class=\"sc_services_item no_links without_content with_image sc_services_item_featured_top post-3835 cpt_services type-cpt_services status-publish has-post-thumbnail hentry cpt_services_group-haberler\">\r\n\t<div class=\"post_featured with_thumb hover_icon sc_services_item_thumb\"><img loading=\"lazy\" decoding=\"async\" width=\"1540\" height=\"866\" src=\"https:\/\/www.leventuysal.com\/wp-content\/uploads\/2024\/10\/h25-1540x866.webp\" class=\"attachment-rightway-thumb-big size-rightway-thumb-big wp-post-image\" alt=\"\" srcset=\"https:\/\/www.leventuysal.com\/wp-content\/uploads\/2024\/10\/h25-1540x866.webp 1540w, https:\/\/www.leventuysal.com\/wp-content\/uploads\/2024\/10\/h25-1170x658.webp 1170w, https:\/\/www.leventuysal.com\/wp-content\/uploads\/2024\/10\/h25-370x208.webp 370w, https:\/\/www.leventuysal.com\/wp-content\/uploads\/2024\/10\/h25-270x152.webp 270w\" sizes=\"(max-width: 1540px) 100vw, 1540px\" \/>\t\t\t\t\t\t<div class=\"mask\"><\/div>\n\t\t\t\t\t\t\t\t\t<div class=\"icons\"><a href=\"https:\/\/www.leventuysal.com\/en\/services\/mhpli-uysal-12-kalkinma-plani-ulkemizin-istikrarli-buyumesini-saglayacak\/\"  aria-hidden=\"true\" class=\"icon-add-plus-button\"><\/a><\/div>\n\t\t\t<\/div>\t\r\n\t<div class=\"sc_services_item_info\">\r\n\t\t\t\t<div class=\"sc_services_item_header\">\r\n\t\t\t\t\t\t<h5 class=\"sc_services_item_title entry-title\"><a href=\"https:\/\/www.leventuysal.com\/en\/services\/mhpli-uysal-12-kalkinma-plani-ulkemizin-istikrarli-buyumesini-saglayacak\/\">MHP\u2019li Uysal: \u201c12. Kalk\u0131nma Plan\u0131 \u00fclkemizin istikrarl\u0131 b\u00fcy\u00fcmesini sa\u011flayacak\u201d<\/a><\/h5>\r\n\t\t\t\t\t\t\t\t<\/div>\r\n\t\t\t\t<\/div>\r\n<\/div>\r\n<\/div><div class=\"trx_addons_column-1_3\"><div data-post-id=\"3838\" class=\"sc_services_item no_links without_content with_image sc_services_item_featured_top post-3838 cpt_services type-cpt_services status-publish has-post-thumbnail hentry cpt_services_group-haberler\">\r\n\t<div class=\"post_featured with_thumb hover_icon sc_services_item_thumb\"><img loading=\"lazy\" decoding=\"async\" width=\"1540\" height=\"866\" src=\"https:\/\/www.leventuysal.com\/wp-content\/uploads\/2024\/10\/h26-1540x866.webp\" class=\"attachment-rightway-thumb-big size-rightway-thumb-big wp-post-image\" alt=\"\" srcset=\"https:\/\/www.leventuysal.com\/wp-content\/uploads\/2024\/10\/h26-1540x866.webp 1540w, https:\/\/www.leventuysal.com\/wp-content\/uploads\/2024\/10\/h26-1170x658.webp 1170w, https:\/\/www.leventuysal.com\/wp-content\/uploads\/2024\/10\/h26-370x208.webp 370w, https:\/\/www.leventuysal.com\/wp-content\/uploads\/2024\/10\/h26-270x152.webp 270w\" sizes=\"(max-width: 1540px) 100vw, 1540px\" \/>\t\t\t\t\t\t<div class=\"mask\"><\/div>\n\t\t\t\t\t\t\t\t\t<div class=\"icons\"><a href=\"https:\/\/www.leventuysal.com\/en\/services\/mhp-mersin-milletvekili-uysaldan-3-aralik-dunya-engelliler-gunu-mesaji\/\"  aria-hidden=\"true\" class=\"icon-add-plus-button\"><\/a><\/div>\n\t\t\t<\/div>\t\r\n\t<div class=\"sc_services_item_info\">\r\n\t\t\t\t<div class=\"sc_services_item_header\">\r\n\t\t\t\t\t\t<h5 class=\"sc_services_item_title entry-title\"><a href=\"https:\/\/www.leventuysal.com\/en\/services\/mhp-mersin-milletvekili-uysaldan-3-aralik-dunya-engelliler-gunu-mesaji\/\">MHP Mersin Milletvekili Uysal\u2019dan 3 Aral\u0131k D\u00fcnya Engelliler G\u00fcn\u00fc Mesaj\u0131<\/a><\/h5>\r\n\t\t\t\t\t\t\t\t<\/div>\r\n\t\t\t\t<\/div>\r\n<\/div>\r\n<\/div><div class=\"trx_addons_column-1_3\"><div data-post-id=\"3841\" class=\"sc_services_item no_links without_content with_image sc_services_item_featured_top post-3841 cpt_services type-cpt_services status-publish has-post-thumbnail hentry cpt_services_group-haberler\">\r\n\t<div class=\"post_featured with_thumb hover_icon sc_services_item_thumb\"><img loading=\"lazy\" decoding=\"async\" width=\"1480\" height=\"832\" src=\"https:\/\/www.leventuysal.com\/wp-content\/uploads\/2024\/10\/h27-1.webp\" class=\"attachment-rightway-thumb-big size-rightway-thumb-big wp-post-image\" alt=\"\" srcset=\"https:\/\/www.leventuysal.com\/wp-content\/uploads\/2024\/10\/h27-1.webp 1480w, https:\/\/www.leventuysal.com\/wp-content\/uploads\/2024\/10\/h27-1-300x169.webp 300w, https:\/\/www.leventuysal.com\/wp-content\/uploads\/2024\/10\/h27-1-1024x576.webp 1024w, https:\/\/www.leventuysal.com\/wp-content\/uploads\/2024\/10\/h27-1-768x432.webp 768w, https:\/\/www.leventuysal.com\/wp-content\/uploads\/2024\/10\/h27-1-370x208.webp 370w, https:\/\/www.leventuysal.com\/wp-content\/uploads\/2024\/10\/h27-1-1170x658.webp 1170w, https:\/\/www.leventuysal.com\/wp-content\/uploads\/2024\/10\/h27-1-1420x798.webp 1420w, https:\/\/www.leventuysal.com\/wp-content\/uploads\/2024\/10\/h27-1-270x152.webp 270w\" sizes=\"(max-width: 1480px) 100vw, 1480px\" \/>\t\t\t\t\t\t<div class=\"mask\"><\/div>\n\t\t\t\t\t\t\t\t\t<div class=\"icons\"><a href=\"https:\/\/www.leventuysal.com\/en\/services\/mhpli-uysaldan-24-kasim-ogretmenler-gunu-mesaji\/\"  aria-hidden=\"true\" class=\"icon-add-plus-button\"><\/a><\/div>\n\t\t\t<\/div>\t\r\n\t<div class=\"sc_services_item_info\">\r\n\t\t\t\t<div class=\"sc_services_item_header\">\r\n\t\t\t\t\t\t<h5 class=\"sc_services_item_title entry-title\"><a href=\"https:\/\/www.leventuysal.com\/en\/services\/mhpli-uysaldan-24-kasim-ogretmenler-gunu-mesaji\/\">MHP\u2019li Uysal\u2019dan 24 Kas\u0131m \u00d6\u011fretmenler G\u00fcn\u00fc Mesaj\u0131<\/a><\/h5>\r\n\t\t\t\t\t\t\t\t<\/div>\r\n\t\t\t\t<\/div>\r\n<\/div>\r\n<\/div><div class=\"trx_addons_column-1_3\"><div data-post-id=\"3844\" class=\"sc_services_item no_links without_content with_image sc_services_item_featured_top post-3844 cpt_services type-cpt_services status-publish has-post-thumbnail hentry cpt_services_group-haberler\">\r\n\t<div class=\"post_featured with_thumb hover_icon sc_services_item_thumb\"><img loading=\"lazy\" decoding=\"async\" width=\"1540\" height=\"866\" src=\"https:\/\/www.leventuysal.com\/wp-content\/uploads\/2024\/10\/h28-1540x866.webp\" class=\"attachment-rightway-thumb-big size-rightway-thumb-big wp-post-image\" alt=\"\" srcset=\"https:\/\/www.leventuysal.com\/wp-content\/uploads\/2024\/10\/h28-1540x866.webp 1540w, https:\/\/www.leventuysal.com\/wp-content\/uploads\/2024\/10\/h28-1170x658.webp 1170w, https:\/\/www.leventuysal.com\/wp-content\/uploads\/2024\/10\/h28-370x208.webp 370w, https:\/\/www.leventuysal.com\/wp-content\/uploads\/2024\/10\/h28-270x152.webp 270w\" sizes=\"(max-width: 1540px) 100vw, 1540px\" \/>\t\t\t\t\t\t<div class=\"mask\"><\/div>\n\t\t\t\t\t\t\t\t\t<div class=\"icons\"><a href=\"https:\/\/www.leventuysal.com\/en\/services\/mhp-mersin-milletvekili-uysal-1000-cocuk-ile-atanin-huzurunda\/\"  aria-hidden=\"true\" class=\"icon-add-plus-button\"><\/a><\/div>\n\t\t\t<\/div>\t\r\n\t<div class=\"sc_services_item_info\">\r\n\t\t\t\t<div class=\"sc_services_item_header\">\r\n\t\t\t\t\t\t<h5 class=\"sc_services_item_title entry-title\"><a href=\"https:\/\/www.leventuysal.com\/en\/services\/mhp-mersin-milletvekili-uysal-1000-cocuk-ile-atanin-huzurunda\/\">MHP Mersin Milletvekili Uysal, 1000 \u00c7ocuk ile Ata\u2019n\u0131n Huzurunda<\/a><\/h5>\r\n\t\t\t\t\t\t\t\t<\/div>\r\n\t\t\t\t<\/div>\r\n<\/div>\r\n<\/div><div class=\"trx_addons_column-1_3\"><div data-post-id=\"3847\" class=\"sc_services_item no_links without_content with_image sc_services_item_featured_top post-3847 cpt_services type-cpt_services status-publish has-post-thumbnail hentry cpt_services_group-haberler\">\r\n\t<div class=\"post_featured with_thumb hover_icon sc_services_item_thumb\"><img loading=\"lazy\" decoding=\"async\" width=\"1540\" height=\"866\" src=\"https:\/\/www.leventuysal.com\/wp-content\/uploads\/2024\/10\/h29-1540x866.webp\" class=\"attachment-rightway-thumb-big size-rightway-thumb-big wp-post-image\" alt=\"\" srcset=\"https:\/\/www.leventuysal.com\/wp-content\/uploads\/2024\/10\/h29-1540x866.webp 1540w, https:\/\/www.leventuysal.com\/wp-content\/uploads\/2024\/10\/h29-1170x658.webp 1170w, https:\/\/www.leventuysal.com\/wp-content\/uploads\/2024\/10\/h29-370x208.webp 370w, https:\/\/www.leventuysal.com\/wp-content\/uploads\/2024\/10\/h29-270x152.webp 270w\" sizes=\"(max-width: 1540px) 100vw, 1540px\" \/>\t\t\t\t\t\t<div class=\"mask\"><\/div>\n\t\t\t\t\t\t\t\t\t<div class=\"icons\"><a href=\"https:\/\/www.leventuysal.com\/en\/services\/uysal-losemi-artik-tedavi-edilebilir-bir-hastalik\/\"  aria-hidden=\"true\" class=\"icon-add-plus-button\"><\/a><\/div>\n\t\t\t<\/div>\t\r\n\t<div class=\"sc_services_item_info\">\r\n\t\t\t\t<div class=\"sc_services_item_header\">\r\n\t\t\t\t\t\t<h5 class=\"sc_services_item_title entry-title\"><a href=\"https:\/\/www.leventuysal.com\/en\/services\/uysal-losemi-artik-tedavi-edilebilir-bir-hastalik\/\">Uysal: \u201cL\u00f6semi art\u0131k tedavi edilebilir bir hastal\u0131k\u201d<\/a><\/h5>\r\n\t\t\t\t\t\t\t\t<\/div>\r\n\t\t\t\t<\/div>\r\n<\/div>\r\n<\/div><div class=\"trx_addons_column-1_3\"><div data-post-id=\"3850\" class=\"sc_services_item no_links without_content with_image sc_services_item_featured_top post-3850 cpt_services type-cpt_services status-publish has-post-thumbnail hentry cpt_services_group-haberler\">\r\n\t<div class=\"post_featured with_thumb hover_icon sc_services_item_thumb\"><img loading=\"lazy\" decoding=\"async\" width=\"1540\" height=\"866\" src=\"https:\/\/www.leventuysal.com\/wp-content\/uploads\/2024\/10\/h30-1540x866.webp\" class=\"attachment-rightway-thumb-big size-rightway-thumb-big wp-post-image\" alt=\"\" srcset=\"https:\/\/www.leventuysal.com\/wp-content\/uploads\/2024\/10\/h30-1540x866.webp 1540w, https:\/\/www.leventuysal.com\/wp-content\/uploads\/2024\/10\/h30-1170x658.webp 1170w, https:\/\/www.leventuysal.com\/wp-content\/uploads\/2024\/10\/h30-370x208.webp 370w, https:\/\/www.leventuysal.com\/wp-content\/uploads\/2024\/10\/h30-270x152.webp 270w\" sizes=\"(max-width: 1540px) 100vw, 1540px\" \/>\t\t\t\t\t\t<div class=\"mask\"><\/div>\n\t\t\t\t\t\t\t\t\t<div class=\"icons\"><a href=\"https:\/\/www.leventuysal.com\/en\/services\/milliyetci-hareket-partisi-mersin-milletvekili-dr-levent-uysal-29-ekim-cumhuriyet-bayraminin-100-yili-munasebetiyle-mesaj-yayimladi\/\"  aria-hidden=\"true\" class=\"icon-add-plus-button\"><\/a><\/div>\n\t\t\t<\/div>\t\r\n\t<div class=\"sc_services_item_info\">\r\n\t\t\t\t<div class=\"sc_services_item_header\">\r\n\t\t\t\t\t\t<h5 class=\"sc_services_item_title entry-title\"><a href=\"https:\/\/www.leventuysal.com\/en\/services\/milliyetci-hareket-partisi-mersin-milletvekili-dr-levent-uysal-29-ekim-cumhuriyet-bayraminin-100-yili-munasebetiyle-mesaj-yayimladi\/\">Milliyet\u00e7i Hareket Partisi Mersin Milletvekili Dr. Levent Uysal, 29 Ekim Cumhuriyet Bayram\u0131n\u0131n 100. Y\u0131l\u0131 m\u00fcnasebetiyle mesaj yay\u0131mlad\u0131.<\/a><\/h5>\r\n\t\t\t\t\t\t\t\t<\/div>\r\n\t\t\t\t<\/div>\r\n<\/div>\r\n<\/div><div class=\"trx_addons_column-1_3\"><div data-post-id=\"3853\" class=\"sc_services_item no_links without_content with_image sc_services_item_featured_top post-3853 cpt_services type-cpt_services status-publish has-post-thumbnail hentry cpt_services_group-haberler\">\r\n\t<div class=\"post_featured with_thumb hover_icon sc_services_item_thumb\"><img loading=\"lazy\" decoding=\"async\" width=\"1540\" height=\"866\" src=\"https:\/\/www.leventuysal.com\/wp-content\/uploads\/2024\/10\/h31-1540x866.webp\" class=\"attachment-rightway-thumb-big size-rightway-thumb-big wp-post-image\" alt=\"\" srcset=\"https:\/\/www.leventuysal.com\/wp-content\/uploads\/2024\/10\/h31-1540x866.webp 1540w, https:\/\/www.leventuysal.com\/wp-content\/uploads\/2024\/10\/h31-1170x658.webp 1170w, https:\/\/www.leventuysal.com\/wp-content\/uploads\/2024\/10\/h31-370x208.webp 370w, https:\/\/www.leventuysal.com\/wp-content\/uploads\/2024\/10\/h31-270x152.webp 270w\" sizes=\"(max-width: 1540px) 100vw, 1540px\" \/>\t\t\t\t\t\t<div class=\"mask\"><\/div>\n\t\t\t\t\t\t\t\t\t<div class=\"icons\"><a href=\"https:\/\/www.leventuysal.com\/en\/services\/mhp-mersin-milletvekili-levent-uysal-da-yemin-ederek-gorevine-basladi\/\"  aria-hidden=\"true\" class=\"icon-add-plus-button\"><\/a><\/div>\n\t\t\t<\/div>\t\r\n\t<div class=\"sc_services_item_info\">\r\n\t\t\t\t<div class=\"sc_services_item_header\">\r\n\t\t\t\t\t\t<h5 class=\"sc_services_item_title entry-title\"><a href=\"https:\/\/www.leventuysal.com\/en\/services\/mhp-mersin-milletvekili-levent-uysal-da-yemin-ederek-gorevine-basladi\/\">MHP Mersin Milletvekili Levent UYSAL da yemin ederek, g\u00f6revine ba\u015flad\u0131.<\/a><\/h5>\r\n\t\t\t\t\t\t\t\t<\/div>\r\n\t\t\t\t<\/div>\r\n<\/div>\r\n<\/div><div class=\"trx_addons_column-1_3\"><div data-post-id=\"3857\" class=\"sc_services_item no_links without_content with_image sc_services_item_featured_top post-3857 cpt_services type-cpt_services status-publish has-post-thumbnail hentry cpt_services_group-haberler\">\r\n\t<div class=\"post_featured with_thumb hover_icon sc_services_item_thumb\"><img loading=\"lazy\" decoding=\"async\" width=\"1540\" height=\"866\" src=\"https:\/\/www.leventuysal.com\/wp-content\/uploads\/2024\/10\/h32-1540x866.webp\" class=\"attachment-rightway-thumb-big size-rightway-thumb-big wp-post-image\" alt=\"\" srcset=\"https:\/\/www.leventuysal.com\/wp-content\/uploads\/2024\/10\/h32-1540x866.webp 1540w, https:\/\/www.leventuysal.com\/wp-content\/uploads\/2024\/10\/h32-1170x658.webp 1170w, https:\/\/www.leventuysal.com\/wp-content\/uploads\/2024\/10\/h32-370x208.webp 370w, https:\/\/www.leventuysal.com\/wp-content\/uploads\/2024\/10\/h32-270x152.webp 270w\" sizes=\"(max-width: 1540px) 100vw, 1540px\" \/>\t\t\t\t\t\t<div class=\"mask\"><\/div>\n\t\t\t\t\t\t\t\t\t<div class=\"icons\"><a href=\"https:\/\/www.leventuysal.com\/en\/services\/mhp-mersin-milletvekili-adayi-dr-levent-uysal-nazar-bebe-giyimi-ziyaret-etti\/\"  aria-hidden=\"true\" class=\"icon-add-plus-button\"><\/a><\/div>\n\t\t\t<\/div>\t\r\n\t<div class=\"sc_services_item_info\">\r\n\t\t\t\t<div class=\"sc_services_item_header\">\r\n\t\t\t\t\t\t<h5 class=\"sc_services_item_title entry-title\"><a href=\"https:\/\/www.leventuysal.com\/en\/services\/mhp-mersin-milletvekili-adayi-dr-levent-uysal-nazar-bebe-giyimi-ziyaret-etti\/\">MHP Mersin Milletvekili aday\u0131 Dr. Levent UYSAL Nazar Bebe Giyimi ziyaret etti.<\/a><\/h5>\r\n\t\t\t\t\t\t\t\t<\/div>\r\n\t\t\t\t<\/div>\r\n<\/div>\r\n<\/div><div class=\"trx_addons_column-1_3\"><div data-post-id=\"3860\" class=\"sc_services_item no_links without_content with_image sc_services_item_featured_top post-3860 cpt_services type-cpt_services status-publish has-post-thumbnail hentry cpt_services_group-haberler\">\r\n\t<div class=\"post_featured with_thumb hover_icon sc_services_item_thumb\"><img loading=\"lazy\" decoding=\"async\" width=\"1480\" height=\"832\" src=\"https:\/\/www.leventuysal.com\/wp-content\/uploads\/2024\/10\/h33-1.webp\" class=\"attachment-rightway-thumb-big size-rightway-thumb-big wp-post-image\" alt=\"\" srcset=\"https:\/\/www.leventuysal.com\/wp-content\/uploads\/2024\/10\/h33-1.webp 1480w, https:\/\/www.leventuysal.com\/wp-content\/uploads\/2024\/10\/h33-1-300x169.webp 300w, https:\/\/www.leventuysal.com\/wp-content\/uploads\/2024\/10\/h33-1-1024x576.webp 1024w, https:\/\/www.leventuysal.com\/wp-content\/uploads\/2024\/10\/h33-1-768x432.webp 768w, https:\/\/www.leventuysal.com\/wp-content\/uploads\/2024\/10\/h33-1-370x208.webp 370w, https:\/\/www.leventuysal.com\/wp-content\/uploads\/2024\/10\/h33-1-1170x658.webp 1170w, https:\/\/www.leventuysal.com\/wp-content\/uploads\/2024\/10\/h33-1-1420x798.webp 1420w, https:\/\/www.leventuysal.com\/wp-content\/uploads\/2024\/10\/h33-1-270x152.webp 270w\" sizes=\"(max-width: 1480px) 100vw, 1480px\" \/>\t\t\t\t\t\t<div class=\"mask\"><\/div>\n\t\t\t\t\t\t\t\t\t<div class=\"icons\"><a href=\"https:\/\/www.leventuysal.com\/en\/services\/mhp-mersin-milletvekili-adayi-dr-levent-uysal-mersin-tekstilcileriyle-beraberdi\/\"  aria-hidden=\"true\" class=\"icon-add-plus-button\"><\/a><\/div>\n\t\t\t<\/div>\t\r\n\t<div class=\"sc_services_item_info\">\r\n\t\t\t\t<div class=\"sc_services_item_header\">\r\n\t\t\t\t\t\t<h5 class=\"sc_services_item_title entry-title\"><a href=\"https:\/\/www.leventuysal.com\/en\/services\/mhp-mersin-milletvekili-adayi-dr-levent-uysal-mersin-tekstilcileriyle-beraberdi\/\">MHP Mersin Milletvekili aday\u0131 Dr. Levent UYSAL Mersin Tekstilcileriyle beraberdi.<\/a><\/h5>\r\n\t\t\t\t\t\t\t\t<\/div>\r\n\t\t\t\t<\/div>\r\n<\/div>\r\n<\/div><div class=\"trx_addons_column-1_3\"><div data-post-id=\"3863\" class=\"sc_services_item no_links without_content with_image sc_services_item_featured_top post-3863 cpt_services type-cpt_services status-publish has-post-thumbnail hentry cpt_services_group-haberler\">\r\n\t<div class=\"post_featured with_thumb hover_icon sc_services_item_thumb\"><img loading=\"lazy\" decoding=\"async\" width=\"1540\" height=\"866\" src=\"https:\/\/www.leventuysal.com\/wp-content\/uploads\/2024\/10\/h34-1540x866.webp\" class=\"attachment-rightway-thumb-big size-rightway-thumb-big wp-post-image\" alt=\"\" srcset=\"https:\/\/www.leventuysal.com\/wp-content\/uploads\/2024\/10\/h34-1540x866.webp 1540w, https:\/\/www.leventuysal.com\/wp-content\/uploads\/2024\/10\/h34-1170x658.webp 1170w, https:\/\/www.leventuysal.com\/wp-content\/uploads\/2024\/10\/h34-370x208.webp 370w, https:\/\/www.leventuysal.com\/wp-content\/uploads\/2024\/10\/h34-270x152.webp 270w\" sizes=\"(max-width: 1540px) 100vw, 1540px\" \/>\t\t\t\t\t\t<div class=\"mask\"><\/div>\n\t\t\t\t\t\t\t\t\t<div class=\"icons\"><a href=\"https:\/\/www.leventuysal.com\/en\/services\/mhp-mersin-milletvekili-adayi-dr-levent-uysal-madame-mode-tekstili-ziyaret-etti\/\"  aria-hidden=\"true\" class=\"icon-add-plus-button\"><\/a><\/div>\n\t\t\t<\/div>\t\r\n\t<div class=\"sc_services_item_info\">\r\n\t\t\t\t<div class=\"sc_services_item_header\">\r\n\t\t\t\t\t\t<h5 class=\"sc_services_item_title entry-title\"><a href=\"https:\/\/www.leventuysal.com\/en\/services\/mhp-mersin-milletvekili-adayi-dr-levent-uysal-madame-mode-tekstili-ziyaret-etti\/\">MHP Mersin Milletvekili aday\u0131 Dr. Levent UYSAL MADAME MODE Tekstil\u2019i ziyaret etti.<\/a><\/h5>\r\n\t\t\t\t\t\t\t\t<\/div>\r\n\t\t\t\t<\/div>\r\n<\/div>\r\n<\/div><div class=\"trx_addons_column-1_3\"><div data-post-id=\"3866\" class=\"sc_services_item no_links without_content with_image sc_services_item_featured_top post-3866 cpt_services type-cpt_services status-publish has-post-thumbnail hentry cpt_services_group-haberler\">\r\n\t<div class=\"post_featured with_thumb hover_icon sc_services_item_thumb\"><img loading=\"lazy\" decoding=\"async\" width=\"1480\" height=\"832\" src=\"https:\/\/www.leventuysal.com\/wp-content\/uploads\/2024\/10\/h35-1.webp\" class=\"attachment-rightway-thumb-big size-rightway-thumb-big wp-post-image\" alt=\"\" srcset=\"https:\/\/www.leventuysal.com\/wp-content\/uploads\/2024\/10\/h35-1.webp 1480w, https:\/\/www.leventuysal.com\/wp-content\/uploads\/2024\/10\/h35-1-300x169.webp 300w, https:\/\/www.leventuysal.com\/wp-content\/uploads\/2024\/10\/h35-1-1024x576.webp 1024w, https:\/\/www.leventuysal.com\/wp-content\/uploads\/2024\/10\/h35-1-768x432.webp 768w, https:\/\/www.leventuysal.com\/wp-content\/uploads\/2024\/10\/h35-1-370x208.webp 370w, https:\/\/www.leventuysal.com\/wp-content\/uploads\/2024\/10\/h35-1-1170x658.webp 1170w, https:\/\/www.leventuysal.com\/wp-content\/uploads\/2024\/10\/h35-1-1420x798.webp 1420w, https:\/\/www.leventuysal.com\/wp-content\/uploads\/2024\/10\/h35-1-270x152.webp 270w\" sizes=\"(max-width: 1480px) 100vw, 1480px\" \/>\t\t\t\t\t\t<div class=\"mask\"><\/div>\n\t\t\t\t\t\t\t\t\t<div class=\"icons\"><a href=\"https:\/\/www.leventuysal.com\/en\/services\/mhp-mersin-milletvekili-adayi-dr-levent-uysal-turkaya-tekstili-ziyaret-etti\/\"  aria-hidden=\"true\" class=\"icon-add-plus-button\"><\/a><\/div>\n\t\t\t<\/div>\t\r\n\t<div class=\"sc_services_item_info\">\r\n\t\t\t\t<div class=\"sc_services_item_header\">\r\n\t\t\t\t\t\t<h5 class=\"sc_services_item_title entry-title\"><a href=\"https:\/\/www.leventuysal.com\/en\/services\/mhp-mersin-milletvekili-adayi-dr-levent-uysal-turkaya-tekstili-ziyaret-etti\/\">MHP Mersin Milletvekili aday\u0131 Dr. Levent UYSAL TURKAYA Tekstil\u2019i ziyaret etti.<\/a><\/h5>\r\n\t\t\t\t\t\t\t\t<\/div>\r\n\t\t\t\t<\/div>\r\n<\/div>\r\n<\/div><div class=\"trx_addons_column-1_3\"><div data-post-id=\"3869\" class=\"sc_services_item no_links without_content with_image sc_services_item_featured_top post-3869 cpt_services type-cpt_services status-publish has-post-thumbnail hentry cpt_services_group-haberler\">\r\n\t<div class=\"post_featured with_thumb hover_icon sc_services_item_thumb\"><img loading=\"lazy\" decoding=\"async\" width=\"1540\" height=\"866\" src=\"https:\/\/www.leventuysal.com\/wp-content\/uploads\/2024\/10\/h36-1540x866.webp\" class=\"attachment-rightway-thumb-big size-rightway-thumb-big wp-post-image\" alt=\"\" srcset=\"https:\/\/www.leventuysal.com\/wp-content\/uploads\/2024\/10\/h36-1540x866.webp 1540w, https:\/\/www.leventuysal.com\/wp-content\/uploads\/2024\/10\/h36-1170x658.webp 1170w, https:\/\/www.leventuysal.com\/wp-content\/uploads\/2024\/10\/h36-370x208.webp 370w, https:\/\/www.leventuysal.com\/wp-content\/uploads\/2024\/10\/h36-270x152.webp 270w\" sizes=\"(max-width: 1540px) 100vw, 1540px\" \/>\t\t\t\t\t\t<div class=\"mask\"><\/div>\n\t\t\t\t\t\t\t\t\t<div class=\"icons\"><a href=\"https:\/\/www.leventuysal.com\/en\/services\/mhp-mersin-milletvekili-adayi-dr-levent-uysal-teks-teami-ziyaret-etti\/\"  aria-hidden=\"true\" class=\"icon-add-plus-button\"><\/a><\/div>\n\t\t\t<\/div>\t\r\n\t<div class=\"sc_services_item_info\">\r\n\t\t\t\t<div class=\"sc_services_item_header\">\r\n\t\t\t\t\t\t<h5 class=\"sc_services_item_title entry-title\"><a href=\"https:\/\/www.leventuysal.com\/en\/services\/mhp-mersin-milletvekili-adayi-dr-levent-uysal-teks-teami-ziyaret-etti\/\">MHP Mersin Milletvekili aday\u0131 Dr. Levent UYSAL TEKS TEAM\u2019i ziyaret etti.<\/a><\/h5>\r\n\t\t\t\t\t\t\t\t<\/div>\r\n\t\t\t\t<\/div>\r\n<\/div>\r\n<\/div><div class=\"trx_addons_column-1_3\"><div data-post-id=\"3872\" class=\"sc_services_item no_links without_content with_image sc_services_item_featured_top post-3872 cpt_services type-cpt_services status-publish has-post-thumbnail hentry cpt_services_group-haberler\">\r\n\t<div class=\"post_featured with_thumb hover_icon sc_services_item_thumb\"><img loading=\"lazy\" decoding=\"async\" width=\"1540\" height=\"866\" src=\"https:\/\/www.leventuysal.com\/wp-content\/uploads\/2024\/10\/h37-1540x866.webp\" class=\"attachment-rightway-thumb-big size-rightway-thumb-big wp-post-image\" alt=\"\" srcset=\"https:\/\/www.leventuysal.com\/wp-content\/uploads\/2024\/10\/h37-1540x866.webp 1540w, https:\/\/www.leventuysal.com\/wp-content\/uploads\/2024\/10\/h37-1170x658.webp 1170w, https:\/\/www.leventuysal.com\/wp-content\/uploads\/2024\/10\/h37-370x208.webp 370w, https:\/\/www.leventuysal.com\/wp-content\/uploads\/2024\/10\/h37-270x152.webp 270w\" sizes=\"(max-width: 1540px) 100vw, 1540px\" \/>\t\t\t\t\t\t<div class=\"mask\"><\/div>\n\t\t\t\t\t\t\t\t\t<div class=\"icons\"><a href=\"https:\/\/www.leventuysal.com\/en\/services\/mhp-mersin-milletvekili-adayi-dr-levent-uysal-bozyazi-esnaf-ve-sanatkarlar-kredi-ve-kefalet-kooperatifi-ziyaret-etti\/\"  aria-hidden=\"true\" class=\"icon-add-plus-button\"><\/a><\/div>\n\t\t\t<\/div>\t\r\n\t<div class=\"sc_services_item_info\">\r\n\t\t\t\t<div class=\"sc_services_item_header\">\r\n\t\t\t\t\t\t<h5 class=\"sc_services_item_title entry-title\"><a href=\"https:\/\/www.leventuysal.com\/en\/services\/mhp-mersin-milletvekili-adayi-dr-levent-uysal-bozyazi-esnaf-ve-sanatkarlar-kredi-ve-kefalet-kooperatifi-ziyaret-etti\/\">MHP Mersin Milletvekili aday\u0131 Dr. Levent UYSAL Bozyaz\u0131 Esnaf ve Sanatkarlar Kredi ve Kefalet Kooperatifi ziyaret etti.<\/a><\/h5>\r\n\t\t\t\t\t\t\t\t<\/div>\r\n\t\t\t\t<\/div>\r\n<\/div>\r\n<\/div><div class=\"trx_addons_column-1_3\"><div data-post-id=\"3875\" class=\"sc_services_item no_links without_content with_image sc_services_item_featured_top post-3875 cpt_services type-cpt_services status-publish has-post-thumbnail hentry cpt_services_group-haberler\">\r\n\t<div class=\"post_featured with_thumb hover_icon sc_services_item_thumb\"><img loading=\"lazy\" decoding=\"async\" width=\"1540\" height=\"866\" src=\"https:\/\/www.leventuysal.com\/wp-content\/uploads\/2024\/10\/h38-1540x866.webp\" class=\"attachment-rightway-thumb-big size-rightway-thumb-big wp-post-image\" alt=\"\" srcset=\"https:\/\/www.leventuysal.com\/wp-content\/uploads\/2024\/10\/h38-1540x866.webp 1540w, https:\/\/www.leventuysal.com\/wp-content\/uploads\/2024\/10\/h38-1170x658.webp 1170w, https:\/\/www.leventuysal.com\/wp-content\/uploads\/2024\/10\/h38-370x208.webp 370w, https:\/\/www.leventuysal.com\/wp-content\/uploads\/2024\/10\/h38-270x152.webp 270w\" sizes=\"(max-width: 1540px) 100vw, 1540px\" \/>\t\t\t\t\t\t<div class=\"mask\"><\/div>\n\t\t\t\t\t\t\t\t\t<div class=\"icons\"><a href=\"https:\/\/www.leventuysal.com\/en\/services\/mhp-mersin-milletvekili-adayi-dr-levent-uysal-anamur-cem-evini-ziyaret-etti\/\"  aria-hidden=\"true\" class=\"icon-add-plus-button\"><\/a><\/div>\n\t\t\t<\/div>\t\r\n\t<div class=\"sc_services_item_info\">\r\n\t\t\t\t<div class=\"sc_services_item_header\">\r\n\t\t\t\t\t\t<h5 class=\"sc_services_item_title entry-title\"><a href=\"https:\/\/www.leventuysal.com\/en\/services\/mhp-mersin-milletvekili-adayi-dr-levent-uysal-anamur-cem-evini-ziyaret-etti\/\">MHP Mersin Milletvekili aday\u0131 Dr. Levent UYSAL Anamur Cem Evi\u2019ni ziyaret etti.<\/a><\/h5>\r\n\t\t\t\t\t\t\t\t<\/div>\r\n\t\t\t\t<\/div>\r\n<\/div>\r\n<\/div><div class=\"trx_addons_column-1_3\"><div data-post-id=\"3879\" class=\"sc_services_item no_links without_content with_image sc_services_item_featured_top post-3879 cpt_services type-cpt_services status-publish has-post-thumbnail hentry cpt_services_group-haberler\">\r\n\t<div class=\"post_featured with_thumb hover_icon sc_services_item_thumb\"><img loading=\"lazy\" decoding=\"async\" width=\"1540\" height=\"866\" src=\"https:\/\/www.leventuysal.com\/wp-content\/uploads\/2024\/10\/h39-1540x866.webp\" class=\"attachment-rightway-thumb-big size-rightway-thumb-big wp-post-image\" alt=\"\" srcset=\"https:\/\/www.leventuysal.com\/wp-content\/uploads\/2024\/10\/h39-1540x866.webp 1540w, https:\/\/www.leventuysal.com\/wp-content\/uploads\/2024\/10\/h39-1170x658.webp 1170w, https:\/\/www.leventuysal.com\/wp-content\/uploads\/2024\/10\/h39-370x208.webp 370w, https:\/\/www.leventuysal.com\/wp-content\/uploads\/2024\/10\/h39-270x152.webp 270w\" sizes=\"(max-width: 1540px) 100vw, 1540px\" \/>\t\t\t\t\t\t<div class=\"mask\"><\/div>\n\t\t\t\t\t\t\t\t\t<div class=\"icons\"><a href=\"https:\/\/www.leventuysal.com\/en\/services\/mhp-mersin-milletvekili-adayi-dr-levent-uysal-mersin-stklilar-ile-bir-araya-gelerek-mersingiadin-sabah-kahvaltisina-katildi\/\"  aria-hidden=\"true\" class=\"icon-add-plus-button\"><\/a><\/div>\n\t\t\t<\/div>\t\r\n\t<div class=\"sc_services_item_info\">\r\n\t\t\t\t<div class=\"sc_services_item_header\">\r\n\t\t\t\t\t\t<h5 class=\"sc_services_item_title entry-title\"><a href=\"https:\/\/www.leventuysal.com\/en\/services\/mhp-mersin-milletvekili-adayi-dr-levent-uysal-mersin-stklilar-ile-bir-araya-gelerek-mersingiadin-sabah-kahvaltisina-katildi\/\">MHP Mersin Milletvekili aday\u0131 Dr. Levent UYSAL Mersin STK\u2019l\u0131lar ile bir araya gelerek MERS\u0130NG\u0130AD\u2019\u0131n sabah kahvalt\u0131s\u0131na kat\u0131ld\u0131.<\/a><\/h5>\r\n\t\t\t\t\t\t\t\t<\/div>\r\n\t\t\t\t<\/div>\r\n<\/div>\r\n<\/div><div class=\"trx_addons_column-1_3\"><div data-post-id=\"3882\" class=\"sc_services_item no_links without_content with_image sc_services_item_featured_top post-3882 cpt_services type-cpt_services status-publish has-post-thumbnail hentry cpt_services_group-haberler\">\r\n\t<div class=\"post_featured with_thumb hover_icon sc_services_item_thumb\"><img loading=\"lazy\" decoding=\"async\" width=\"1540\" height=\"866\" src=\"https:\/\/www.leventuysal.com\/wp-content\/uploads\/2024\/10\/h40-1540x866.webp\" class=\"attachment-rightway-thumb-big size-rightway-thumb-big wp-post-image\" alt=\"\" srcset=\"https:\/\/www.leventuysal.com\/wp-content\/uploads\/2024\/10\/h40-1540x866.webp 1540w, https:\/\/www.leventuysal.com\/wp-content\/uploads\/2024\/10\/h40-1170x658.webp 1170w, https:\/\/www.leventuysal.com\/wp-content\/uploads\/2024\/10\/h40-370x208.webp 370w, https:\/\/www.leventuysal.com\/wp-content\/uploads\/2024\/10\/h40-270x152.webp 270w\" sizes=\"(max-width: 1540px) 100vw, 1540px\" \/>\t\t\t\t\t\t<div class=\"mask\"><\/div>\n\t\t\t\t\t\t\t\t\t<div class=\"icons\"><a href=\"https:\/\/www.leventuysal.com\/en\/services\/mhp-mersin-milletvekili-adayi-dr-levent-uysal-divan-oteli-ziyaret-etti\/\"  aria-hidden=\"true\" class=\"icon-add-plus-button\"><\/a><\/div>\n\t\t\t<\/div>\t\r\n\t<div class=\"sc_services_item_info\">\r\n\t\t\t\t<div class=\"sc_services_item_header\">\r\n\t\t\t\t\t\t<h5 class=\"sc_services_item_title entry-title\"><a href=\"https:\/\/www.leventuysal.com\/en\/services\/mhp-mersin-milletvekili-adayi-dr-levent-uysal-divan-oteli-ziyaret-etti\/\">MHP Mersin Milletvekili aday\u0131 Dr. Levent UYSAL Divan Otel\u2019i ziyaret etti.<\/a><\/h5>\r\n\t\t\t\t\t\t\t\t<\/div>\r\n\t\t\t\t<\/div>\r\n<\/div>\r\n<\/div><div class=\"trx_addons_column-1_3\"><div data-post-id=\"3885\" class=\"sc_services_item no_links without_content with_image sc_services_item_featured_top post-3885 cpt_services type-cpt_services status-publish has-post-thumbnail hentry cpt_services_group-haberler\">\r\n\t<div class=\"post_featured with_thumb hover_icon sc_services_item_thumb\"><img loading=\"lazy\" decoding=\"async\" width=\"1540\" height=\"866\" src=\"https:\/\/www.leventuysal.com\/wp-content\/uploads\/2024\/10\/0_0001_ttttttttttt-1540x866.webp\" class=\"attachment-rightway-thumb-big size-rightway-thumb-big wp-post-image\" alt=\"\" srcset=\"https:\/\/www.leventuysal.com\/wp-content\/uploads\/2024\/10\/0_0001_ttttttttttt-1540x866.webp 1540w, https:\/\/www.leventuysal.com\/wp-content\/uploads\/2024\/10\/0_0001_ttttttttttt-1170x658.webp 1170w, https:\/\/www.leventuysal.com\/wp-content\/uploads\/2024\/10\/0_0001_ttttttttttt-370x208.webp 370w, https:\/\/www.leventuysal.com\/wp-content\/uploads\/2024\/10\/0_0001_ttttttttttt-270x152.webp 270w\" sizes=\"(max-width: 1540px) 100vw, 1540px\" \/>\t\t\t\t\t\t<div class=\"mask\"><\/div>\n\t\t\t\t\t\t\t\t\t<div class=\"icons\"><a href=\"https:\/\/www.leventuysal.com\/en\/services\/mhp-mersin-milletvekili-adayi-dr-levent-uysal-girisimci-is-kadinlari-dernegini-ziyaret-etti\/\"  aria-hidden=\"true\" class=\"icon-add-plus-button\"><\/a><\/div>\n\t\t\t<\/div>\t\r\n\t<div class=\"sc_services_item_info\">\r\n\t\t\t\t<div class=\"sc_services_item_header\">\r\n\t\t\t\t\t\t<h5 class=\"sc_services_item_title entry-title\"><a href=\"https:\/\/www.leventuysal.com\/en\/services\/mhp-mersin-milletvekili-adayi-dr-levent-uysal-girisimci-is-kadinlari-dernegini-ziyaret-etti\/\">MHP Mersin Milletvekili aday\u0131 Dr. Levent UYSAL Giri\u015fimci \u0130\u015f Kad\u0131nlar\u0131 Derne\u011fi\u2019ni ziyaret etti.<\/a><\/h5>\r\n\t\t\t\t\t\t\t\t<\/div>\r\n\t\t\t\t<\/div>\r\n<\/div>\r\n<\/div><div class=\"trx_addons_column-1_3\"><div data-post-id=\"3888\" class=\"sc_services_item no_links without_content with_image sc_services_item_featured_top post-3888 cpt_services type-cpt_services status-publish has-post-thumbnail hentry cpt_services_group-haberler\">\r\n\t<div class=\"post_featured with_thumb hover_icon sc_services_item_thumb\"><img loading=\"lazy\" decoding=\"async\" width=\"1540\" height=\"866\" src=\"https:\/\/www.leventuysal.com\/wp-content\/uploads\/2024\/10\/h42-1540x866.webp\" class=\"attachment-rightway-thumb-big size-rightway-thumb-big wp-post-image\" alt=\"\" srcset=\"https:\/\/www.leventuysal.com\/wp-content\/uploads\/2024\/10\/h42-1540x866.webp 1540w, https:\/\/www.leventuysal.com\/wp-content\/uploads\/2024\/10\/h42-1170x658.webp 1170w, https:\/\/www.leventuysal.com\/wp-content\/uploads\/2024\/10\/h42-370x208.webp 370w, https:\/\/www.leventuysal.com\/wp-content\/uploads\/2024\/10\/h42-270x152.webp 270w\" sizes=\"(max-width: 1540px) 100vw, 1540px\" \/>\t\t\t\t\t\t<div class=\"mask\"><\/div>\n\t\t\t\t\t\t\t\t\t<div class=\"icons\"><a href=\"https:\/\/www.leventuysal.com\/en\/services\/mhp-mersin-milletvekili-adayi-dr-levent-uysal-musiadi-ziyaret-etti\/\"  aria-hidden=\"true\" class=\"icon-add-plus-button\"><\/a><\/div>\n\t\t\t<\/div>\t\r\n\t<div class=\"sc_services_item_info\">\r\n\t\t\t\t<div class=\"sc_services_item_header\">\r\n\t\t\t\t\t\t<h5 class=\"sc_services_item_title entry-title\"><a href=\"https:\/\/www.leventuysal.com\/en\/services\/mhp-mersin-milletvekili-adayi-dr-levent-uysal-musiadi-ziyaret-etti\/\">MHP Mersin Milletvekili aday\u0131 Dr. Levent UYSAL M\u00dcS\u0130AD\u2019\u0131 ziyaret etti.<\/a><\/h5>\r\n\t\t\t\t\t\t\t\t<\/div>\r\n\t\t\t\t<\/div>\r\n<\/div>\r\n<\/div><div class=\"trx_addons_column-1_3\"><div data-post-id=\"3891\" class=\"sc_services_item no_links without_content with_image sc_services_item_featured_top post-3891 cpt_services type-cpt_services status-publish has-post-thumbnail hentry cpt_services_group-haberler\">\r\n\t<div class=\"post_featured with_thumb hover_icon sc_services_item_thumb\"><img loading=\"lazy\" decoding=\"async\" width=\"1540\" height=\"866\" src=\"https:\/\/www.leventuysal.com\/wp-content\/uploads\/2024\/10\/h43-1540x866.webp\" class=\"attachment-rightway-thumb-big size-rightway-thumb-big wp-post-image\" alt=\"\" srcset=\"https:\/\/www.leventuysal.com\/wp-content\/uploads\/2024\/10\/h43-1540x866.webp 1540w, https:\/\/www.leventuysal.com\/wp-content\/uploads\/2024\/10\/h43-1170x658.webp 1170w, https:\/\/www.leventuysal.com\/wp-content\/uploads\/2024\/10\/h43-370x208.webp 370w, https:\/\/www.leventuysal.com\/wp-content\/uploads\/2024\/10\/h43-270x152.webp 270w\" sizes=\"(max-width: 1540px) 100vw, 1540px\" \/>\t\t\t\t\t\t<div class=\"mask\"><\/div>\n\t\t\t\t\t\t\t\t\t<div class=\"icons\"><a href=\"https:\/\/www.leventuysal.com\/en\/services\/mhp-mersin-milletvekili-adayi-dr-levent-uysal-aydincili-hemsehrilerini-ziyaret-etti\/\"  aria-hidden=\"true\" class=\"icon-add-plus-button\"><\/a><\/div>\n\t\t\t<\/div>\t\r\n\t<div class=\"sc_services_item_info\">\r\n\t\t\t\t<div class=\"sc_services_item_header\">\r\n\t\t\t\t\t\t<h5 class=\"sc_services_item_title entry-title\"><a href=\"https:\/\/www.leventuysal.com\/en\/services\/mhp-mersin-milletvekili-adayi-dr-levent-uysal-aydincili-hemsehrilerini-ziyaret-etti\/\">MHP Mersin Milletvekili aday\u0131 Dr. Levent UYSAL Ayd\u0131nc\u0131\u2019l\u0131 hem\u015fehrilerini ziyaret etti.<\/a><\/h5>\r\n\t\t\t\t\t\t\t\t<\/div>\r\n\t\t\t\t<\/div>\r\n<\/div>\r\n<\/div><div class=\"trx_addons_column-1_3\"><div data-post-id=\"3894\" class=\"sc_services_item no_links without_content with_image sc_services_item_featured_top post-3894 cpt_services type-cpt_services status-publish has-post-thumbnail hentry cpt_services_group-haberler\">\r\n\t<div class=\"post_featured with_thumb hover_icon sc_services_item_thumb\"><img loading=\"lazy\" decoding=\"async\" width=\"1540\" height=\"866\" src=\"https:\/\/www.leventuysal.com\/wp-content\/uploads\/2024\/10\/h44-1540x866.webp\" class=\"attachment-rightway-thumb-big size-rightway-thumb-big wp-post-image\" alt=\"\" srcset=\"https:\/\/www.leventuysal.com\/wp-content\/uploads\/2024\/10\/h44-1540x866.webp 1540w, https:\/\/www.leventuysal.com\/wp-content\/uploads\/2024\/10\/h44-1170x658.webp 1170w, https:\/\/www.leventuysal.com\/wp-content\/uploads\/2024\/10\/h44-370x208.webp 370w, https:\/\/www.leventuysal.com\/wp-content\/uploads\/2024\/10\/h44-270x152.webp 270w\" sizes=\"(max-width: 1540px) 100vw, 1540px\" \/>\t\t\t\t\t\t<div class=\"mask\"><\/div>\n\t\t\t\t\t\t\t\t\t<div class=\"icons\"><a href=\"https:\/\/www.leventuysal.com\/en\/services\/mhp-mersin-milletvekili-adayi-dr-levent-uysal-sivil-toplum-kuruslarinin-baskanlariyla-bulustu\/\"  aria-hidden=\"true\" class=\"icon-add-plus-button\"><\/a><\/div>\n\t\t\t<\/div>\t\r\n\t<div class=\"sc_services_item_info\">\r\n\t\t\t\t<div class=\"sc_services_item_header\">\r\n\t\t\t\t\t\t<h5 class=\"sc_services_item_title entry-title\"><a href=\"https:\/\/www.leventuysal.com\/en\/services\/mhp-mersin-milletvekili-adayi-dr-levent-uysal-sivil-toplum-kuruslarinin-baskanlariyla-bulustu\/\">MHP Mersin Milletvekili aday\u0131 Dr. Levent UYSAL Sivil Toplum Kuru\u015flar\u0131n\u0131n Ba\u015fkanlar\u0131yla bulu\u015ftu.<\/a><\/h5>\r\n\t\t\t\t\t\t\t\t<\/div>\r\n\t\t\t\t<\/div>\r\n<\/div>\r\n<\/div><div class=\"trx_addons_column-1_3\"><div data-post-id=\"3897\" class=\"sc_services_item no_links without_content with_image sc_services_item_featured_top post-3897 cpt_services type-cpt_services status-publish has-post-thumbnail hentry cpt_services_group-haberler\">\r\n\t<div class=\"post_featured with_thumb hover_icon sc_services_item_thumb\"><img loading=\"lazy\" decoding=\"async\" width=\"1540\" height=\"866\" src=\"https:\/\/www.leventuysal.com\/wp-content\/uploads\/2024\/10\/0_0000_weddfsdfdsfasdffsdfsdfdsfsdfsdfsdffasddf-1540x866.webp\" class=\"attachment-rightway-thumb-big size-rightway-thumb-big wp-post-image\" alt=\"\" srcset=\"https:\/\/www.leventuysal.com\/wp-content\/uploads\/2024\/10\/0_0000_weddfsdfdsfasdffsdfsdfdsfsdfsdfsdffasddf-1540x866.webp 1540w, https:\/\/www.leventuysal.com\/wp-content\/uploads\/2024\/10\/0_0000_weddfsdfdsfasdffsdfsdfdsfsdfsdfsdffasddf-1170x658.webp 1170w, https:\/\/www.leventuysal.com\/wp-content\/uploads\/2024\/10\/0_0000_weddfsdfdsfasdffsdfsdfdsfsdfsdfsdffasddf-370x208.webp 370w, https:\/\/www.leventuysal.com\/wp-content\/uploads\/2024\/10\/0_0000_weddfsdfdsfasdffsdfsdfdsfsdfsdfsdffasddf-270x152.webp 270w\" sizes=\"(max-width: 1540px) 100vw, 1540px\" \/>\t\t\t\t\t\t<div class=\"mask\"><\/div>\n\t\t\t\t\t\t\t\t\t<div class=\"icons\"><a href=\"https:\/\/www.leventuysal.com\/en\/services\/mhp-mersin-milletvekili-adayi-dr-levent-uysal-emlak-musavirleri-dernegini-ziyaret-etti\/\"  aria-hidden=\"true\" class=\"icon-add-plus-button\"><\/a><\/div>\n\t\t\t<\/div>\t\r\n\t<div class=\"sc_services_item_info\">\r\n\t\t\t\t<div class=\"sc_services_item_header\">\r\n\t\t\t\t\t\t<h5 class=\"sc_services_item_title entry-title\"><a href=\"https:\/\/www.leventuysal.com\/en\/services\/mhp-mersin-milletvekili-adayi-dr-levent-uysal-emlak-musavirleri-dernegini-ziyaret-etti\/\">MHP Mersin Milletvekili aday\u0131 Dr. Levent UYSAL Emlak M\u00fc\u015favirleri Derne\u011fi\u2019ni ziyaret etti.<\/a><\/h5>\r\n\t\t\t\t\t\t\t\t<\/div>\r\n\t\t\t\t<\/div>\r\n<\/div>\r\n<\/div><div class=\"trx_addons_column-1_3\"><div data-post-id=\"3900\" class=\"sc_services_item no_links without_content with_image sc_services_item_featured_top post-3900 cpt_services type-cpt_services status-publish has-post-thumbnail hentry cpt_services_group-haberler\">\r\n\t<div class=\"post_featured with_thumb hover_icon sc_services_item_thumb\"><img loading=\"lazy\" decoding=\"async\" width=\"1540\" height=\"866\" src=\"https:\/\/www.leventuysal.com\/wp-content\/uploads\/2024\/10\/h46-1540x866.webp\" class=\"attachment-rightway-thumb-big size-rightway-thumb-big wp-post-image\" alt=\"\" srcset=\"https:\/\/www.leventuysal.com\/wp-content\/uploads\/2024\/10\/h46-1540x866.webp 1540w, https:\/\/www.leventuysal.com\/wp-content\/uploads\/2024\/10\/h46-1170x658.webp 1170w, https:\/\/www.leventuysal.com\/wp-content\/uploads\/2024\/10\/h46-370x208.webp 370w, https:\/\/www.leventuysal.com\/wp-content\/uploads\/2024\/10\/h46-270x152.webp 270w\" sizes=\"(max-width: 1540px) 100vw, 1540px\" \/>\t\t\t\t\t\t<div class=\"mask\"><\/div>\n\t\t\t\t\t\t\t\t\t<div class=\"icons\"><a href=\"https:\/\/www.leventuysal.com\/en\/services\/mhp-mersin-milletvekili-adayi-dr-levent-uysal-huzurlukent-esnaflarini-ziyaret-etti\/\"  aria-hidden=\"true\" class=\"icon-add-plus-button\"><\/a><\/div>\n\t\t\t<\/div>\t\r\n\t<div class=\"sc_services_item_info\">\r\n\t\t\t\t<div class=\"sc_services_item_header\">\r\n\t\t\t\t\t\t<h5 class=\"sc_services_item_title entry-title\"><a href=\"https:\/\/www.leventuysal.com\/en\/services\/mhp-mersin-milletvekili-adayi-dr-levent-uysal-huzurlukent-esnaflarini-ziyaret-etti\/\">MHP Mersin Milletvekili aday\u0131 Dr. Levent UYSAL Huzurlukent esnaflar\u0131n\u0131 ziyaret etti.<\/a><\/h5>\r\n\t\t\t\t\t\t\t\t<\/div>\r\n\t\t\t\t<\/div>\r\n<\/div>\r\n<\/div><div class=\"trx_addons_column-1_3\"><div data-post-id=\"3903\" class=\"sc_services_item no_links without_content with_image sc_services_item_featured_top post-3903 cpt_services type-cpt_services status-publish has-post-thumbnail hentry cpt_services_group-haberler\">\r\n\t<div class=\"post_featured with_thumb hover_icon sc_services_item_thumb\"><img loading=\"lazy\" decoding=\"async\" width=\"1540\" height=\"866\" src=\"https:\/\/www.leventuysal.com\/wp-content\/uploads\/2024\/10\/h47-1540x866.webp\" class=\"attachment-rightway-thumb-big size-rightway-thumb-big wp-post-image\" alt=\"\" srcset=\"https:\/\/www.leventuysal.com\/wp-content\/uploads\/2024\/10\/h47-1540x866.webp 1540w, https:\/\/www.leventuysal.com\/wp-content\/uploads\/2024\/10\/h47-1170x658.webp 1170w, https:\/\/www.leventuysal.com\/wp-content\/uploads\/2024\/10\/h47-370x208.webp 370w, https:\/\/www.leventuysal.com\/wp-content\/uploads\/2024\/10\/h47-270x152.webp 270w\" sizes=\"(max-width: 1540px) 100vw, 1540px\" \/>\t\t\t\t\t\t<div class=\"mask\"><\/div>\n\t\t\t\t\t\t\t\t\t<div class=\"icons\"><a href=\"https:\/\/www.leventuysal.com\/en\/services\/mhp-mersin-milletvekili-adayi-dr-levent-uysal-mersin-serbest-muhasebeci-ve-mali-musavirler-odasi\/\"  aria-hidden=\"true\" class=\"icon-add-plus-button\"><\/a><\/div>\n\t\t\t<\/div>\t\r\n\t<div class=\"sc_services_item_info\">\r\n\t\t\t\t<div class=\"sc_services_item_header\">\r\n\t\t\t\t\t\t<h5 class=\"sc_services_item_title entry-title\"><a href=\"https:\/\/www.leventuysal.com\/en\/services\/mhp-mersin-milletvekili-adayi-dr-levent-uysal-mersin-serbest-muhasebeci-ve-mali-musavirler-odasi\/\">MHP Mersin Milletvekili aday\u0131 Dr. Levent UYSAL Mersin Serbest Muhasebeci ve Mali M\u00fc\u015favirler Odas\u0131<\/a><\/h5>\r\n\t\t\t\t\t\t\t\t<\/div>\r\n\t\t\t\t<\/div>\r\n<\/div>\r\n<\/div><div class=\"trx_addons_column-1_3\"><div data-post-id=\"3906\" class=\"sc_services_item no_links without_content with_image sc_services_item_featured_top post-3906 cpt_services type-cpt_services status-publish has-post-thumbnail hentry cpt_services_group-haberler\">\r\n\t<div class=\"post_featured with_thumb hover_icon sc_services_item_thumb\"><img loading=\"lazy\" decoding=\"async\" width=\"1540\" height=\"866\" src=\"https:\/\/www.leventuysal.com\/wp-content\/uploads\/2024\/10\/h48-1540x866.webp\" class=\"attachment-rightway-thumb-big size-rightway-thumb-big wp-post-image\" alt=\"\" srcset=\"https:\/\/www.leventuysal.com\/wp-content\/uploads\/2024\/10\/h48-1540x866.webp 1540w, https:\/\/www.leventuysal.com\/wp-content\/uploads\/2024\/10\/h48-1170x658.webp 1170w, https:\/\/www.leventuysal.com\/wp-content\/uploads\/2024\/10\/h48-370x208.webp 370w, https:\/\/www.leventuysal.com\/wp-content\/uploads\/2024\/10\/h48-270x152.webp 270w\" sizes=\"(max-width: 1540px) 100vw, 1540px\" \/>\t\t\t\t\t\t<div class=\"mask\"><\/div>\n\t\t\t\t\t\t\t\t\t<div class=\"icons\"><a href=\"https:\/\/www.leventuysal.com\/en\/services\/mhp-mersin-milletvekili-adayi-dr-levent-uysal-akdeniz-ilcesine-bagli-koyleri-ziyaret-etti\/\"  aria-hidden=\"true\" class=\"icon-add-plus-button\"><\/a><\/div>\n\t\t\t<\/div>\t\r\n\t<div class=\"sc_services_item_info\">\r\n\t\t\t\t<div class=\"sc_services_item_header\">\r\n\t\t\t\t\t\t<h5 class=\"sc_services_item_title entry-title\"><a href=\"https:\/\/www.leventuysal.com\/en\/services\/mhp-mersin-milletvekili-adayi-dr-levent-uysal-akdeniz-ilcesine-bagli-koyleri-ziyaret-etti\/\">MHP Mersin Milletvekili aday\u0131 Dr. Levent UYSAL Akdeniz il\u00e7esine ba\u011fl\u0131 k\u00f6yleri ziyaret etti.<\/a><\/h5>\r\n\t\t\t\t\t\t\t\t<\/div>\r\n\t\t\t\t<\/div>\r\n<\/div>\r\n<\/div><div class=\"trx_addons_column-1_3\"><div data-post-id=\"3909\" class=\"sc_services_item no_links without_content with_image sc_services_item_featured_top post-3909 cpt_services type-cpt_services status-publish has-post-thumbnail hentry cpt_services_group-haberler\">\r\n\t<div class=\"post_featured with_thumb hover_icon sc_services_item_thumb\"><img loading=\"lazy\" decoding=\"async\" width=\"1540\" height=\"866\" src=\"https:\/\/www.leventuysal.com\/wp-content\/uploads\/2024\/10\/h49-1540x866.webp\" class=\"attachment-rightway-thumb-big size-rightway-thumb-big wp-post-image\" alt=\"\" srcset=\"https:\/\/www.leventuysal.com\/wp-content\/uploads\/2024\/10\/h49-1540x866.webp 1540w, https:\/\/www.leventuysal.com\/wp-content\/uploads\/2024\/10\/h49-1170x658.webp 1170w, https:\/\/www.leventuysal.com\/wp-content\/uploads\/2024\/10\/h49-370x208.webp 370w, https:\/\/www.leventuysal.com\/wp-content\/uploads\/2024\/10\/h49-270x152.webp 270w\" sizes=\"(max-width: 1540px) 100vw, 1540px\" \/>\t\t\t\t\t\t<div class=\"mask\"><\/div>\n\t\t\t\t\t\t\t\t\t<div class=\"icons\"><a href=\"https:\/\/www.leventuysal.com\/en\/services\/mhp-mersin-milletvekili-adayi-dr-levent-uysal-mezitli-kaymakamligini-ziyaret-etti\/\"  aria-hidden=\"true\" class=\"icon-add-plus-button\"><\/a><\/div>\n\t\t\t<\/div>\t\r\n\t<div class=\"sc_services_item_info\">\r\n\t\t\t\t<div class=\"sc_services_item_header\">\r\n\t\t\t\t\t\t<h5 class=\"sc_services_item_title entry-title\"><a href=\"https:\/\/www.leventuysal.com\/en\/services\/mhp-mersin-milletvekili-adayi-dr-levent-uysal-mezitli-kaymakamligini-ziyaret-etti\/\">MHP Mersin Milletvekili aday\u0131 Dr. Levent UYSAL Mezitli Kaymakaml\u0131\u011f\u0131n\u0131 ziyaret etti.<\/a><\/h5>\r\n\t\t\t\t\t\t\t\t<\/div>\r\n\t\t\t\t<\/div>\r\n<\/div>\r\n<\/div><div class=\"trx_addons_column-1_3\"><div data-post-id=\"3912\" class=\"sc_services_item no_links without_content with_image sc_services_item_featured_top post-3912 cpt_services type-cpt_services status-publish has-post-thumbnail hentry cpt_services_group-haberler\">\r\n\t<div class=\"post_featured with_thumb hover_icon sc_services_item_thumb\"><img loading=\"lazy\" decoding=\"async\" width=\"1540\" height=\"866\" src=\"https:\/\/www.leventuysal.com\/wp-content\/uploads\/2024\/10\/h50-1540x866.webp\" class=\"attachment-rightway-thumb-big size-rightway-thumb-big wp-post-image\" alt=\"\" srcset=\"https:\/\/www.leventuysal.com\/wp-content\/uploads\/2024\/10\/h50-1540x866.webp 1540w, https:\/\/www.leventuysal.com\/wp-content\/uploads\/2024\/10\/h50-1170x658.webp 1170w, https:\/\/www.leventuysal.com\/wp-content\/uploads\/2024\/10\/h50-370x208.webp 370w, https:\/\/www.leventuysal.com\/wp-content\/uploads\/2024\/10\/h50-270x152.webp 270w\" sizes=\"(max-width: 1540px) 100vw, 1540px\" \/>\t\t\t\t\t\t<div class=\"mask\"><\/div>\n\t\t\t\t\t\t\t\t\t<div class=\"icons\"><a href=\"https:\/\/www.leventuysal.com\/en\/services\/mhp-mersin-milletvekili-adayi-dr-levent-uysal-maxdiva-magazasini-ziyaret-etti\/\"  aria-hidden=\"true\" class=\"icon-add-plus-button\"><\/a><\/div>\n\t\t\t<\/div>\t\r\n\t<div class=\"sc_services_item_info\">\r\n\t\t\t\t<div class=\"sc_services_item_header\">\r\n\t\t\t\t\t\t<h5 class=\"sc_services_item_title entry-title\"><a href=\"https:\/\/www.leventuysal.com\/en\/services\/mhp-mersin-milletvekili-adayi-dr-levent-uysal-maxdiva-magazasini-ziyaret-etti\/\">MHP Mersin Milletvekili aday\u0131 Dr. Levent UYSAL Maxdiva Ma\u011fazas\u0131n\u0131 ziyaret etti.<\/a><\/h5>\r\n\t\t\t\t\t\t\t\t<\/div>\r\n\t\t\t\t<\/div>\r\n<\/div>\r\n<\/div><div class=\"trx_addons_column-1_3\"><div data-post-id=\"3915\" class=\"sc_services_item no_links without_content with_image sc_services_item_featured_top post-3915 cpt_services type-cpt_services status-publish has-post-thumbnail hentry cpt_services_group-haberler\">\r\n\t<div class=\"post_featured with_thumb hover_icon sc_services_item_thumb\"><img loading=\"lazy\" decoding=\"async\" width=\"1540\" height=\"866\" src=\"https:\/\/www.leventuysal.com\/wp-content\/uploads\/2024\/10\/h51-1540x866.webp\" class=\"attachment-rightway-thumb-big size-rightway-thumb-big wp-post-image\" alt=\"\" srcset=\"https:\/\/www.leventuysal.com\/wp-content\/uploads\/2024\/10\/h51-1540x866.webp 1540w, https:\/\/www.leventuysal.com\/wp-content\/uploads\/2024\/10\/h51-1170x658.webp 1170w, https:\/\/www.leventuysal.com\/wp-content\/uploads\/2024\/10\/h51-370x208.webp 370w, https:\/\/www.leventuysal.com\/wp-content\/uploads\/2024\/10\/h51-270x152.webp 270w\" sizes=\"(max-width: 1540px) 100vw, 1540px\" \/>\t\t\t\t\t\t<div class=\"mask\"><\/div>\n\t\t\t\t\t\t\t\t\t<div class=\"icons\"><a href=\"https:\/\/www.leventuysal.com\/en\/services\/mhp-mersin-milletvekili-adayi-dr-levent-uysal-mezitli-sanayi-ziyaret-etti\/\"  aria-hidden=\"true\" class=\"icon-add-plus-button\"><\/a><\/div>\n\t\t\t<\/div>\t\r\n\t<div class=\"sc_services_item_info\">\r\n\t\t\t\t<div class=\"sc_services_item_header\">\r\n\t\t\t\t\t\t<h5 class=\"sc_services_item_title entry-title\"><a href=\"https:\/\/www.leventuysal.com\/en\/services\/mhp-mersin-milletvekili-adayi-dr-levent-uysal-mezitli-sanayi-ziyaret-etti\/\">MHP Mersin Milletvekili aday\u0131 Dr. Levent UYSAL Mezitli Sanayi ziyaret etti.<\/a><\/h5>\r\n\t\t\t\t\t\t\t\t<\/div>\r\n\t\t\t\t<\/div>\r\n<\/div>\r\n<\/div><div class=\"trx_addons_column-1_3\"><div data-post-id=\"3918\" class=\"sc_services_item no_links without_content with_image sc_services_item_featured_top post-3918 cpt_services type-cpt_services status-publish has-post-thumbnail hentry cpt_services_group-haberler\">\r\n\t<div class=\"post_featured with_thumb hover_icon sc_services_item_thumb\"><img loading=\"lazy\" decoding=\"async\" width=\"1540\" height=\"866\" src=\"https:\/\/www.leventuysal.com\/wp-content\/uploads\/2024\/10\/h52-1540x866.webp\" class=\"attachment-rightway-thumb-big size-rightway-thumb-big wp-post-image\" alt=\"\" srcset=\"https:\/\/www.leventuysal.com\/wp-content\/uploads\/2024\/10\/h52-1540x866.webp 1540w, https:\/\/www.leventuysal.com\/wp-content\/uploads\/2024\/10\/h52-1170x658.webp 1170w, https:\/\/www.leventuysal.com\/wp-content\/uploads\/2024\/10\/h52-370x208.webp 370w, https:\/\/www.leventuysal.com\/wp-content\/uploads\/2024\/10\/h52-270x152.webp 270w\" sizes=\"(max-width: 1540px) 100vw, 1540px\" \/>\t\t\t\t\t\t<div class=\"mask\"><\/div>\n\t\t\t\t\t\t\t\t\t<div class=\"icons\"><a href=\"https:\/\/www.leventuysal.com\/en\/services\/mhp-mersin-milletvekili-adayi-dr-levent-uysal-turkiye-irak-suriye-is-insanlari-dernegini-ziyaret-etti\/\"  aria-hidden=\"true\" class=\"icon-add-plus-button\"><\/a><\/div>\n\t\t\t<\/div>\t\r\n\t<div class=\"sc_services_item_info\">\r\n\t\t\t\t<div class=\"sc_services_item_header\">\r\n\t\t\t\t\t\t<h5 class=\"sc_services_item_title entry-title\"><a href=\"https:\/\/www.leventuysal.com\/en\/services\/mhp-mersin-milletvekili-adayi-dr-levent-uysal-turkiye-irak-suriye-is-insanlari-dernegini-ziyaret-etti\/\">MHP Mersin Milletvekili aday\u0131 Dr. Levent UYSAL , T\u00fcrkiye \u2013 Irak \u2013 Suriye \u0130\u015f \u0130nsanlar\u0131 Derne\u011fi\u2019ni ziyaret etti.<\/a><\/h5>\r\n\t\t\t\t\t\t\t\t<\/div>\r\n\t\t\t\t<\/div>\r\n<\/div>\r\n<\/div><div class=\"trx_addons_column-1_3\"><div data-post-id=\"3921\" class=\"sc_services_item no_links without_content with_image sc_services_item_featured_top post-3921 cpt_services type-cpt_services status-publish has-post-thumbnail hentry cpt_services_group-haberler\">\r\n\t<div class=\"post_featured with_thumb hover_icon sc_services_item_thumb\"><img loading=\"lazy\" decoding=\"async\" width=\"1540\" height=\"866\" src=\"https:\/\/www.leventuysal.com\/wp-content\/uploads\/2024\/10\/h53-1540x866.webp\" class=\"attachment-rightway-thumb-big size-rightway-thumb-big wp-post-image\" alt=\"\" srcset=\"https:\/\/www.leventuysal.com\/wp-content\/uploads\/2024\/10\/h53-1540x866.webp 1540w, https:\/\/www.leventuysal.com\/wp-content\/uploads\/2024\/10\/h53-1170x658.webp 1170w, https:\/\/www.leventuysal.com\/wp-content\/uploads\/2024\/10\/h53-370x208.webp 370w, https:\/\/www.leventuysal.com\/wp-content\/uploads\/2024\/10\/h53-270x152.webp 270w\" sizes=\"(max-width: 1540px) 100vw, 1540px\" \/>\t\t\t\t\t\t<div class=\"mask\"><\/div>\n\t\t\t\t\t\t\t\t\t<div class=\"icons\"><a href=\"https:\/\/www.leventuysal.com\/en\/services\/mhp-mersin-milletvekili-adayi-dr-levent-uysal-mersin-sanayici-ve-is-insanlari-dernegini-ziyaret-etti\/\"  aria-hidden=\"true\" class=\"icon-add-plus-button\"><\/a><\/div>\n\t\t\t<\/div>\t\r\n\t<div class=\"sc_services_item_info\">\r\n\t\t\t\t<div class=\"sc_services_item_header\">\r\n\t\t\t\t\t\t<h5 class=\"sc_services_item_title entry-title\"><a href=\"https:\/\/www.leventuysal.com\/en\/services\/mhp-mersin-milletvekili-adayi-dr-levent-uysal-mersin-sanayici-ve-is-insanlari-dernegini-ziyaret-etti\/\">MHP Mersin Milletvekili aday\u0131 Dr. Levent UYSAL Mersin Sanayici ve \u0130\u015f \u0130nsanlar\u0131 Derne\u011fi\u2019ni ziyaret etti.<\/a><\/h5>\r\n\t\t\t\t\t\t\t\t<\/div>\r\n\t\t\t\t<\/div>\r\n<\/div>\r\n<\/div><div class=\"trx_addons_column-1_3\"><div data-post-id=\"3925\" class=\"sc_services_item no_links without_content with_image sc_services_item_featured_top post-3925 cpt_services type-cpt_services status-publish has-post-thumbnail hentry cpt_services_group-haberler\">\r\n\t<div class=\"post_featured with_thumb hover_icon sc_services_item_thumb\"><img loading=\"lazy\" decoding=\"async\" width=\"1540\" height=\"866\" src=\"https:\/\/www.leventuysal.com\/wp-content\/uploads\/2024\/10\/h54-1540x866.webp\" class=\"attachment-rightway-thumb-big size-rightway-thumb-big wp-post-image\" alt=\"\" srcset=\"https:\/\/www.leventuysal.com\/wp-content\/uploads\/2024\/10\/h54-1540x866.webp 1540w, https:\/\/www.leventuysal.com\/wp-content\/uploads\/2024\/10\/h54-1170x658.webp 1170w, https:\/\/www.leventuysal.com\/wp-content\/uploads\/2024\/10\/h54-370x208.webp 370w, https:\/\/www.leventuysal.com\/wp-content\/uploads\/2024\/10\/h54-270x152.webp 270w\" sizes=\"(max-width: 1540px) 100vw, 1540px\" \/>\t\t\t\t\t\t<div class=\"mask\"><\/div>\n\t\t\t\t\t\t\t\t\t<div class=\"icons\"><a href=\"https:\/\/www.leventuysal.com\/en\/services\/mhp-mersin-milletvekili-adayi-dr-levent-uysal-mersin-yatirimci-is-insanlari-dernegini-ziyaret-etti\/\"  aria-hidden=\"true\" class=\"icon-add-plus-button\"><\/a><\/div>\n\t\t\t<\/div>\t\r\n\t<div class=\"sc_services_item_info\">\r\n\t\t\t\t<div class=\"sc_services_item_header\">\r\n\t\t\t\t\t\t<h5 class=\"sc_services_item_title entry-title\"><a href=\"https:\/\/www.leventuysal.com\/en\/services\/mhp-mersin-milletvekili-adayi-dr-levent-uysal-mersin-yatirimci-is-insanlari-dernegini-ziyaret-etti\/\">MHP Mersin Milletvekili aday\u0131 Dr. Levent UYSAL Mersin Yat\u0131r\u0131mc\u0131 \u0130\u015f \u0130nsanlar\u0131 Derne\u011fi\u2019ni ziyaret etti.<\/a><\/h5>\r\n\t\t\t\t\t\t\t\t<\/div>\r\n\t\t\t\t<\/div>\r\n<\/div>\r\n<\/div><div class=\"trx_addons_column-1_3\"><div data-post-id=\"3928\" class=\"sc_services_item no_links without_content with_image sc_services_item_featured_top post-3928 cpt_services type-cpt_services status-publish has-post-thumbnail hentry cpt_services_group-haberler\">\r\n\t<div class=\"post_featured with_thumb hover_icon sc_services_item_thumb\"><img loading=\"lazy\" decoding=\"async\" width=\"1540\" height=\"866\" src=\"https:\/\/www.leventuysal.com\/wp-content\/uploads\/2024\/10\/h55-1540x866.webp\" class=\"attachment-rightway-thumb-big size-rightway-thumb-big wp-post-image\" alt=\"\" srcset=\"https:\/\/www.leventuysal.com\/wp-content\/uploads\/2024\/10\/h55-1540x866.webp 1540w, https:\/\/www.leventuysal.com\/wp-content\/uploads\/2024\/10\/h55-1170x658.webp 1170w, https:\/\/www.leventuysal.com\/wp-content\/uploads\/2024\/10\/h55-370x208.webp 370w, https:\/\/www.leventuysal.com\/wp-content\/uploads\/2024\/10\/h55-270x152.webp 270w\" sizes=\"(max-width: 1540px) 100vw, 1540px\" \/>\t\t\t\t\t\t<div class=\"mask\"><\/div>\n\t\t\t\t\t\t\t\t\t<div class=\"icons\"><a href=\"https:\/\/www.leventuysal.com\/en\/services\/mhp-mersin-milletvekili-adayi-dr-levent-uysal-turkiye-kamusene-bagli-sendikalarin-sofralarina-misafir-oldu\/\"  aria-hidden=\"true\" class=\"icon-add-plus-button\"><\/a><\/div>\n\t\t\t<\/div>\t\r\n\t<div class=\"sc_services_item_info\">\r\n\t\t\t\t<div class=\"sc_services_item_header\">\r\n\t\t\t\t\t\t<h5 class=\"sc_services_item_title entry-title\"><a href=\"https:\/\/www.leventuysal.com\/en\/services\/mhp-mersin-milletvekili-adayi-dr-levent-uysal-turkiye-kamusene-bagli-sendikalarin-sofralarina-misafir-oldu\/\">MHP Mersin Milletvekili aday\u0131 Dr. Levent UYSAL T\u00fcrkiye Kamusen\u2019e ba\u011fl\u0131 sendikalar\u0131n sofralar\u0131na misafir oldu.<\/a><\/h5>\r\n\t\t\t\t\t\t\t\t<\/div>\r\n\t\t\t\t<\/div>\r\n<\/div>\r\n<\/div><div class=\"trx_addons_column-1_3\"><div data-post-id=\"3931\" class=\"sc_services_item no_links without_content with_image sc_services_item_featured_top post-3931 cpt_services type-cpt_services status-publish has-post-thumbnail hentry cpt_services_group-haberler\">\r\n\t<div class=\"post_featured with_thumb hover_icon sc_services_item_thumb\"><img loading=\"lazy\" decoding=\"async\" width=\"1480\" height=\"832\" src=\"https:\/\/www.leventuysal.com\/wp-content\/uploads\/2024\/10\/h56-1.webp\" class=\"attachment-rightway-thumb-big size-rightway-thumb-big wp-post-image\" alt=\"\" srcset=\"https:\/\/www.leventuysal.com\/wp-content\/uploads\/2024\/10\/h56-1.webp 1480w, https:\/\/www.leventuysal.com\/wp-content\/uploads\/2024\/10\/h56-1-300x169.webp 300w, https:\/\/www.leventuysal.com\/wp-content\/uploads\/2024\/10\/h56-1-1024x576.webp 1024w, https:\/\/www.leventuysal.com\/wp-content\/uploads\/2024\/10\/h56-1-768x432.webp 768w, https:\/\/www.leventuysal.com\/wp-content\/uploads\/2024\/10\/h56-1-370x208.webp 370w, https:\/\/www.leventuysal.com\/wp-content\/uploads\/2024\/10\/h56-1-1170x658.webp 1170w, https:\/\/www.leventuysal.com\/wp-content\/uploads\/2024\/10\/h56-1-1420x798.webp 1420w, https:\/\/www.leventuysal.com\/wp-content\/uploads\/2024\/10\/h56-1-270x152.webp 270w\" sizes=\"(max-width: 1480px) 100vw, 1480px\" \/>\t\t\t\t\t\t<div class=\"mask\"><\/div>\n\t\t\t\t\t\t\t\t\t<div class=\"icons\"><a href=\"https:\/\/www.leventuysal.com\/en\/services\/mhp-mersin-milletvekili-adayi-dr-levent-uysal-mmt-amerikan-hastanesi-ziyaret-etti\/\"  aria-hidden=\"true\" class=\"icon-add-plus-button\"><\/a><\/div>\n\t\t\t<\/div>\t\r\n\t<div class=\"sc_services_item_info\">\r\n\t\t\t\t<div class=\"sc_services_item_header\">\r\n\t\t\t\t\t\t<h5 class=\"sc_services_item_title entry-title\"><a href=\"https:\/\/www.leventuysal.com\/en\/services\/mhp-mersin-milletvekili-adayi-dr-levent-uysal-mmt-amerikan-hastanesi-ziyaret-etti\/\">MHP Mersin Milletvekili aday\u0131 Dr. Levent UYSAL MMT Amerikan Hastanesi ziyaret etti.<\/a><\/h5>\r\n\t\t\t\t\t\t\t\t<\/div>\r\n\t\t\t\t<\/div>\r\n<\/div>\r\n<\/div><div class=\"trx_addons_column-1_3\"><div data-post-id=\"3934\" class=\"sc_services_item no_links without_content with_image sc_services_item_featured_top post-3934 cpt_services type-cpt_services status-publish has-post-thumbnail hentry cpt_services_group-haberler\">\r\n\t<div class=\"post_featured with_thumb hover_icon sc_services_item_thumb\"><img loading=\"lazy\" decoding=\"async\" width=\"1540\" height=\"866\" src=\"https:\/\/www.leventuysal.com\/wp-content\/uploads\/2024\/10\/h57-1540x866.webp\" class=\"attachment-rightway-thumb-big size-rightway-thumb-big wp-post-image\" alt=\"\" srcset=\"https:\/\/www.leventuysal.com\/wp-content\/uploads\/2024\/10\/h57-1540x866.webp 1540w, https:\/\/www.leventuysal.com\/wp-content\/uploads\/2024\/10\/h57-1170x658.webp 1170w, https:\/\/www.leventuysal.com\/wp-content\/uploads\/2024\/10\/h57-370x208.webp 370w, https:\/\/www.leventuysal.com\/wp-content\/uploads\/2024\/10\/h57-270x152.webp 270w\" sizes=\"(max-width: 1540px) 100vw, 1540px\" \/>\t\t\t\t\t\t<div class=\"mask\"><\/div>\n\t\t\t\t\t\t\t\t\t<div class=\"icons\"><a href=\"https:\/\/www.leventuysal.com\/en\/services\/mhp-mersin-milletvekili-adayi-dr-levent-uysal-tarsus-yas-sebze-ve-meyve-halini-ziyaret-etti\/\"  aria-hidden=\"true\" class=\"icon-add-plus-button\"><\/a><\/div>\n\t\t\t<\/div>\t\r\n\t<div class=\"sc_services_item_info\">\r\n\t\t\t\t<div class=\"sc_services_item_header\">\r\n\t\t\t\t\t\t<h5 class=\"sc_services_item_title entry-title\"><a href=\"https:\/\/www.leventuysal.com\/en\/services\/mhp-mersin-milletvekili-adayi-dr-levent-uysal-tarsus-yas-sebze-ve-meyve-halini-ziyaret-etti\/\">MHP Mersin Milletvekili aday\u0131 Dr. Levent UYSAL Tarsus Ya\u015f Sebze ve Meyve Hali\u2019ni ziyaret etti.<\/a><\/h5>\r\n\t\t\t\t\t\t\t\t<\/div>\r\n\t\t\t\t<\/div>\r\n<\/div>\r\n<\/div><div class=\"trx_addons_column-1_3\"><div data-post-id=\"3937\" class=\"sc_services_item no_links without_content with_image sc_services_item_featured_top post-3937 cpt_services type-cpt_services status-publish has-post-thumbnail hentry cpt_services_group-haberler\">\r\n\t<div class=\"post_featured with_thumb hover_icon sc_services_item_thumb\"><img loading=\"lazy\" decoding=\"async\" width=\"1540\" height=\"866\" src=\"https:\/\/www.leventuysal.com\/wp-content\/uploads\/2024\/10\/h58-1540x866.webp\" class=\"attachment-rightway-thumb-big size-rightway-thumb-big wp-post-image\" alt=\"\" srcset=\"https:\/\/www.leventuysal.com\/wp-content\/uploads\/2024\/10\/h58-1540x866.webp 1540w, https:\/\/www.leventuysal.com\/wp-content\/uploads\/2024\/10\/h58-1170x658.webp 1170w, https:\/\/www.leventuysal.com\/wp-content\/uploads\/2024\/10\/h58-370x208.webp 370w, https:\/\/www.leventuysal.com\/wp-content\/uploads\/2024\/10\/h58-270x152.webp 270w\" sizes=\"(max-width: 1540px) 100vw, 1540px\" \/>\t\t\t\t\t\t<div class=\"mask\"><\/div>\n\t\t\t\t\t\t\t\t\t<div class=\"icons\"><a href=\"https:\/\/www.leventuysal.com\/en\/services\/mhp-mersin-milletvekili-adayi-dr-levent-uysal-tarsus-bahce-tarimi-ziyaret-etti\/\"  aria-hidden=\"true\" class=\"icon-add-plus-button\"><\/a><\/div>\n\t\t\t<\/div>\t\r\n\t<div class=\"sc_services_item_info\">\r\n\t\t\t\t<div class=\"sc_services_item_header\">\r\n\t\t\t\t\t\t<h5 class=\"sc_services_item_title entry-title\"><a href=\"https:\/\/www.leventuysal.com\/en\/services\/mhp-mersin-milletvekili-adayi-dr-levent-uysal-tarsus-bahce-tarimi-ziyaret-etti\/\">MHP Mersin Milletvekili aday\u0131 Dr. Levent UYSAL Tarsus Bah\u00e7e Tar\u0131m\u2019\u0131 ziyaret etti.<\/a><\/h5>\r\n\t\t\t\t\t\t\t\t<\/div>\r\n\t\t\t\t<\/div>\r\n<\/div>\r\n<\/div><div class=\"trx_addons_column-1_3\"><div data-post-id=\"3940\" class=\"sc_services_item no_links without_content with_image sc_services_item_featured_top post-3940 cpt_services type-cpt_services status-publish has-post-thumbnail hentry cpt_services_group-haberler\">\r\n\t<div class=\"post_featured with_thumb hover_icon sc_services_item_thumb\"><img loading=\"lazy\" decoding=\"async\" width=\"1540\" height=\"866\" src=\"https:\/\/www.leventuysal.com\/wp-content\/uploads\/2024\/10\/h59-1540x866.webp\" class=\"attachment-rightway-thumb-big size-rightway-thumb-big wp-post-image\" alt=\"\" srcset=\"https:\/\/www.leventuysal.com\/wp-content\/uploads\/2024\/10\/h59-1540x866.webp 1540w, https:\/\/www.leventuysal.com\/wp-content\/uploads\/2024\/10\/h59-1170x658.webp 1170w, https:\/\/www.leventuysal.com\/wp-content\/uploads\/2024\/10\/h59-370x208.webp 370w, https:\/\/www.leventuysal.com\/wp-content\/uploads\/2024\/10\/h59-270x152.webp 270w\" sizes=\"(max-width: 1540px) 100vw, 1540px\" \/>\t\t\t\t\t\t<div class=\"mask\"><\/div>\n\t\t\t\t\t\t\t\t\t<div class=\"icons\"><a href=\"https:\/\/www.leventuysal.com\/en\/services\/mhp-mersin-milletvekili-adayi-dr-levent-uysal-alici-ticareti-ziyaret-etti\/\"  aria-hidden=\"true\" class=\"icon-add-plus-button\"><\/a><\/div>\n\t\t\t<\/div>\t\r\n\t<div class=\"sc_services_item_info\">\r\n\t\t\t\t<div class=\"sc_services_item_header\">\r\n\t\t\t\t\t\t<h5 class=\"sc_services_item_title entry-title\"><a href=\"https:\/\/www.leventuysal.com\/en\/services\/mhp-mersin-milletvekili-adayi-dr-levent-uysal-alici-ticareti-ziyaret-etti\/\">MHP Mersin Milletvekili aday\u0131 Dr. Levent UYSAL Al\u0131c\u0131 Ticareti ziyaret etti.<\/a><\/h5>\r\n\t\t\t\t\t\t\t\t<\/div>\r\n\t\t\t\t<\/div>\r\n<\/div>\r\n<\/div><div class=\"trx_addons_column-1_3\"><div data-post-id=\"3943\" class=\"sc_services_item no_links without_content with_image sc_services_item_featured_top post-3943 cpt_services type-cpt_services status-publish has-post-thumbnail hentry cpt_services_group-haberler\">\r\n\t<div class=\"post_featured with_thumb hover_icon sc_services_item_thumb\"><img loading=\"lazy\" decoding=\"async\" width=\"1540\" height=\"866\" src=\"https:\/\/www.leventuysal.com\/wp-content\/uploads\/2024\/10\/h60-1540x866.webp\" class=\"attachment-rightway-thumb-big size-rightway-thumb-big wp-post-image\" alt=\"\" srcset=\"https:\/\/www.leventuysal.com\/wp-content\/uploads\/2024\/10\/h60-1540x866.webp 1540w, https:\/\/www.leventuysal.com\/wp-content\/uploads\/2024\/10\/h60-1170x658.webp 1170w, https:\/\/www.leventuysal.com\/wp-content\/uploads\/2024\/10\/h60-370x208.webp 370w, https:\/\/www.leventuysal.com\/wp-content\/uploads\/2024\/10\/h60-270x152.webp 270w\" sizes=\"(max-width: 1540px) 100vw, 1540px\" \/>\t\t\t\t\t\t<div class=\"mask\"><\/div>\n\t\t\t\t\t\t\t\t\t<div class=\"icons\"><a href=\"https:\/\/www.leventuysal.com\/en\/services\/mhp-mersin-milletvekili-adayi-dr-levent-uysal-tufan-kurklu-ve-isletmesini-ziyaret-etti\/\"  aria-hidden=\"true\" class=\"icon-add-plus-button\"><\/a><\/div>\n\t\t\t<\/div>\t\r\n\t<div class=\"sc_services_item_info\">\r\n\t\t\t\t<div class=\"sc_services_item_header\">\r\n\t\t\t\t\t\t<h5 class=\"sc_services_item_title entry-title\"><a href=\"https:\/\/www.leventuysal.com\/en\/services\/mhp-mersin-milletvekili-adayi-dr-levent-uysal-tufan-kurklu-ve-isletmesini-ziyaret-etti\/\">MHP Mersin Milletvekili aday\u0131 Dr. Levent UYSAL Tufan K\u00fcrkl\u00fc ve i\u015fletmesini ziyaret etti.<\/a><\/h5>\r\n\t\t\t\t\t\t\t\t<\/div>\r\n\t\t\t\t<\/div>\r\n<\/div>\r\n<\/div><div class=\"trx_addons_column-1_3\"><div data-post-id=\"3946\" class=\"sc_services_item no_links without_content with_image sc_services_item_featured_top post-3946 cpt_services type-cpt_services status-publish has-post-thumbnail hentry cpt_services_group-haberler\">\r\n\t<div class=\"post_featured with_thumb hover_icon sc_services_item_thumb\"><img loading=\"lazy\" decoding=\"async\" width=\"1540\" height=\"866\" src=\"https:\/\/www.leventuysal.com\/wp-content\/uploads\/2024\/10\/h61-1540x866.webp\" class=\"attachment-rightway-thumb-big size-rightway-thumb-big wp-post-image\" alt=\"\" srcset=\"https:\/\/www.leventuysal.com\/wp-content\/uploads\/2024\/10\/h61-1540x866.webp 1540w, https:\/\/www.leventuysal.com\/wp-content\/uploads\/2024\/10\/h61-1170x658.webp 1170w, https:\/\/www.leventuysal.com\/wp-content\/uploads\/2024\/10\/h61-370x208.webp 370w, https:\/\/www.leventuysal.com\/wp-content\/uploads\/2024\/10\/h61-270x152.webp 270w\" sizes=\"(max-width: 1540px) 100vw, 1540px\" \/>\t\t\t\t\t\t<div class=\"mask\"><\/div>\n\t\t\t\t\t\t\t\t\t<div class=\"icons\"><a href=\"https:\/\/www.leventuysal.com\/en\/services\/mhp-mersin-milletvekili-adayi-dr-levent-uysal-hayvanseverlerle-pazar-kahvaltisinda-bulustu\/\"  aria-hidden=\"true\" class=\"icon-add-plus-button\"><\/a><\/div>\n\t\t\t<\/div>\t\r\n\t<div class=\"sc_services_item_info\">\r\n\t\t\t\t<div class=\"sc_services_item_header\">\r\n\t\t\t\t\t\t<h5 class=\"sc_services_item_title entry-title\"><a href=\"https:\/\/www.leventuysal.com\/en\/services\/mhp-mersin-milletvekili-adayi-dr-levent-uysal-hayvanseverlerle-pazar-kahvaltisinda-bulustu\/\">MHP Mersin Milletvekili aday\u0131 Dr. Levent UYSAL hayvanseverlerle Pazar kahvalt\u0131s\u0131nda bulu\u015ftu.<\/a><\/h5>\r\n\t\t\t\t\t\t\t\t<\/div>\r\n\t\t\t\t<\/div>\r\n<\/div>\r\n<\/div><\/div><\/div><!-- \/.sc_services -->\t\t\t\t<\/div>\n\t\t\t\t<\/div>\n\t\t\t\t<div class=\"elementor-element elementor-element-9e0bb31 sc_fly_static elementor-widget elementor-widget-spacer\" data-id=\"9e0bb31\" data-element_type=\"widget\" data-widget_type=\"spacer.default\">\n\t\t\t\t<div class=\"elementor-widget-container\">\n\t\t\t\t\t\t\t<div class=\"elementor-spacer\">\n\t\t\t<div class=\"elementor-spacer-inner\"><\/div>\n\t\t<\/div>\n\t\t\t\t\t\t<\/div>\n\t\t\t\t<\/div>\n\t\t\t\t\t<\/div>\n\t\t<\/div>\n\t\t\t\t\t<\/div>\n\t\t<\/section>\n\t\t\t\t<\/div>\n\t\t","protected":false},"excerpt":{"rendered":"<p>HABERLER MHP Mersin Milletvekili Uysal: Sosyal Medya Ba\u011f\u0131ml\u0131l\u0131\u011f\u0131 Aile Ba\u011flar\u0131m\u0131z\u0131 ve Toplumsal De\u011ferlerimizi Tehdit Ediyor Mersin\u2019in Kurtulu\u015funun 103. Y\u0131l\u0131nda Milletvekili Levent Uysal\u2019dan Anlaml\u0131 Mesaj MHP Mersin Milletvekili Uysal\u2019dan Uyu\u015fturucuya Kar\u015f\u0131 Seferberlik \u00c7a\u011fr\u0131s\u0131: Gen\u00e7lerimiz Tehdit Alt\u0131nda, Acil \u00d6nlem Almal\u0131y\u0131z Milletvekili Uysal, Cumhurba\u015fkan\u0131 Erdo\u011fan\u2019\u0131n Yurt D\u0131\u015f\u0131 Seyahatlerine E\u015flik Etti MHP Mersin Milletvekili Levent Uysal\u2019san 30 A\u011fustos Zafer&hellip;<\/p>\n","protected":false},"author":10,"featured_media":0,"parent":0,"menu_order":0,"comment_status":"closed","ping_status":"closed","template":"","meta":{"footnotes":""},"class_list":["post-5425","page","type-page","status-publish","hentry"],"rankMath":{"parentDomain":"www.leventuysal.com","noFollowDomains":[],"noFollowExcludeDomains":[],"noFollowExternalLinks":false,"featuredImageNotice":"The featured image should be at least 200 by 200 pixels to be picked up by Facebook and other social media sites.","pluginReviewed":false,"postSettings":{"linkSuggestions":true,"useFocusKeyword":false},"frontEndScore":false,"postName":"mhp-mersin-milletvekili-adayi-dr-levent-uysal-hayvanseverlerle-pazar-kahvaltisinda-bulustu","permalinkFormat":"https:\/\/www.leventuysal.com\/en\/services\/%cpt_services%\/","showLockModifiedDate":true,"assessor":{"focusKeywordLink":"https:\/\/www.leventuysal.com\/wp-admin\/edit.php?focus_keyword=%focus_keyword%&post_type=%post_type%","hasTOCPlugin":false,"primaryTaxonomy":false,"serpData":{"title":"","description":"","focusKeywords":"","pillarContent":false,"canonicalUrl":"","breadcrumbTitle":"","advancedRobots":{"max-snippet":"-1","max-video-preview":"-1","max-image-preview":"large"},"facebookTitle":"","facebookDescription":"","facebookImage":"","facebookImageID":"","facebookHasOverlay":false,"facebookImageOverlay":"","facebookAuthor":"","twitterCardType":"","twitterUseFacebook":true,"twitterTitle":"","twitterDescription":"","twitterImage":"","twitterImageID":"","twitterHasOverlay":false,"twitterImageOverlay":"","twitterPlayerUrl":"","twitterPlayerSize":"","twitterPlayerStream":"","twitterPlayerStreamCtype":"","twitterAppDescription":"","twitterAppIphoneName":"","twitterAppIphoneID":"","twitterAppIphoneUrl":"","twitterAppIpadName":"","twitterAppIpadID":"","twitterAppIpadUrl":"","twitterAppGoogleplayName":"","twitterAppGoogleplayID":"","twitterAppGoogleplayUrl":"","twitterAppCountry":"","robots":{"index":true},"twitterAuthor":"username","primaryTerm":0,"authorName":"Dr. Levent Uysal","titleTemplate":"%title% %sep% %sitename%","descriptionTemplate":"%excerpt%","showScoreFrontend":true,"lockModifiedDate":false},"powerWords":["a cut above","absolute","absolutely","absolutely lowest","absurd","abuse","accurate","accuse","achieve","actionable","adaptable","adequate","admit","adorable","advantage","advice","affordable","aggravate","aggressive","agitated","agonizing","agony","alarmed","alarming","alienated","aligned","alive","all-inclusive","alluring","always","amazing","amp","animated","annihilate","announcing","anonymous","antagonistic","anxious","apocalypse","appalled","approved","approving","argumentative","armageddon","arrogant","ass kicking","assault","assured","astonishing","astounded","astounding","at ease","atrocious","attack","attractive","audacity","authentic","authoritative","authority","avoid","aware","awe-inspiring","awesome","awkward","backbone","backdoor","backed","backlash","backstabbing","badass","balanced","banned","bargain","barrage","basic","battle","beaming","beat down","beating","beautiful","beauty","begging","behind the scenes","belief","belong","best","best-selling","better","beware","big","billion","black market","blacklisted","blast","blessed","blinded","blissful","blood","bloodbath","bloodcurdling","bloody","blunder","blushing","bold","bomb","bona","bona fide","bonanza","bonus","bootleg","bottom line","bountiful","brave","bravery","brazen","break","breaking","breakthrough","breathtaking","bright","brilliant","broke","brutal","budget","buffoon","bullshit","bully","bumbling","buy","cadaver","calm","cancel anytime","capable","captivate","captivating","carefree","case study","cash","cataclysmic","catapult","catastrophe","caution","censored","centered","certain","certainly","certified","challenge","charming","cheap","cheat","cheat-sheet","cheer","cheerful","child-like","clarity","classified","clear","clueless","collapse","colorful","colossal","comfortable","compare","competitive","complete","completely","completeness","comprehensive","compromise","compulsive","concealed","conclusive","condemning","condescending","confess","confession","confessions","confident","confidential","conquer","conscientious","constructive","content","contrary","controlling","controversial","convenient","convert","cool","cooperative","copy","corpse","corrupt","corrupting","courage","courageous","cover-up","covert","coward","cowardly","crammed","crave","crazy","create","creative","cringeworthy","cripple","crisis","critical","crooked","crush","crushing","damaging","danger","dangerous","daring","dazzling","dead","deadline","deadly","death","decadent","deceived","deceptive","deep","defiance","definitely","definitive","defying","dejected","delicious","delight","delighted","delightful","delirious","delivered","demoralizing","deplorable","depraved","desire","desperate","despicable","destiny","destroy","detailed","devastating","devoted","diagnosed","direct","dirty","disadvantages","disastrous","discount","discover","disdainful","disempowered","disgusted","disgusting","dishonest","disillusioned","disoriented","distracted","distraught","distressed","distrustful","divulge","document","dollar","dominate","doomed","double","doubtful","download","dreadful","dreamy","drive","drowning","dumb","dynamic","eager","earnest","easily","easy","economical","ecstatic","edge","effective","efficient","effortless","elated","eliminate","elite","embarrass","embarrassed","embarrassing","emergency","emerging","emphasize","empowered","enchant","encouraged","endorsed","energetic","energy","enormous","enraged","enthusiastic","envy","epic","epidemic","essential","ethical","euphoric","evil","exactly","exasperated","excellent","excited","excitement","exciting","exclusive","exclusivity","excruciating","exhilarated","expensive","expert","explode","exploit","explosive","exposed","exquisite","extra","extraordinary","extremely","exuberant","eye-opening","fail","fail-proof","failure","faith","famous","fantasy","fascinating","fatigued","faux","faux pas","fearless","feast","feeble","festive","fide","fierce","fight","final","fine","fired","first","first ever","flirt","fluid","focus","focused","fool","fooled","foolish","forbidden","force-fed","forever","forgiving","forgotten","formula","fortune","foul","frantic","free","freebie","freedom","frenzied","frenzy","frightening","frisky","frugal","frustrated","fulfill","fulfilled","full","fully","fun","fun-loving","fundamentals","funniest","funny","furious","gambling","gargantuan","genius","genuine","gift","gigantic","giveaway","glamorous","gleeful","glorious","glowing","goddamn","gorgeous","graceful","grateful","gratified","gravity","great","greatest","greatness","greed","greedy","gripping","grit","grounded","growth","guaranteed","guilt","guilt-free","gullible","guts","hack","happiness","happy","harmful","harsh","hate","have you heard","havoc","hazardous","healthy","heart","heartbreaking","heartwarming","heavenly","hell","helpful","helplessness","hero","hesitant","hidden","high tech","highest","highly effective","hilarious","hoak","hoax","honest","honored","hope","hopeful","horribly","horrific","horrifying","horror","hostile","how to","huge","humility","humor","hurricane","hurry","hypnotic","idiot","ignite","illegal","illusive","imagination","immediately","imminently","impatience","impatient","impenetrable","important","impressive","improved","in the zone","incapable","incapacitated","incompetent","inconsiderate","increase","incredible","indecisive","indulgence","indulgent","inexpensive","inferior","informative","infuriated","ingredients","innocent","innovative","insane","insecure","insider","insidious","inspired","inspiring","instant savings","instantly","instructive","insult","intel","intelligent","intense","interesting","intriguing","introducing","invasion","investment","iron-clad","ironclad","irresistible","irs","is here","jackpot","jail","jaw-dropping","jealous","jeopardy","jittery","jovial","joyous","jubilant","judgmental","jumpstart","just arrived","keen","kickass","kickstart","kill","killed","killing","kills","know it all","lame","largest","lascivious","last","last chance","last minute","latest","laugh","laughing","launch","launching","lavishly","lawsuit","lazy","left behind","legendary","legitimate","liberal","liberated","lick","lies","life-changing","lifetime","light","lighthearted","likely","limited","literally","little-known","loathsome","lonely","looming","loser","lost","love","lucrative","lunatic","lurking","lust","luxurious","luxury","lying","magic","magical","magnificent","mainstream","malicious","mammoth","manipulative","marked down","massive","master","masterclass","maul","mediocre","meditative","meltdown","memorability","memorable","menacing","mesmerizing","meticulous","mind-blowing","minimalist","miracle","mired","mischievous","misgiving","missing out","mistake","monetize","money","moneyback","moneygrubbing","monumental","most important","motivated","mouth-watering","murder","mystery","nail","naked","natural","naughty","nazi","nest egg","never","new","nightmare","no good","no obligation","no one talks about","no questions asked","no risk","no strings attached","non-controlling","noted","novelty","now","obnoxious","obsessed","obsession","obvious","odd","off-kilter","off-limits","off-the record","offensive","official","okay","on-demand","open-minded","opportunities","optimistic","ordeal","outlawed","outrageousness","outstanding","overcome","overjoyed","overnight","overwhelmed","packed","painful","painless","painstaking","pale","panic","panicked","paralyzed","pas","passionate","pathetic","pay zero","payback","perfect","peril","perplexed","perspective","pessimistic","pioneering","piranha","pitfall","pitiful","placid","plague","played","playful","pleased","pluck","plummet","plunge","poison","poisonous","polarizing","poor","popular","portfolio","pound","powerful","powerless","practical","preposterous","prestige","price","priceless","pride","prison","privacy","private","privileged","prize","problem","productive","professional","profit","profitable","profound","promiscuous","promising","promote","protect","protected","proven","provocative","provoke","psychological","pummel","punch","punish","pus","quadruple","quality","quarrelsome","quick","quick-start","quickly","quiet","radiant","rare","ravenous","rebellious","recession-proof","reckoning","recognized","recommend","recreate","reduced","reflective","refugee","refund","refundable","reject","relaxed","release","relentless","reliable","remarkable","replicate","report","reprimanding","repulsed","repulsive","research","resentful","resourceful","responsible","responsive","rested","restricted","results","retaliating","reveal","revealing","revenge","revengeful","revisited","revolting","revolutionary","reward","rich","ridiculous","risky","riveting","rookie","rowdy","ruin","rules","ruthless","sabotaging","sacred","sadistic","sadly","sadness","safe","safety","sale","sampler","sarcastic","satisfied","savage","savagery","save","savings","savvy","scam","scandal","scandalous","scarce","scared","scary","scornful","scream","searing","secret","secret agenda","secret plot","secrets","secure","security","seductive","seething","seize","selected","self-hating","self-sufficient","sensational","senseless","sensual","serene","seriously","severe","sex","sexy","shaking","shameful","shameless","shaming","shatter","shellacking","shocking","should","shrewd","sick and tired","signs","silly","simple","simplicity","simplified","simplistic","sincere","sinful","sins","six-figure","sizable","sizzle","sizzled","sizzles","sizzling","sizzlingly","skill","skyrocket","slaughter","slave","sleazy","sleeping","sly","smash","smiling","smug","smuggle","smuggled","sneak-peek","sneaky","sniveling","snob","snooty","snotty","soar","soaring","solid","solution","spank","special","spectacular","speedy","spell-binding","spine","spirit","spirited","spiteful","spoiler","spontaneous","spotlight","spunky","squirming","stable","staggering","startling","steady","steal","stealthy","steamy","step-by-step","still","stoic","stop","strange","strangle","strategy","stressed","strong","strongly suggest","struggle","stuck up","studies","stunning","stupid","stupid-simple","sturdy","sublime","succeed","success","successful","suck","suddenly","suffer","sunny","super","super-human","superb","supercharge","superior","supported","supportive","sure","sure fire","surefire","surge","surging","surprise","surprised","surprising","survival","survive","suspicious","sweaty","swoon","swoon-worthy","tailspin","tank","tantalizing","targeted","tawdry","tease","technology","teetering","tempting","tenacious","tense","terrible","terrific","terrified","terrifying","terror","terrorist","tested","thankful","the truth","threaten","threatened","thrilled","thrilling","thug","ticked off","tickled","timely","today","torture","toxic","track record","trade secret","tragedy","tragic","transform","transparency","trap","trapped","trauma","traumatized","treacherous","treasure","tremendous","trend","tricks","triggers","triple","triumph","truly","trusting","trustworthy","truth","truthful","turbo-charge","turbocharges","tweaks","twitching","ultimate","unadulterated","unassuming","unauthorized","unbelievable","unburdened","uncaring","uncensored","uncertain","uncomfortable","unconditional","uncontrollable","unconventional","uncovered","undeniable","under priced","undercover","underground","underhanded","underused","unexpected","unforgettable","unheard of","unhurried","uninterested","unique","unjustified","unknowingly","unleashed","unlimited","unlock","unparalleled","unpopular","unreliable","unresponsive","unseen","unstable","unstoppable","unsure","unsurpassed","untapped","unusual","up-sell","upbeat","uplifted","uplifting","urge","urgent","useful","useless","validate","valor","valuable","value","vanquish","vaporize","venomous","verify","vibrant","vicious","victim","victory","vigorous","vilified","vindictive","violated","violent","volatile","vulnerable","waiting","wanted","wanton","warning","waste","weak","wealth","weird","what no one tells you","whip","whopping","wicked","wild","willpower","withheld","wonderful","wondrous","woozy","world","worry","worst","worthwhile","wounded","wreaking","youthful","zen","zinger"],"diacritics":{"A":"[\\u0041\\u24B6\\uFF21\\u00C0\\u00C1\\u00C2\\u1EA6\\u1EA4\\u1EAA\\u1EA8\\u00C3\\u0100\\u0102\\u1EB0\\u1EAE\\u1EB4\\u1EB2\\u0226\\u01E0\\u00C4\\u01DE\\u1EA2\\u00C5\\u01FA\\u01CD\\u0200\\u0202\\u1EA0\\u1EAC\\u1EB6\\u1E00\\u0104\\u023A\\u2C6F]","AA":"[\\uA732]","AE":"[\\u00C6\\u01FC\\u01E2]","AO":"[\\uA734]","AU":"[\\uA736]","AV":"[\\uA738\\uA73A]","AY":"[\\uA73C]","B":"[\\u0042\\u24B7\\uFF22\\u1E02\\u1E04\\u1E06\\u0243\\u0182\\u0181]","C":"[\\u0043\\u24B8\\uFF23\\u0106\\u0108\\u010A\\u010C\\u00C7\\u1E08\\u0187\\u023B\\uA73E]","D":"[\\u0044\\u24B9\\uFF24\\u1E0A\\u010E\\u1E0C\\u1E10\\u1E12\\u1E0E\\u0110\\u018B\\u018A\\u0189\\uA779]","DZ":"[\\u01F1\\u01C4]","Dz":"[\\u01F2\\u01C5]","E":"[\\u0045\\u24BA\\uFF25\\u00C8\\u00C9\\u00CA\\u1EC0\\u1EBE\\u1EC4\\u1EC2\\u1EBC\\u0112\\u1E14\\u1E16\\u0114\\u0116\\u00CB\\u1EBA\\u011A\\u0204\\u0206\\u1EB8\\u1EC6\\u0228\\u1E1C\\u0118\\u1E18\\u1E1A\\u0190\\u018E]","F":"[\\u0046\\u24BB\\uFF26\\u1E1E\\u0191\\uA77B]","G":"[\\u0047\\u24BC\\uFF27\\u01F4\\u011C\\u1E20\\u011E\\u0120\\u01E6\\u0122\\u01E4\\u0193\\uA7A0\\uA77D\\uA77E]","H":"[\\u0048\\u24BD\\uFF28\\u0124\\u1E22\\u1E26\\u021E\\u1E24\\u1E28\\u1E2A\\u0126\\u2C67\\u2C75\\uA78D]","I":"[\\u0049\\u24BE\\uFF29\\u00CC\\u00CD\\u00CE\\u0128\\u012A\\u012C\\u0130\\u00CF\\u1E2E\\u1EC8\\u01CF\\u0208\\u020A\\u1ECA\\u012E\\u1E2C\\u0197]","J":"[\\u004A\\u24BF\\uFF2A\\u0134\\u0248]","K":"[\\u004B\\u24C0\\uFF2B\\u1E30\\u01E8\\u1E32\\u0136\\u1E34\\u0198\\u2C69\\uA740\\uA742\\uA744\\uA7A2]","L":"[\\u004C\\u24C1\\uFF2C\\u013F\\u0139\\u013D\\u1E36\\u1E38\\u013B\\u1E3C\\u1E3A\\u0141\\u023D\\u2C62\\u2C60\\uA748\\uA746\\uA780]","LJ":"[\\u01C7]","Lj":"[\\u01C8]","M":"[\\u004D\\u24C2\\uFF2D\\u1E3E\\u1E40\\u1E42\\u2C6E\\u019C]","N":"[\\u004E\\u24C3\\uFF2E\\u01F8\\u0143\\u00D1\\u1E44\\u0147\\u1E46\\u0145\\u1E4A\\u1E48\\u0220\\u019D\\uA790\\uA7A4]","NJ":"[\\u01CA]","Nj":"[\\u01CB]","O":"[\\u004F\\u24C4\\uFF2F\\u00D2\\u00D3\\u00D4\\u1ED2\\u1ED0\\u1ED6\\u1ED4\\u00D5\\u1E4C\\u022C\\u1E4E\\u014C\\u1E50\\u1E52\\u014E\\u022E\\u0230\\u00D6\\u022A\\u1ECE\\u0150\\u01D1\\u020C\\u020E\\u01A0\\u1EDC\\u1EDA\\u1EE0\\u1EDE\\u1EE2\\u1ECC\\u1ED8\\u01EA\\u01EC\\u00D8\\u01FE\\u0186\\u019F\\uA74A\\uA74C]","OI":"[\\u01A2]","OO":"[\\uA74E]","OU":"[\\u0222]","P":"[\\u0050\\u24C5\\uFF30\\u1E54\\u1E56\\u01A4\\u2C63\\uA750\\uA752\\uA754]","Q":"[\\u0051\\u24C6\\uFF31\\uA756\\uA758\\u024A]","R":"[\\u0052\\u24C7\\uFF32\\u0154\\u1E58\\u0158\\u0210\\u0212\\u1E5A\\u1E5C\\u0156\\u1E5E\\u024C\\u2C64\\uA75A\\uA7A6\\uA782]","S":"[\\u0053\\u24C8\\uFF33\\u1E9E\\u015A\\u1E64\\u015C\\u1E60\\u0160\\u1E66\\u1E62\\u1E68\\u0218\\u015E\\u2C7E\\uA7A8\\uA784]","T":"[\\u0054\\u24C9\\uFF34\\u1E6A\\u0164\\u1E6C\\u021A\\u0162\\u1E70\\u1E6E\\u0166\\u01AC\\u01AE\\u023E\\uA786]","TZ":"[\\uA728]","U":"[\\u0055\\u24CA\\uFF35\\u00D9\\u00DA\\u00DB\\u0168\\u1E78\\u016A\\u1E7A\\u016C\\u00DC\\u01DB\\u01D7\\u01D5\\u01D9\\u1EE6\\u016E\\u0170\\u01D3\\u0214\\u0216\\u01AF\\u1EEA\\u1EE8\\u1EEE\\u1EEC\\u1EF0\\u1EE4\\u1E72\\u0172\\u1E76\\u1E74\\u0244]","V":"[\\u0056\\u24CB\\uFF36\\u1E7C\\u1E7E\\u01B2\\uA75E\\u0245]","VY":"[\\uA760]","W":"[\\u0057\\u24CC\\uFF37\\u1E80\\u1E82\\u0174\\u1E86\\u1E84\\u1E88\\u2C72]","X":"[\\u0058\\u24CD\\uFF38\\u1E8A\\u1E8C]","Y":"[\\u0059\\u24CE\\uFF39\\u1EF2\\u00DD\\u0176\\u1EF8\\u0232\\u1E8E\\u0178\\u1EF6\\u1EF4\\u01B3\\u024E\\u1EFE]","Z":"[\\u005A\\u24CF\\uFF3A\\u0179\\u1E90\\u017B\\u017D\\u1E92\\u1E94\\u01B5\\u0224\\u2C7F\\u2C6B\\uA762]","a":"[\\u0061\\u24D0\\uFF41\\u1E9A\\u00E0\\u00E1\\u00E2\\u1EA7\\u1EA5\\u1EAB\\u1EA9\\u00E3\\u0101\\u0103\\u1EB1\\u1EAF\\u1EB5\\u1EB3\\u0227\\u01E1\\u00E4\\u01DF\\u1EA3\\u00E5\\u01FB\\u01CE\\u0201\\u0203\\u1EA1\\u1EAD\\u1EB7\\u1E01\\u0105\\u2C65\\u0250]","aa":"[\\uA733]","ae":"[\\u00E6\\u01FD\\u01E3]","ao":"[\\uA735]","au":"[\\uA737]","av":"[\\uA739\\uA73B]","ay":"[\\uA73D]","b":"[\\u0062\\u24D1\\uFF42\\u1E03\\u1E05\\u1E07\\u0180\\u0183\\u0253]","c":"[\\u0063\\u24D2\\uFF43\\u0107\\u0109\\u010B\\u010D\\u00E7\\u1E09\\u0188\\u023C\\uA73F\\u2184]","d":"[\\u0064\\u24D3\\uFF44\\u1E0B\\u010F\\u1E0D\\u1E11\\u1E13\\u1E0F\\u0111\\u018C\\u0256\\u0257\\uA77A]","dz":"[\\u01F3\\u01C6]","e":"[\\u0065\\u24D4\\uFF45\\u00E8\\u00E9\\u00EA\\u1EC1\\u1EBF\\u1EC5\\u1EC3\\u1EBD\\u0113\\u1E15\\u1E17\\u0115\\u0117\\u00EB\\u1EBB\\u011B\\u0205\\u0207\\u1EB9\\u1EC7\\u0229\\u1E1D\\u0119\\u1E19\\u1E1B\\u0247\\u025B\\u01DD]","f":"[\\u0066\\u24D5\\uFF46\\u1E1F\\u0192\\uA77C]","g":"[\\u0067\\u24D6\\uFF47\\u01F5\\u011D\\u1E21\\u011F\\u0121\\u01E7\\u0123\\u01E5\\u0260\\uA7A1\\u1D79\\uA77F]","h":"[\\u0068\\u24D7\\uFF48\\u0125\\u1E23\\u1E27\\u021F\\u1E25\\u1E29\\u1E2B\\u1E96\\u0127\\u2C68\\u2C76\\u0265]","hv":"[\\u0195]","i":"[\\u0069\\u24D8\\uFF49\\u00EC\\u00ED\\u00EE\\u0129\\u012B\\u012D\\u00EF\\u1E2F\\u1EC9\\u01D0\\u0209\\u020B\\u1ECB\\u012F\\u1E2D\\u0268\\u0131]","j":"[\\u006A\\u24D9\\uFF4A\\u0135\\u01F0\\u0249]","k":"[\\u006B\\u24DA\\uFF4B\\u1E31\\u01E9\\u1E33\\u0137\\u1E35\\u0199\\u2C6A\\uA741\\uA743\\uA745\\uA7A3]","l":"[\\u006C\\u24DB\\uFF4C\\u0140\\u013A\\u013E\\u1E37\\u1E39\\u013C\\u1E3D\\u1E3B\\u017F\\u0142\\u019A\\u026B\\u2C61\\uA749\\uA781\\uA747]","lj":"[\\u01C9]","m":"[\\u006D\\u24DC\\uFF4D\\u1E3F\\u1E41\\u1E43\\u0271\\u026F]","n":"[\\u006E\\u24DD\\uFF4E\\u01F9\\u0144\\u00F1\\u1E45\\u0148\\u1E47\\u0146\\u1E4B\\u1E49\\u019E\\u0272\\u0149\\uA791\\uA7A5]","nj":"[\\u01CC]","o":"[\\u006F\\u24DE\\uFF4F\\u00F2\\u00F3\\u00F4\\u1ED3\\u1ED1\\u1ED7\\u1ED5\\u00F5\\u1E4D\\u022D\\u1E4F\\u014D\\u1E51\\u1E53\\u014F\\u022F\\u0231\\u00F6\\u022B\\u1ECF\\u0151\\u01D2\\u020D\\u020F\\u01A1\\u1EDD\\u1EDB\\u1EE1\\u1EDF\\u1EE3\\u1ECD\\u1ED9\\u01EB\\u01ED\\u00F8\\u01FF\\u0254\\uA74B\\uA74D\\u0275]","oi":"[\\u01A3]","ou":"[\\u0223]","oo":"[\\uA74F]","p":"[\\u0070\\u24DF\\uFF50\\u1E55\\u1E57\\u01A5\\u1D7D\\uA751\\uA753\\uA755]","q":"[\\u0071\\u24E0\\uFF51\\u024B\\uA757\\uA759]","r":"[\\u0072\\u24E1\\uFF52\\u0155\\u1E59\\u0159\\u0211\\u0213\\u1E5B\\u1E5D\\u0157\\u1E5F\\u024D\\u027D\\uA75B\\uA7A7\\uA783]","s":"[\\u0073\\u24E2\\uFF53\\u015B\\u1E65\\u015D\\u1E61\\u0161\\u1E67\\u1E63\\u1E69\\u0219\\u015F\\u023F\\uA7A9\\uA785\\u1E9B]","ss":"[\\u00DF]","t":"[\\u0074\\u24E3\\uFF54\\u1E6B\\u1E97\\u0165\\u1E6D\\u021B\\u0163\\u1E71\\u1E6F\\u0167\\u01AD\\u0288\\u2C66\\uA787]","tz":"[\\uA729]","u":"[\\u0075\\u24E4\\uFF55\\u00F9\\u00FA\\u00FB\\u0169\\u1E79\\u016B\\u1E7B\\u016D\\u00FC\\u01DC\\u01D8\\u01D6\\u01DA\\u1EE7\\u016F\\u0171\\u01D4\\u0215\\u0217\\u01B0\\u1EEB\\u1EE9\\u1EEF\\u1EED\\u1EF1\\u1EE5\\u1E73\\u0173\\u1E77\\u1E75\\u0289]","v":"[\\u0076\\u24E5\\uFF56\\u1E7D\\u1E7F\\u028B\\uA75F\\u028C]","vy":"[\\uA761]","w":"[\\u0077\\u24E6\\uFF57\\u1E81\\u1E83\\u0175\\u1E87\\u1E85\\u1E98\\u1E89\\u2C73]","x":"[\\u0078\\u24E7\\uFF58\\u1E8B\\u1E8D]","y":"[\\u0079\\u24E8\\uFF59\\u1EF3\\u00FD\\u0177\\u1EF9\\u0233\\u1E8F\\u00FF\\u1EF7\\u1E99\\u1EF5\\u01B4\\u024F\\u1EFF]","z":"[\\u007A\\u24E9\\uFF5A\\u017A\\u1E91\\u017C\\u017E\\u1E93\\u1E95\\u01B6\\u0225\\u0240\\u2C6C\\uA763]"},"researchesTests":["contentHasTOC","contentHasShortParagraphs","contentHasAssets","keywordInTitle","keywordInMetaDescription","keywordInPermalink","keywordIn10Percent","keywordInContent","keywordInSubheadings","keywordInImageAlt","keywordDensity","keywordNotUsed","lengthContent","lengthPermalink","linksHasInternal","linksHasExternals","linksNotAllExternals","titleStartWithKeyword","titleSentiment","titleHasPowerWords","titleHasNumber","hasContentAI"],"hasRedirection":true,"hasBreadcrumb":false},"homeUrl":"https:\/\/www.leventuysal.com\/en\/","objectID":3946,"objectType":"post","locale":"en","localeFull":"en_US","overlayImages":{"play":{"name":"Play icon","url":"https:\/\/www.leventuysal.com\/wp-content\/plugins\/seo-by-rank-math\/assets\/admin\/img\/icon-play.png","path":"\/var\/www\/vhosts\/leventuysal.com\/httpdocs\/wp-content\/plugins\/seo-by-rank-math\/assets\/admin\/img\/icon-play.png","position":"middle_center"},"gif":{"name":"GIF icon","url":"https:\/\/www.leventuysal.com\/wp-content\/plugins\/seo-by-rank-math\/assets\/admin\/img\/icon-gif.png","path":"\/var\/www\/vhosts\/leventuysal.com\/httpdocs\/wp-content\/plugins\/seo-by-rank-math\/assets\/admin\/img\/icon-gif.png","position":"middle_center"}},"defautOgImage":"https:\/\/www.leventuysal.com\/wp-content\/uploads\/2024\/10\/logo.png","customPermalinks":true,"isUserRegistered":false,"autoSuggestKeywords":false,"connectSiteUrl":"https:\/\/rankmath.com\/auth?site=https%3A%2F%2Fwww.leventuysal.com%2Fen%2F&r=https%3A%2F%2Fwww.leventuysal.com%2Fen%2Fwp-json%2Fwp%2Fv2%2Fpages%2F5425%3Fnonce%3D1ae2b3bcc5","maxTags":5,"trendsIcon":"<svg viewBox=\"0 0 610 610\"><path d=\"M18.85,446,174.32,290.48l58.08,58.08L76.93,504a14.54,14.54,0,0,1-20.55,0L18.83,466.48a14.54,14.54,0,0,1,0-20.55Z\" style=\"fill:#4285f4\"\/><path d=\"M242.65,242.66,377.59,377.6l-47.75,47.75a14.54,14.54,0,0,1-20.55,0L174.37,290.43l47.75-47.75A14.52,14.52,0,0,1,242.65,242.66Z\" style=\"fill:#ea4335\"\/><polygon points=\"319.53 319.53 479.26 159.8 537.34 217.88 377.61 377.62 319.53 319.53\" style=\"fill:#fabb05\"\/><path d=\"M594.26,262.73V118.61h0a16.94,16.94,0,0,0-16.94-16.94H433.2a16.94,16.94,0,0,0-12,28.92L565.34,274.71h0a16.94,16.94,0,0,0,28.92-12Z\" style=\"fill:#34a853\"\/><rect width=\"610\" height=\"610\" style=\"fill:none\"\/><\/svg>","showScore":true,"siteFavIcon":"https:\/\/www.leventuysal.com\/wp-content\/uploads\/2024\/10\/cropped-levent-uysal-kare-logo-32x32.png","canUser":{"general":false,"advanced":false,"snippet":false,"social":false,"analysis":false,"analytics":false,"content_ai":false},"showKeywordIntent":true,"isPro":false,"is_front_page":false,"trendsUpgradeLink":"https:\/\/rankmath.com\/pricing\/?utm_source=Plugin&utm_medium=CE%20General%20Tab%20Trends&utm_campaign=WP","trendsUpgradeLabel":"Upgrade","trendsPreviewImage":"https:\/\/www.leventuysal.com\/wp-content\/plugins\/seo-by-rank-math\/assets\/admin\/img\/trends-preview.jpg","currentEditor":false,"homepageData":{"assessor":{"powerWords":["a cut above","absolute","absolutely","absolutely lowest","absurd","abuse","accurate","accuse","achieve","actionable","adaptable","adequate","admit","adorable","advantage","advice","affordable","aggravate","aggressive","agitated","agonizing","agony","alarmed","alarming","alienated","aligned","alive","all-inclusive","alluring","always","amazing","amp","animated","annihilate","announcing","anonymous","antagonistic","anxious","apocalypse","appalled","approved","approving","argumentative","armageddon","arrogant","ass kicking","assault","assured","astonishing","astounded","astounding","at ease","atrocious","attack","attractive","audacity","authentic","authoritative","authority","avoid","aware","awe-inspiring","awesome","awkward","backbone","backdoor","backed","backlash","backstabbing","badass","balanced","banned","bargain","barrage","basic","battle","beaming","beat down","beating","beautiful","beauty","begging","behind the scenes","belief","belong","best","best-selling","better","beware","big","billion","black market","blacklisted","blast","blessed","blinded","blissful","blood","bloodbath","bloodcurdling","bloody","blunder","blushing","bold","bomb","bona","bona fide","bonanza","bonus","bootleg","bottom line","bountiful","brave","bravery","brazen","break","breaking","breakthrough","breathtaking","bright","brilliant","broke","brutal","budget","buffoon","bullshit","bully","bumbling","buy","cadaver","calm","cancel anytime","capable","captivate","captivating","carefree","case study","cash","cataclysmic","catapult","catastrophe","caution","censored","centered","certain","certainly","certified","challenge","charming","cheap","cheat","cheat-sheet","cheer","cheerful","child-like","clarity","classified","clear","clueless","collapse","colorful","colossal","comfortable","compare","competitive","complete","completely","completeness","comprehensive","compromise","compulsive","concealed","conclusive","condemning","condescending","confess","confession","confessions","confident","confidential","conquer","conscientious","constructive","content","contrary","controlling","controversial","convenient","convert","cool","cooperative","copy","corpse","corrupt","corrupting","courage","courageous","cover-up","covert","coward","cowardly","crammed","crave","crazy","create","creative","cringeworthy","cripple","crisis","critical","crooked","crush","crushing","damaging","danger","dangerous","daring","dazzling","dead","deadline","deadly","death","decadent","deceived","deceptive","deep","defiance","definitely","definitive","defying","dejected","delicious","delight","delighted","delightful","delirious","delivered","demoralizing","deplorable","depraved","desire","desperate","despicable","destiny","destroy","detailed","devastating","devoted","diagnosed","direct","dirty","disadvantages","disastrous","discount","discover","disdainful","disempowered","disgusted","disgusting","dishonest","disillusioned","disoriented","distracted","distraught","distressed","distrustful","divulge","document","dollar","dominate","doomed","double","doubtful","download","dreadful","dreamy","drive","drowning","dumb","dynamic","eager","earnest","easily","easy","economical","ecstatic","edge","effective","efficient","effortless","elated","eliminate","elite","embarrass","embarrassed","embarrassing","emergency","emerging","emphasize","empowered","enchant","encouraged","endorsed","energetic","energy","enormous","enraged","enthusiastic","envy","epic","epidemic","essential","ethical","euphoric","evil","exactly","exasperated","excellent","excited","excitement","exciting","exclusive","exclusivity","excruciating","exhilarated","expensive","expert","explode","exploit","explosive","exposed","exquisite","extra","extraordinary","extremely","exuberant","eye-opening","fail","fail-proof","failure","faith","famous","fantasy","fascinating","fatigued","faux","faux pas","fearless","feast","feeble","festive","fide","fierce","fight","final","fine","fired","first","first ever","flirt","fluid","focus","focused","fool","fooled","foolish","forbidden","force-fed","forever","forgiving","forgotten","formula","fortune","foul","frantic","free","freebie","freedom","frenzied","frenzy","frightening","frisky","frugal","frustrated","fulfill","fulfilled","full","fully","fun","fun-loving","fundamentals","funniest","funny","furious","gambling","gargantuan","genius","genuine","gift","gigantic","giveaway","glamorous","gleeful","glorious","glowing","goddamn","gorgeous","graceful","grateful","gratified","gravity","great","greatest","greatness","greed","greedy","gripping","grit","grounded","growth","guaranteed","guilt","guilt-free","gullible","guts","hack","happiness","happy","harmful","harsh","hate","have you heard","havoc","hazardous","healthy","heart","heartbreaking","heartwarming","heavenly","hell","helpful","helplessness","hero","hesitant","hidden","high tech","highest","highly effective","hilarious","hoak","hoax","honest","honored","hope","hopeful","horribly","horrific","horrifying","horror","hostile","how to","huge","humility","humor","hurricane","hurry","hypnotic","idiot","ignite","illegal","illusive","imagination","immediately","imminently","impatience","impatient","impenetrable","important","impressive","improved","in the zone","incapable","incapacitated","incompetent","inconsiderate","increase","incredible","indecisive","indulgence","indulgent","inexpensive","inferior","informative","infuriated","ingredients","innocent","innovative","insane","insecure","insider","insidious","inspired","inspiring","instant savings","instantly","instructive","insult","intel","intelligent","intense","interesting","intriguing","introducing","invasion","investment","iron-clad","ironclad","irresistible","irs","is here","jackpot","jail","jaw-dropping","jealous","jeopardy","jittery","jovial","joyous","jubilant","judgmental","jumpstart","just arrived","keen","kickass","kickstart","kill","killed","killing","kills","know it all","lame","largest","lascivious","last","last chance","last minute","latest","laugh","laughing","launch","launching","lavishly","lawsuit","lazy","left behind","legendary","legitimate","liberal","liberated","lick","lies","life-changing","lifetime","light","lighthearted","likely","limited","literally","little-known","loathsome","lonely","looming","loser","lost","love","lucrative","lunatic","lurking","lust","luxurious","luxury","lying","magic","magical","magnificent","mainstream","malicious","mammoth","manipulative","marked down","massive","master","masterclass","maul","mediocre","meditative","meltdown","memorability","memorable","menacing","mesmerizing","meticulous","mind-blowing","minimalist","miracle","mired","mischievous","misgiving","missing out","mistake","monetize","money","moneyback","moneygrubbing","monumental","most important","motivated","mouth-watering","murder","mystery","nail","naked","natural","naughty","nazi","nest egg","never","new","nightmare","no good","no obligation","no one talks about","no questions asked","no risk","no strings attached","non-controlling","noted","novelty","now","obnoxious","obsessed","obsession","obvious","odd","off-kilter","off-limits","off-the record","offensive","official","okay","on-demand","open-minded","opportunities","optimistic","ordeal","outlawed","outrageousness","outstanding","overcome","overjoyed","overnight","overwhelmed","packed","painful","painless","painstaking","pale","panic","panicked","paralyzed","pas","passionate","pathetic","pay zero","payback","perfect","peril","perplexed","perspective","pessimistic","pioneering","piranha","pitfall","pitiful","placid","plague","played","playful","pleased","pluck","plummet","plunge","poison","poisonous","polarizing","poor","popular","portfolio","pound","powerful","powerless","practical","preposterous","prestige","price","priceless","pride","prison","privacy","private","privileged","prize","problem","productive","professional","profit","profitable","profound","promiscuous","promising","promote","protect","protected","proven","provocative","provoke","psychological","pummel","punch","punish","pus","quadruple","quality","quarrelsome","quick","quick-start","quickly","quiet","radiant","rare","ravenous","rebellious","recession-proof","reckoning","recognized","recommend","recreate","reduced","reflective","refugee","refund","refundable","reject","relaxed","release","relentless","reliable","remarkable","replicate","report","reprimanding","repulsed","repulsive","research","resentful","resourceful","responsible","responsive","rested","restricted","results","retaliating","reveal","revealing","revenge","revengeful","revisited","revolting","revolutionary","reward","rich","ridiculous","risky","riveting","rookie","rowdy","ruin","rules","ruthless","sabotaging","sacred","sadistic","sadly","sadness","safe","safety","sale","sampler","sarcastic","satisfied","savage","savagery","save","savings","savvy","scam","scandal","scandalous","scarce","scared","scary","scornful","scream","searing","secret","secret agenda","secret plot","secrets","secure","security","seductive","seething","seize","selected","self-hating","self-sufficient","sensational","senseless","sensual","serene","seriously","severe","sex","sexy","shaking","shameful","shameless","shaming","shatter","shellacking","shocking","should","shrewd","sick and tired","signs","silly","simple","simplicity","simplified","simplistic","sincere","sinful","sins","six-figure","sizable","sizzle","sizzled","sizzles","sizzling","sizzlingly","skill","skyrocket","slaughter","slave","sleazy","sleeping","sly","smash","smiling","smug","smuggle","smuggled","sneak-peek","sneaky","sniveling","snob","snooty","snotty","soar","soaring","solid","solution","spank","special","spectacular","speedy","spell-binding","spine","spirit","spirited","spiteful","spoiler","spontaneous","spotlight","spunky","squirming","stable","staggering","startling","steady","steal","stealthy","steamy","step-by-step","still","stoic","stop","strange","strangle","strategy","stressed","strong","strongly suggest","struggle","stuck up","studies","stunning","stupid","stupid-simple","sturdy","sublime","succeed","success","successful","suck","suddenly","suffer","sunny","super","super-human","superb","supercharge","superior","supported","supportive","sure","sure fire","surefire","surge","surging","surprise","surprised","surprising","survival","survive","suspicious","sweaty","swoon","swoon-worthy","tailspin","tank","tantalizing","targeted","tawdry","tease","technology","teetering","tempting","tenacious","tense","terrible","terrific","terrified","terrifying","terror","terrorist","tested","thankful","the truth","threaten","threatened","thrilled","thrilling","thug","ticked off","tickled","timely","today","torture","toxic","track record","trade secret","tragedy","tragic","transform","transparency","trap","trapped","trauma","traumatized","treacherous","treasure","tremendous","trend","tricks","triggers","triple","triumph","truly","trusting","trustworthy","truth","truthful","turbo-charge","turbocharges","tweaks","twitching","ultimate","unadulterated","unassuming","unauthorized","unbelievable","unburdened","uncaring","uncensored","uncertain","uncomfortable","unconditional","uncontrollable","unconventional","uncovered","undeniable","under priced","undercover","underground","underhanded","underused","unexpected","unforgettable","unheard of","unhurried","uninterested","unique","unjustified","unknowingly","unleashed","unlimited","unlock","unparalleled","unpopular","unreliable","unresponsive","unseen","unstable","unstoppable","unsure","unsurpassed","untapped","unusual","up-sell","upbeat","uplifted","uplifting","urge","urgent","useful","useless","validate","valor","valuable","value","vanquish","vaporize","venomous","verify","vibrant","vicious","victim","victory","vigorous","vilified","vindictive","violated","violent","volatile","vulnerable","waiting","wanted","wanton","warning","waste","weak","wealth","weird","what no one tells you","whip","whopping","wicked","wild","willpower","withheld","wonderful","wondrous","woozy","world","worry","worst","worthwhile","wounded","wreaking","youthful","zen","zinger"],"diacritics":true,"researchesTests":["contentHasTOC","contentHasShortParagraphs","contentHasAssets","keywordInTitle","keywordInMetaDescription","keywordInPermalink","keywordIn10Percent","keywordInContent","keywordInSubheadings","keywordInImageAlt","keywordDensity","keywordNotUsed","lengthContent","lengthPermalink","linksHasInternal","linksHasExternals","linksNotAllExternals","titleStartWithKeyword","titleSentiment","titleHasPowerWords","titleHasNumber","hasContentAI"],"hasBreadcrumb":false,"serpData":{"title":"%sitename% %page% %sep% %sitedesc%","description":"","titleTemplate":"%sitename% %page% %sep% %sitedesc%","descriptionTemplate":"","focusKeywords":"","breadcrumbTitle":"Home","robots":{"index":true},"advancedRobots":{"max-snippet":"-1","max-video-preview":"-1","max-image-preview":"large"},"facebookTitle":"","facebookDescription":"","facebookImage":"","facebookImageID":""}}},"tocTitle":"Table of Contents","tocExcludeHeadings":[],"listStyle":"ul"},"_links":{"self":[{"href":"https:\/\/www.leventuysal.com\/en\/wp-json\/wp\/v2\/pages\/5425","targetHints":{"allow":["GET"]}}],"collection":[{"href":"https:\/\/www.leventuysal.com\/en\/wp-json\/wp\/v2\/pages"}],"about":[{"href":"https:\/\/www.leventuysal.com\/en\/wp-json\/wp\/v2\/types\/page"}],"author":[{"embeddable":true,"href":"https:\/\/www.leventuysal.com\/en\/wp-json\/wp\/v2\/users\/10"}],"replies":[{"embeddable":true,"href":"https:\/\/www.leventuysal.com\/en\/wp-json\/wp\/v2\/comments?post=5425"}],"version-history":[{"count":4,"href":"https:\/\/www.leventuysal.com\/en\/wp-json\/wp\/v2\/pages\/5425\/revisions"}],"predecessor-version":[{"id":5429,"href":"https:\/\/www.leventuysal.com\/en\/wp-json\/wp\/v2\/pages\/5425\/revisions\/5429"}],"wp:attachment":[{"href":"https:\/\/www.leventuysal.com\/en\/wp-json\/wp\/v2\/media?parent=5425"}],"curies":[{"name":"wp","href":"https:\/\/api.w.org\/{rel}","templated":true}]}}