{"id":3943,"date":"2024-10-14T09:29:18","date_gmt":"2024-10-14T06:29:18","guid":{"rendered":"https:\/\/segnetdemo.com\/demo57\/?post_type=cpt_services&#038;p=3943"},"modified":"2024-10-14T14:30:10","modified_gmt":"2024-10-14T11:30:10","slug":"mhp-mersin-milletvekili-adayi-dr-levent-uysal-tufan-kurklu-ve-isletmesini-ziyaret-etti","status":"publish","type":"cpt_services","link":"https:\/\/www.leventuysal.com\/en\/services\/mhp-mersin-milletvekili-adayi-dr-levent-uysal-tufan-kurklu-ve-isletmesini-ziyaret-etti\/","title":{"rendered":"MHP Mersin Milletvekili aday\u0131 Dr. Levent UYSAL Tufan K\u00fcrkl\u00fc ve i\u015fletmesini ziyaret etti."},"content":{"rendered":"<p>Uysal, MHP Tarsus \u0130l\u00e7e Ba\u015fkan\u0131 Mehmet \u00c7elik, MHP Mersin Milletvekili Baki \u015eim\u015fek, Ge\u00e7mi\u015f D\u00f6nem Tarsus Belediye Ba\u015fkan\u0131 \u015eevket Can ve MHP Mersin Milletvekili Aday\u0131 Ali Ar\u0131 ile beraber Tufan K\u00fcrkl\u00fc ve i\u015fletmesini ziyaret etti. Misafirperverli\u011fi i\u00e7in kendilerine te\u015fekk\u00fcr etti.<\/p>\n","protected":false},"excerpt":{"rendered":"<p>Uysal, MHP Tarsus \u0130l\u00e7e Ba\u015fkan\u0131 Mehmet \u00c7elik, MHP Mersin Milletvekili Baki \u015eim\u015fek, Ge\u00e7mi\u015f D\u00f6nem Tarsus Belediye Ba\u015fkan\u0131 \u015eevket Can ve MHP Mersin Milletvekili Aday\u0131 Ali Ar\u0131 ile beraber Tufan K\u00fcrkl\u00fc ve i\u015fletmesini ziyaret etti. Misafirperverli\u011fi i\u00e7in kendilerine te\u015fekk\u00fcr etti.<\/p>\n","protected":false},"author":3,"featured_media":3777,"comment_status":"closed","ping_status":"closed","template":"","cpt_services_group":[67],"class_list":["post-3943","cpt_services","type-cpt_services","status-publish","has-post-thumbnail","hentry","cpt_services_group-haberler"],"_links":{"self":[{"href":"https:\/\/www.leventuysal.com\/en\/wp-json\/wp\/v2\/cpt_services\/3943","targetHints":{"allow":["GET"]}}],"collection":[{"href":"https:\/\/www.leventuysal.com\/en\/wp-json\/wp\/v2\/cpt_services"}],"about":[{"href":"https:\/\/www.leventuysal.com\/en\/wp-json\/wp\/v2\/types\/cpt_services"}],"author":[{"embeddable":true,"href":"https:\/\/www.leventuysal.com\/en\/wp-json\/wp\/v2\/users\/3"}],"replies":[{"embeddable":true,"href":"https:\/\/www.leventuysal.com\/en\/wp-json\/wp\/v2\/comments?post=3943"}],"version-history":[{"count":1,"href":"https:\/\/www.leventuysal.com\/en\/wp-json\/wp\/v2\/cpt_services\/3943\/revisions"}],"predecessor-version":[{"id":3944,"href":"https:\/\/www.leventuysal.com\/en\/wp-json\/wp\/v2\/cpt_services\/3943\/revisions\/3944"}],"wp:featuredmedia":[{"embeddable":true,"href":"https:\/\/www.leventuysal.com\/en\/wp-json\/wp\/v2\/media\/3777"}],"wp:attachment":[{"href":"https:\/\/www.leventuysal.com\/en\/wp-json\/wp\/v2\/media?parent=3943"}],"wp:term":[{"taxonomy":"cpt_services_group","embeddable":true,"href":"https:\/\/www.leventuysal.com\/en\/wp-json\/wp\/v2\/cpt_services_group?post=3943"}],"curies":[{"name":"wp","href":"https:\/\/api.w.org\/{rel}","templated":true}]}}