{"id":3940,"date":"2024-10-14T09:30:19","date_gmt":"2024-10-14T06:30:19","guid":{"rendered":"https:\/\/segnetdemo.com\/demo57\/?post_type=cpt_services&#038;p=3940"},"modified":"2024-10-14T14:29:12","modified_gmt":"2024-10-14T11:29:12","slug":"mhp-mersin-milletvekili-adayi-dr-levent-uysal-alici-ticareti-ziyaret-etti","status":"publish","type":"cpt_services","link":"https:\/\/www.leventuysal.com\/en\/services\/mhp-mersin-milletvekili-adayi-dr-levent-uysal-alici-ticareti-ziyaret-etti\/","title":{"rendered":"MHP Mersin Milletvekili aday\u0131 Dr. Levent UYSAL Al\u0131c\u0131 Ticareti ziyaret etti."},"content":{"rendered":"<p>Uysal, MHP Mersin Milletvekili Aday\u0131 Ali Ar\u0131, Mersin Milletvekili Baki \u015eim\u015fek Tarsus \u0130l\u00e7e Te\u015fkilat\u0131 ve \u00d6nceki d\u00f6nem Tarsus Belediye Ba\u015fkan\u0131 \u015eevket Can ile birlikte Al\u0131c\u0131 Ticareti ziyaret etti. Misafirperverli\u011fi i\u00e7in kendilerine te\u015fekk\u00fcr etti.<\/p>\n","protected":false},"excerpt":{"rendered":"<p>Uysal, MHP Mersin Milletvekili Aday\u0131 Ali Ar\u0131, Mersin Milletvekili Baki \u015eim\u015fek Tarsus \u0130l\u00e7e Te\u015fkilat\u0131 ve \u00d6nceki d\u00f6nem Tarsus Belediye Ba\u015fkan\u0131 \u015eevket Can ile birlikte Al\u0131c\u0131 Ticareti ziyaret etti. Misafirperverli\u011fi i\u00e7in kendilerine te\u015fekk\u00fcr etti.<\/p>\n","protected":false},"author":3,"featured_media":3776,"comment_status":"closed","ping_status":"closed","template":"","cpt_services_group":[67],"class_list":["post-3940","cpt_services","type-cpt_services","status-publish","has-post-thumbnail","hentry","cpt_services_group-haberler"],"_links":{"self":[{"href":"https:\/\/www.leventuysal.com\/en\/wp-json\/wp\/v2\/cpt_services\/3940","targetHints":{"allow":["GET"]}}],"collection":[{"href":"https:\/\/www.leventuysal.com\/en\/wp-json\/wp\/v2\/cpt_services"}],"about":[{"href":"https:\/\/www.leventuysal.com\/en\/wp-json\/wp\/v2\/types\/cpt_services"}],"author":[{"embeddable":true,"href":"https:\/\/www.leventuysal.com\/en\/wp-json\/wp\/v2\/users\/3"}],"replies":[{"embeddable":true,"href":"https:\/\/www.leventuysal.com\/en\/wp-json\/wp\/v2\/comments?post=3940"}],"version-history":[{"count":1,"href":"https:\/\/www.leventuysal.com\/en\/wp-json\/wp\/v2\/cpt_services\/3940\/revisions"}],"predecessor-version":[{"id":3941,"href":"https:\/\/www.leventuysal.com\/en\/wp-json\/wp\/v2\/cpt_services\/3940\/revisions\/3941"}],"wp:featuredmedia":[{"embeddable":true,"href":"https:\/\/www.leventuysal.com\/en\/wp-json\/wp\/v2\/media\/3776"}],"wp:attachment":[{"href":"https:\/\/www.leventuysal.com\/en\/wp-json\/wp\/v2\/media?parent=3940"}],"wp:term":[{"taxonomy":"cpt_services_group","embeddable":true,"href":"https:\/\/www.leventuysal.com\/en\/wp-json\/wp\/v2\/cpt_services_group?post=3940"}],"curies":[{"name":"wp","href":"https:\/\/api.w.org\/{rel}","templated":true}]}}