{"id":3937,"date":"2024-10-14T09:32:38","date_gmt":"2024-10-14T06:32:38","guid":{"rendered":"https:\/\/segnetdemo.com\/demo57\/?post_type=cpt_services&#038;p=3937"},"modified":"2024-10-14T14:28:13","modified_gmt":"2024-10-14T11:28:13","slug":"mhp-mersin-milletvekili-adayi-dr-levent-uysal-tarsus-bahce-tarimi-ziyaret-etti","status":"publish","type":"cpt_services","link":"https:\/\/www.leventuysal.com\/en\/services\/mhp-mersin-milletvekili-adayi-dr-levent-uysal-tarsus-bahce-tarimi-ziyaret-etti\/","title":{"rendered":"MHP Mersin Milletvekili aday\u0131 Dr. Levent UYSAL Tarsus Bah\u00e7e Tar\u0131m\u2019\u0131 ziyaret etti."},"content":{"rendered":"<p>Uysal, MHP Tarsus \u0130l\u00e7e Ba\u015fkan\u0131 Mehmet \u00c7elik, MHP Mersin Milletvekili Baki \u015eim\u015fek, Ge\u00e7mi\u015f D\u00f6nem Tarsus Belediye Ba\u015fkan\u0131 \u015eevket Can, MHP Mersin Milletvekili Aday\u0131 Ali Ar\u0131 ve te\u015fkilat\u0131 ile birlikte Tarsus Bah\u00e7e Tar\u0131m\u2019\u0131 ziyaret etti. Misafirperverli\u011fi i\u00e7in kendilerine te\u015fekk\u00fcrlerini iletti.<\/p>\n","protected":false},"excerpt":{"rendered":"<p>Uysal, MHP Tarsus \u0130l\u00e7e Ba\u015fkan\u0131 Mehmet \u00c7elik, MHP Mersin Milletvekili Baki \u015eim\u015fek, Ge\u00e7mi\u015f D\u00f6nem Tarsus Belediye Ba\u015fkan\u0131 \u015eevket Can, MHP Mersin Milletvekili Aday\u0131 Ali Ar\u0131 ve te\u015fkilat\u0131 ile birlikte Tarsus Bah\u00e7e Tar\u0131m\u2019\u0131 ziyaret etti. Misafirperverli\u011fi i\u00e7in kendilerine te\u015fekk\u00fcrlerini iletti.<\/p>\n","protected":false},"author":3,"featured_media":3775,"comment_status":"closed","ping_status":"closed","template":"","cpt_services_group":[67],"class_list":["post-3937","cpt_services","type-cpt_services","status-publish","has-post-thumbnail","hentry","cpt_services_group-haberler"],"_links":{"self":[{"href":"https:\/\/www.leventuysal.com\/en\/wp-json\/wp\/v2\/cpt_services\/3937","targetHints":{"allow":["GET"]}}],"collection":[{"href":"https:\/\/www.leventuysal.com\/en\/wp-json\/wp\/v2\/cpt_services"}],"about":[{"href":"https:\/\/www.leventuysal.com\/en\/wp-json\/wp\/v2\/types\/cpt_services"}],"author":[{"embeddable":true,"href":"https:\/\/www.leventuysal.com\/en\/wp-json\/wp\/v2\/users\/3"}],"replies":[{"embeddable":true,"href":"https:\/\/www.leventuysal.com\/en\/wp-json\/wp\/v2\/comments?post=3937"}],"version-history":[{"count":1,"href":"https:\/\/www.leventuysal.com\/en\/wp-json\/wp\/v2\/cpt_services\/3937\/revisions"}],"predecessor-version":[{"id":3938,"href":"https:\/\/www.leventuysal.com\/en\/wp-json\/wp\/v2\/cpt_services\/3937\/revisions\/3938"}],"wp:featuredmedia":[{"embeddable":true,"href":"https:\/\/www.leventuysal.com\/en\/wp-json\/wp\/v2\/media\/3775"}],"wp:attachment":[{"href":"https:\/\/www.leventuysal.com\/en\/wp-json\/wp\/v2\/media?parent=3937"}],"wp:term":[{"taxonomy":"cpt_services_group","embeddable":true,"href":"https:\/\/www.leventuysal.com\/en\/wp-json\/wp\/v2\/cpt_services_group?post=3937"}],"curies":[{"name":"wp","href":"https:\/\/api.w.org\/{rel}","templated":true}]}}