{"id":3934,"date":"2024-10-14T09:34:49","date_gmt":"2024-10-14T06:34:49","guid":{"rendered":"https:\/\/segnetdemo.com\/demo57\/?post_type=cpt_services&#038;p=3934"},"modified":"2024-10-14T14:27:25","modified_gmt":"2024-10-14T11:27:25","slug":"mhp-mersin-milletvekili-adayi-dr-levent-uysal-tarsus-yas-sebze-ve-meyve-halini-ziyaret-etti","status":"publish","type":"cpt_services","link":"https:\/\/www.leventuysal.com\/en\/services\/mhp-mersin-milletvekili-adayi-dr-levent-uysal-tarsus-yas-sebze-ve-meyve-halini-ziyaret-etti\/","title":{"rendered":"MHP Mersin Milletvekili aday\u0131 Dr. Levent UYSAL Tarsus Ya\u015f Sebze ve Meyve Hali\u2019ni ziyaret etti."},"content":{"rendered":"<p>\u2018Sofram\u0131za Emekleri ile \u00dcr\u00fcn ta\u015f\u0131yan emek\u00e7iler ile bulu\u015ftuk.\u2019<\/p>\n<p>Uysal, MHP Tarsus \u0130l\u00e7e Ba\u015fkan\u0131 Mehmet \u00c7elik, MHP Mersin Milletvekili Baki \u015eim\u015fek, Ge\u00e7mi\u015f D\u00f6nem Tarsus Belediye Ba\u015fkan\u0131 \u015eevket Can, MHP Mersin Milletvekili Aday\u0131 Ali Ar\u0131 ve te\u015fkilat\u0131 ile birlikte Tarsus Ya\u015f Sebze ve Meyve Hali\u2019ni ziyaret etti. Esnafla hasbihal edip, hay\u0131rl\u0131 ve bol kazan\u00e7l\u0131 i\u015fler diledi.<\/p>\n","protected":false},"excerpt":{"rendered":"<p>\u2018Sofram\u0131za Emekleri ile \u00dcr\u00fcn ta\u015f\u0131yan emek\u00e7iler ile bulu\u015ftuk.\u2019 Uysal, MHP Tarsus \u0130l\u00e7e Ba\u015fkan\u0131 Mehmet \u00c7elik, MHP Mersin Milletvekili Baki \u015eim\u015fek, Ge\u00e7mi\u015f D\u00f6nem Tarsus Belediye Ba\u015fkan\u0131 \u015eevket Can, MHP Mersin Milletvekili Aday\u0131 Ali Ar\u0131 ve te\u015fkilat\u0131 ile birlikte Tarsus Ya\u015f Sebze ve Meyve Hali\u2019ni ziyaret etti. Esnafla hasbihal edip, hay\u0131rl\u0131 ve bol kazan\u00e7l\u0131 i\u015fler diledi.<\/p>\n","protected":false},"author":3,"featured_media":3774,"comment_status":"closed","ping_status":"closed","template":"","cpt_services_group":[67],"class_list":["post-3934","cpt_services","type-cpt_services","status-publish","has-post-thumbnail","hentry","cpt_services_group-haberler"],"_links":{"self":[{"href":"https:\/\/www.leventuysal.com\/en\/wp-json\/wp\/v2\/cpt_services\/3934","targetHints":{"allow":["GET"]}}],"collection":[{"href":"https:\/\/www.leventuysal.com\/en\/wp-json\/wp\/v2\/cpt_services"}],"about":[{"href":"https:\/\/www.leventuysal.com\/en\/wp-json\/wp\/v2\/types\/cpt_services"}],"author":[{"embeddable":true,"href":"https:\/\/www.leventuysal.com\/en\/wp-json\/wp\/v2\/users\/3"}],"replies":[{"embeddable":true,"href":"https:\/\/www.leventuysal.com\/en\/wp-json\/wp\/v2\/comments?post=3934"}],"version-history":[{"count":1,"href":"https:\/\/www.leventuysal.com\/en\/wp-json\/wp\/v2\/cpt_services\/3934\/revisions"}],"predecessor-version":[{"id":3935,"href":"https:\/\/www.leventuysal.com\/en\/wp-json\/wp\/v2\/cpt_services\/3934\/revisions\/3935"}],"wp:featuredmedia":[{"embeddable":true,"href":"https:\/\/www.leventuysal.com\/en\/wp-json\/wp\/v2\/media\/3774"}],"wp:attachment":[{"href":"https:\/\/www.leventuysal.com\/en\/wp-json\/wp\/v2\/media?parent=3934"}],"wp:term":[{"taxonomy":"cpt_services_group","embeddable":true,"href":"https:\/\/www.leventuysal.com\/en\/wp-json\/wp\/v2\/cpt_services_group?post=3934"}],"curies":[{"name":"wp","href":"https:\/\/api.w.org\/{rel}","templated":true}]}}