{"id":3931,"date":"2024-10-14T09:35:12","date_gmt":"2024-10-14T06:35:12","guid":{"rendered":"https:\/\/segnetdemo.com\/demo57\/?post_type=cpt_services&#038;p=3931"},"modified":"2024-11-19T17:53:17","modified_gmt":"2024-11-19T14:53:17","slug":"mhp-mersin-milletvekili-adayi-dr-levent-uysal-mmt-amerikan-hastanesi-ziyaret-etti","status":"publish","type":"cpt_services","link":"https:\/\/www.leventuysal.com\/en\/services\/mhp-mersin-milletvekili-adayi-dr-levent-uysal-mmt-amerikan-hastanesi-ziyaret-etti\/","title":{"rendered":"MHP Mersin Milletvekili aday\u0131 Dr. Levent UYSAL MMT Amerikan Hastanesi ziyaret etti."},"content":{"rendered":"<p>Uysal, \u2018Zor g\u00fcnlerde yan\u0131m\u0131zda olan Sa\u011fl\u0131k \u00c7al\u0131\u015fanlar\u0131m\u0131z\u0131 ziyaret edip, hep yanlar\u0131nda oldu\u011fumuzu dile getirdi.\u2019<\/p>\n<p>MHP Tarsus \u0130l\u00e7e Ba\u015fkan\u0131 Mehmet \u00c7elik, MHP Mersin Milletvekili Baki \u015eim\u015fek, Ge\u00e7mi\u015f D\u00f6nem Tarsus Belediye Ba\u015fkan\u0131 \u015eevket Can ve te\u015fkilat\u0131 ile birlikte Tarsus MMT Amerikan Hastanesi Y\u00f6netim Kurulu Ba\u015fkan\u0131 Say\u0131n Mehmet Ta\u015fdelen\u2019i ve hastane \u00e7al\u0131\u015fanlar\u0131n\u0131 ziyaret etti. Hastalar\u0131m\u0131za acil \u015fifalar temennisinde bulundu.<\/p>\n","protected":false},"excerpt":{"rendered":"<p>Uysal, \u2018Zor g\u00fcnlerde yan\u0131m\u0131zda olan Sa\u011fl\u0131k \u00c7al\u0131\u015fanlar\u0131m\u0131z\u0131 ziyaret edip, hep yanlar\u0131nda oldu\u011fumuzu dile getirdi.\u2019 MHP Tarsus \u0130l\u00e7e Ba\u015fkan\u0131 Mehmet \u00c7elik, MHP Mersin Milletvekili Baki \u015eim\u015fek, Ge\u00e7mi\u015f D\u00f6nem Tarsus Belediye Ba\u015fkan\u0131 \u015eevket Can ve te\u015fkilat\u0131 ile birlikte Tarsus MMT Amerikan Hastanesi Y\u00f6netim Kurulu Ba\u015fkan\u0131 Say\u0131n Mehmet Ta\u015fdelen\u2019i ve hastane \u00e7al\u0131\u015fanlar\u0131n\u0131 ziyaret etti. Hastalar\u0131m\u0131za acil \u015fifalar temennisinde&hellip;<\/p>\n","protected":false},"author":3,"featured_media":4606,"comment_status":"closed","ping_status":"closed","template":"","cpt_services_group":[67],"class_list":["post-3931","cpt_services","type-cpt_services","status-publish","has-post-thumbnail","hentry","cpt_services_group-haberler"],"_links":{"self":[{"href":"https:\/\/www.leventuysal.com\/en\/wp-json\/wp\/v2\/cpt_services\/3931","targetHints":{"allow":["GET"]}}],"collection":[{"href":"https:\/\/www.leventuysal.com\/en\/wp-json\/wp\/v2\/cpt_services"}],"about":[{"href":"https:\/\/www.leventuysal.com\/en\/wp-json\/wp\/v2\/types\/cpt_services"}],"author":[{"embeddable":true,"href":"https:\/\/www.leventuysal.com\/en\/wp-json\/wp\/v2\/users\/3"}],"replies":[{"embeddable":true,"href":"https:\/\/www.leventuysal.com\/en\/wp-json\/wp\/v2\/comments?post=3931"}],"version-history":[{"count":1,"href":"https:\/\/www.leventuysal.com\/en\/wp-json\/wp\/v2\/cpt_services\/3931\/revisions"}],"predecessor-version":[{"id":3932,"href":"https:\/\/www.leventuysal.com\/en\/wp-json\/wp\/v2\/cpt_services\/3931\/revisions\/3932"}],"wp:featuredmedia":[{"embeddable":true,"href":"https:\/\/www.leventuysal.com\/en\/wp-json\/wp\/v2\/media\/4606"}],"wp:attachment":[{"href":"https:\/\/www.leventuysal.com\/en\/wp-json\/wp\/v2\/media?parent=3931"}],"wp:term":[{"taxonomy":"cpt_services_group","embeddable":true,"href":"https:\/\/www.leventuysal.com\/en\/wp-json\/wp\/v2\/cpt_services_group?post=3931"}],"curies":[{"name":"wp","href":"https:\/\/api.w.org\/{rel}","templated":true}]}}