{"id":3879,"date":"2024-10-14T09:55:09","date_gmt":"2024-10-14T06:55:09","guid":{"rendered":"https:\/\/segnetdemo.com\/demo57\/?post_type=cpt_services&#038;p=3879"},"modified":"2024-10-14T14:01:00","modified_gmt":"2024-10-14T11:01:00","slug":"mhp-mersin-milletvekili-adayi-dr-levent-uysal-mersin-stklilar-ile-bir-araya-gelerek-mersingiadin-sabah-kahvaltisina-katildi","status":"publish","type":"cpt_services","link":"https:\/\/www.leventuysal.com\/en\/services\/mhp-mersin-milletvekili-adayi-dr-levent-uysal-mersin-stklilar-ile-bir-araya-gelerek-mersingiadin-sabah-kahvaltisina-katildi\/","title":{"rendered":"MHP Mersin Milletvekili aday\u0131 Dr. Levent UYSAL Mersin STK\u2019l\u0131lar ile bir araya gelerek MERS\u0130NG\u0130AD\u2019\u0131n sabah kahvalt\u0131s\u0131na kat\u0131ld\u0131."},"content":{"rendered":"<p>MHP Mersin Milletvekili aday\u0131 Serdar Soydan ile Mersin\u2019in STK\u2019lar\u0131 ile bir araya gelerek MERS\u0130NG\u0130AD\u2019\u0131n sabah kahvalt\u0131s\u0131nda misafirleri oldu. Ba\u015fkan Mehmet Serkan \u0130zol ve Y\u00f6netim Kurulu \u00dcyelerine g\u00fczel ev sahipli\u011fi i\u00e7in  te\u015fekk\u00fcrlerini iletti.<\/p>\n","protected":false},"excerpt":{"rendered":"<p>MHP Mersin Milletvekili aday\u0131 Serdar Soydan ile Mersin\u2019in STK\u2019lar\u0131 ile bir araya gelerek MERS\u0130NG\u0130AD\u2019\u0131n sabah kahvalt\u0131s\u0131nda misafirleri oldu. Ba\u015fkan Mehmet Serkan \u0130zol ve Y\u00f6netim Kurulu \u00dcyelerine g\u00fczel ev sahipli\u011fi i\u00e7in te\u015fekk\u00fcrlerini iletti.<\/p>\n","protected":false},"author":3,"featured_media":3758,"comment_status":"closed","ping_status":"closed","template":"","cpt_services_group":[67],"class_list":["post-3879","cpt_services","type-cpt_services","status-publish","has-post-thumbnail","hentry","cpt_services_group-haberler"],"_links":{"self":[{"href":"https:\/\/www.leventuysal.com\/en\/wp-json\/wp\/v2\/cpt_services\/3879","targetHints":{"allow":["GET"]}}],"collection":[{"href":"https:\/\/www.leventuysal.com\/en\/wp-json\/wp\/v2\/cpt_services"}],"about":[{"href":"https:\/\/www.leventuysal.com\/en\/wp-json\/wp\/v2\/types\/cpt_services"}],"author":[{"embeddable":true,"href":"https:\/\/www.leventuysal.com\/en\/wp-json\/wp\/v2\/users\/3"}],"replies":[{"embeddable":true,"href":"https:\/\/www.leventuysal.com\/en\/wp-json\/wp\/v2\/comments?post=3879"}],"version-history":[{"count":1,"href":"https:\/\/www.leventuysal.com\/en\/wp-json\/wp\/v2\/cpt_services\/3879\/revisions"}],"predecessor-version":[{"id":3880,"href":"https:\/\/www.leventuysal.com\/en\/wp-json\/wp\/v2\/cpt_services\/3879\/revisions\/3880"}],"wp:featuredmedia":[{"embeddable":true,"href":"https:\/\/www.leventuysal.com\/en\/wp-json\/wp\/v2\/media\/3758"}],"wp:attachment":[{"href":"https:\/\/www.leventuysal.com\/en\/wp-json\/wp\/v2\/media?parent=3879"}],"wp:term":[{"taxonomy":"cpt_services_group","embeddable":true,"href":"https:\/\/www.leventuysal.com\/en\/wp-json\/wp\/v2\/cpt_services_group?post=3879"}],"curies":[{"name":"wp","href":"https:\/\/api.w.org\/{rel}","templated":true}]}}