{"id":3872,"date":"2024-10-14T09:57:18","date_gmt":"2024-10-14T06:57:18","guid":{"rendered":"https:\/\/segnetdemo.com\/demo57\/?post_type=cpt_services&#038;p=3872"},"modified":"2024-10-14T13:58:59","modified_gmt":"2024-10-14T10:58:59","slug":"mhp-mersin-milletvekili-adayi-dr-levent-uysal-bozyazi-esnaf-ve-sanatkarlar-kredi-ve-kefalet-kooperatifi-ziyaret-etti","status":"publish","type":"cpt_services","link":"https:\/\/www.leventuysal.com\/en\/services\/mhp-mersin-milletvekili-adayi-dr-levent-uysal-bozyazi-esnaf-ve-sanatkarlar-kredi-ve-kefalet-kooperatifi-ziyaret-etti\/","title":{"rendered":"MHP Mersin Milletvekili aday\u0131 Dr. Levent UYSAL Bozyaz\u0131 Esnaf ve Sanatkarlar Kredi ve Kefalet Kooperatifi ziyaret etti."},"content":{"rendered":"<p>Bozyaz\u0131 Belediye Ba\u015fkan\u0131 Mustafa \u00c7etinkaya, Bozyaz\u0131 \u0130l\u00e7e Ba\u015fkan\u0131 Mustafa Alaku\u015f ve Te\u015fkilat\u0131 ile birlikte Bozyaz\u0131 Esnaf ve Sanatkarlar Kredi ve Kefalet Kooperatifi Ba\u015fkan\u0131 Say\u0131n Erdo\u011fan Duru\u2019yu ve Kooperatif y\u00f6netimini ziyaret etti. Misafirperverlikleri i\u00e7in te\u015fekk\u00fcrlerini iletti.<\/p>\n","protected":false},"excerpt":{"rendered":"<p>Bozyaz\u0131 Belediye Ba\u015fkan\u0131 Mustafa \u00c7etinkaya, Bozyaz\u0131 \u0130l\u00e7e Ba\u015fkan\u0131 Mustafa Alaku\u015f ve Te\u015fkilat\u0131 ile birlikte Bozyaz\u0131 Esnaf ve Sanatkarlar Kredi ve Kefalet Kooperatifi Ba\u015fkan\u0131 Say\u0131n Erdo\u011fan Duru\u2019yu ve Kooperatif y\u00f6netimini ziyaret etti. Misafirperverlikleri i\u00e7in te\u015fekk\u00fcrlerini iletti.<\/p>\n","protected":false},"author":3,"featured_media":3756,"comment_status":"closed","ping_status":"closed","template":"","cpt_services_group":[67],"class_list":["post-3872","cpt_services","type-cpt_services","status-publish","has-post-thumbnail","hentry","cpt_services_group-haberler"],"_links":{"self":[{"href":"https:\/\/www.leventuysal.com\/en\/wp-json\/wp\/v2\/cpt_services\/3872","targetHints":{"allow":["GET"]}}],"collection":[{"href":"https:\/\/www.leventuysal.com\/en\/wp-json\/wp\/v2\/cpt_services"}],"about":[{"href":"https:\/\/www.leventuysal.com\/en\/wp-json\/wp\/v2\/types\/cpt_services"}],"author":[{"embeddable":true,"href":"https:\/\/www.leventuysal.com\/en\/wp-json\/wp\/v2\/users\/3"}],"replies":[{"embeddable":true,"href":"https:\/\/www.leventuysal.com\/en\/wp-json\/wp\/v2\/comments?post=3872"}],"version-history":[{"count":1,"href":"https:\/\/www.leventuysal.com\/en\/wp-json\/wp\/v2\/cpt_services\/3872\/revisions"}],"predecessor-version":[{"id":3873,"href":"https:\/\/www.leventuysal.com\/en\/wp-json\/wp\/v2\/cpt_services\/3872\/revisions\/3873"}],"wp:featuredmedia":[{"embeddable":true,"href":"https:\/\/www.leventuysal.com\/en\/wp-json\/wp\/v2\/media\/3756"}],"wp:attachment":[{"href":"https:\/\/www.leventuysal.com\/en\/wp-json\/wp\/v2\/media?parent=3872"}],"wp:term":[{"taxonomy":"cpt_services_group","embeddable":true,"href":"https:\/\/www.leventuysal.com\/en\/wp-json\/wp\/v2\/cpt_services_group?post=3872"}],"curies":[{"name":"wp","href":"https:\/\/api.w.org\/{rel}","templated":true}]}}