{"id":3869,"date":"2024-10-14T09:58:38","date_gmt":"2024-10-14T06:58:38","guid":{"rendered":"https:\/\/segnetdemo.com\/demo57\/?post_type=cpt_services&#038;p=3869"},"modified":"2024-10-14T13:58:13","modified_gmt":"2024-10-14T10:58:13","slug":"mhp-mersin-milletvekili-adayi-dr-levent-uysal-teks-teami-ziyaret-etti","status":"publish","type":"cpt_services","link":"https:\/\/www.leventuysal.com\/en\/services\/mhp-mersin-milletvekili-adayi-dr-levent-uysal-teks-teami-ziyaret-etti\/","title":{"rendered":"MHP Mersin Milletvekili aday\u0131 Dr. Levent UYSAL TEKS TEAM\u2019i ziyaret etti."},"content":{"rendered":"<p>Uysal, MHP Mersin Milletvekili Aday\u0131 Serdar Soydan ve Hamit TUNA ile birlikte TEKS TEAM Y\u00f6netim Kurulu Ba\u015fkan\u0131 Umut K\u0131l\u0131\u00e7 ve tak\u0131m arkada\u015flar\u0131 ile bir araya geldi. Ekonomiye, Mersin\u2019e can suyu olan i\u015fletmeler i\u00e7in yapaca\u011f\u0131 \u00e7al\u0131\u015fmalar hakk\u0131nda bilgi verip fikir al\u0131\u015fveri\u015finde bulundu. Kendilerini t\u00fcm samimiyeti ile kar\u015f\u0131layan, Umut K\u0131l\u0131\u00e7\u2019a \u00e7ok te\u015fekk\u00fcrlerini iletti.<\/p>\n","protected":false},"excerpt":{"rendered":"<p>Uysal, MHP Mersin Milletvekili Aday\u0131 Serdar Soydan ve Hamit TUNA ile birlikte TEKS TEAM Y\u00f6netim Kurulu Ba\u015fkan\u0131 Umut K\u0131l\u0131\u00e7 ve tak\u0131m arkada\u015flar\u0131 ile bir araya geldi. Ekonomiye, Mersin\u2019e can suyu olan i\u015fletmeler i\u00e7in yapaca\u011f\u0131 \u00e7al\u0131\u015fmalar hakk\u0131nda bilgi verip fikir al\u0131\u015fveri\u015finde bulundu. Kendilerini t\u00fcm samimiyeti ile kar\u015f\u0131layan, Umut K\u0131l\u0131\u00e7\u2019a \u00e7ok te\u015fekk\u00fcrlerini iletti.<\/p>\n","protected":false},"author":3,"featured_media":3755,"comment_status":"closed","ping_status":"closed","template":"","cpt_services_group":[67],"class_list":["post-3869","cpt_services","type-cpt_services","status-publish","has-post-thumbnail","hentry","cpt_services_group-haberler"],"_links":{"self":[{"href":"https:\/\/www.leventuysal.com\/en\/wp-json\/wp\/v2\/cpt_services\/3869","targetHints":{"allow":["GET"]}}],"collection":[{"href":"https:\/\/www.leventuysal.com\/en\/wp-json\/wp\/v2\/cpt_services"}],"about":[{"href":"https:\/\/www.leventuysal.com\/en\/wp-json\/wp\/v2\/types\/cpt_services"}],"author":[{"embeddable":true,"href":"https:\/\/www.leventuysal.com\/en\/wp-json\/wp\/v2\/users\/3"}],"replies":[{"embeddable":true,"href":"https:\/\/www.leventuysal.com\/en\/wp-json\/wp\/v2\/comments?post=3869"}],"version-history":[{"count":1,"href":"https:\/\/www.leventuysal.com\/en\/wp-json\/wp\/v2\/cpt_services\/3869\/revisions"}],"predecessor-version":[{"id":3870,"href":"https:\/\/www.leventuysal.com\/en\/wp-json\/wp\/v2\/cpt_services\/3869\/revisions\/3870"}],"wp:featuredmedia":[{"embeddable":true,"href":"https:\/\/www.leventuysal.com\/en\/wp-json\/wp\/v2\/media\/3755"}],"wp:attachment":[{"href":"https:\/\/www.leventuysal.com\/en\/wp-json\/wp\/v2\/media?parent=3869"}],"wp:term":[{"taxonomy":"cpt_services_group","embeddable":true,"href":"https:\/\/www.leventuysal.com\/en\/wp-json\/wp\/v2\/cpt_services_group?post=3869"}],"curies":[{"name":"wp","href":"https:\/\/api.w.org\/{rel}","templated":true}]}}