{"id":3866,"date":"2024-10-14T09:59:57","date_gmt":"2024-10-14T06:59:57","guid":{"rendered":"https:\/\/segnetdemo.com\/demo57\/?post_type=cpt_services&#038;p=3866"},"modified":"2024-11-19T17:51:44","modified_gmt":"2024-11-19T14:51:44","slug":"mhp-mersin-milletvekili-adayi-dr-levent-uysal-turkaya-tekstili-ziyaret-etti","status":"publish","type":"cpt_services","link":"https:\/\/www.leventuysal.com\/en\/services\/mhp-mersin-milletvekili-adayi-dr-levent-uysal-turkaya-tekstili-ziyaret-etti\/","title":{"rendered":"MHP Mersin Milletvekili aday\u0131 Dr. Levent UYSAL TURKAYA Tekstil\u2019i ziyaret etti."},"content":{"rendered":"<p>Uysal, MHP Mersin Milletvekili Aday\u0131 Serdar Soydan ve Hamit Tuna ile birlikte TURKAYA Tekstil Y\u00f6netim Kurulu Ba\u015fkan\u0131 Abdurrahim Kaya ve tak\u0131m arkada\u015flar\u0131 ile bir araya geldi. Ekonomiye, Mersin\u2019e can suyu olan i\u015fletmeler i\u00e7in yapaca\u011f\u0131 \u00e7al\u0131\u015fmalar hakk\u0131nda bilgi verip fikir al\u0131\u015fveri\u015finde bulundu. Kendilerini t\u00fcm samimiyeti ile kar\u015f\u0131layan, Abdurrahim Kaya\u2019ya \u00e7ok te\u015fekk\u00fcrlerini iletti.<\/p>\n","protected":false},"excerpt":{"rendered":"<p>Uysal, MHP Mersin Milletvekili Aday\u0131 Serdar Soydan ve Hamit Tuna ile birlikte TURKAYA Tekstil Y\u00f6netim Kurulu Ba\u015fkan\u0131 Abdurrahim Kaya ve tak\u0131m arkada\u015flar\u0131 ile bir araya geldi. Ekonomiye, Mersin\u2019e can suyu olan i\u015fletmeler i\u00e7in yapaca\u011f\u0131 \u00e7al\u0131\u015fmalar hakk\u0131nda bilgi verip fikir al\u0131\u015fveri\u015finde bulundu. Kendilerini t\u00fcm samimiyeti ile kar\u015f\u0131layan, Abdurrahim Kaya\u2019ya \u00e7ok te\u015fekk\u00fcrlerini iletti.<\/p>\n","protected":false},"author":3,"featured_media":4604,"comment_status":"closed","ping_status":"closed","template":"","cpt_services_group":[67],"class_list":["post-3866","cpt_services","type-cpt_services","status-publish","has-post-thumbnail","hentry","cpt_services_group-haberler"],"_links":{"self":[{"href":"https:\/\/www.leventuysal.com\/en\/wp-json\/wp\/v2\/cpt_services\/3866","targetHints":{"allow":["GET"]}}],"collection":[{"href":"https:\/\/www.leventuysal.com\/en\/wp-json\/wp\/v2\/cpt_services"}],"about":[{"href":"https:\/\/www.leventuysal.com\/en\/wp-json\/wp\/v2\/types\/cpt_services"}],"author":[{"embeddable":true,"href":"https:\/\/www.leventuysal.com\/en\/wp-json\/wp\/v2\/users\/3"}],"replies":[{"embeddable":true,"href":"https:\/\/www.leventuysal.com\/en\/wp-json\/wp\/v2\/comments?post=3866"}],"version-history":[{"count":1,"href":"https:\/\/www.leventuysal.com\/en\/wp-json\/wp\/v2\/cpt_services\/3866\/revisions"}],"predecessor-version":[{"id":3867,"href":"https:\/\/www.leventuysal.com\/en\/wp-json\/wp\/v2\/cpt_services\/3866\/revisions\/3867"}],"wp:featuredmedia":[{"embeddable":true,"href":"https:\/\/www.leventuysal.com\/en\/wp-json\/wp\/v2\/media\/4604"}],"wp:attachment":[{"href":"https:\/\/www.leventuysal.com\/en\/wp-json\/wp\/v2\/media?parent=3866"}],"wp:term":[{"taxonomy":"cpt_services_group","embeddable":true,"href":"https:\/\/www.leventuysal.com\/en\/wp-json\/wp\/v2\/cpt_services_group?post=3866"}],"curies":[{"name":"wp","href":"https:\/\/api.w.org\/{rel}","templated":true}]}}