{"id":3863,"date":"2024-10-14T10:00:47","date_gmt":"2024-10-14T07:00:47","guid":{"rendered":"https:\/\/segnetdemo.com\/demo57\/?post_type=cpt_services&#038;p=3863"},"modified":"2024-10-14T13:56:33","modified_gmt":"2024-10-14T10:56:33","slug":"mhp-mersin-milletvekili-adayi-dr-levent-uysal-madame-mode-tekstili-ziyaret-etti","status":"publish","type":"cpt_services","link":"https:\/\/www.leventuysal.com\/en\/services\/mhp-mersin-milletvekili-adayi-dr-levent-uysal-madame-mode-tekstili-ziyaret-etti\/","title":{"rendered":"MHP Mersin Milletvekili aday\u0131 Dr. Levent UYSAL MADAME MODE Tekstil\u2019i ziyaret etti."},"content":{"rendered":"<p>Uysal, MHP Mersin Milletvekili Aday\u0131 Serdar Soydan ve Hamit Tuna ile birlikte MADAME MODE Tekstil Y\u00f6netim Kurulu Ba\u015fkan\u0131 ve Mersin Tekstil ve Konfeksiyon Sanayicileri Derne\u011fi Ba\u015fkan\u0131 Ekrem Sa\u011flam ve Mersin Serbest B\u00f6lge Kullan\u0131c\u0131lar\u0131 Derne\u011fi Ba\u015fkan\u0131 \u015eakir Y\u0131lmaz\u2019\u0131n ev sahipli\u011finde \u0130\u015f \u0130nsanlar\u0131 ile bir araya geldi. Ekonomiye, Mersin\u2019e can suyu olan i\u015fletmeler i\u00e7in yapaca\u011f\u0131 \u00e7al\u0131\u015fmalar hakk\u0131nda bilgi verip fikir al\u0131\u015fveri\u015finde bulundu.<\/p>\n<p>Kendilerini t\u00fcm samimiyeti ile kar\u015f\u0131layan, Ekrem Sa\u011flam ve \u015eakir Y\u0131lmaz \u2019a \u00e7ok te\u015fekk\u00fcr iletti.<\/p>\n","protected":false},"excerpt":{"rendered":"<p>Uysal, MHP Mersin Milletvekili Aday\u0131 Serdar Soydan ve Hamit Tuna ile birlikte MADAME MODE Tekstil Y\u00f6netim Kurulu Ba\u015fkan\u0131 ve Mersin Tekstil ve Konfeksiyon Sanayicileri Derne\u011fi Ba\u015fkan\u0131 Ekrem Sa\u011flam ve Mersin Serbest B\u00f6lge Kullan\u0131c\u0131lar\u0131 Derne\u011fi Ba\u015fkan\u0131 \u015eakir Y\u0131lmaz\u2019\u0131n ev sahipli\u011finde \u0130\u015f \u0130nsanlar\u0131 ile bir araya geldi. Ekonomiye, Mersin\u2019e can suyu olan i\u015fletmeler i\u00e7in yapaca\u011f\u0131 \u00e7al\u0131\u015fmalar hakk\u0131nda&hellip;<\/p>\n","protected":false},"author":3,"featured_media":3753,"comment_status":"closed","ping_status":"closed","template":"","cpt_services_group":[67],"class_list":["post-3863","cpt_services","type-cpt_services","status-publish","has-post-thumbnail","hentry","cpt_services_group-haberler"],"_links":{"self":[{"href":"https:\/\/www.leventuysal.com\/en\/wp-json\/wp\/v2\/cpt_services\/3863","targetHints":{"allow":["GET"]}}],"collection":[{"href":"https:\/\/www.leventuysal.com\/en\/wp-json\/wp\/v2\/cpt_services"}],"about":[{"href":"https:\/\/www.leventuysal.com\/en\/wp-json\/wp\/v2\/types\/cpt_services"}],"author":[{"embeddable":true,"href":"https:\/\/www.leventuysal.com\/en\/wp-json\/wp\/v2\/users\/3"}],"replies":[{"embeddable":true,"href":"https:\/\/www.leventuysal.com\/en\/wp-json\/wp\/v2\/comments?post=3863"}],"version-history":[{"count":1,"href":"https:\/\/www.leventuysal.com\/en\/wp-json\/wp\/v2\/cpt_services\/3863\/revisions"}],"predecessor-version":[{"id":3864,"href":"https:\/\/www.leventuysal.com\/en\/wp-json\/wp\/v2\/cpt_services\/3863\/revisions\/3864"}],"wp:featuredmedia":[{"embeddable":true,"href":"https:\/\/www.leventuysal.com\/en\/wp-json\/wp\/v2\/media\/3753"}],"wp:attachment":[{"href":"https:\/\/www.leventuysal.com\/en\/wp-json\/wp\/v2\/media?parent=3863"}],"wp:term":[{"taxonomy":"cpt_services_group","embeddable":true,"href":"https:\/\/www.leventuysal.com\/en\/wp-json\/wp\/v2\/cpt_services_group?post=3863"}],"curies":[{"name":"wp","href":"https:\/\/api.w.org\/{rel}","templated":true}]}}