{"id":3857,"date":"2024-10-14T10:03:19","date_gmt":"2024-10-14T07:03:19","guid":{"rendered":"https:\/\/segnetdemo.com\/demo57\/?post_type=cpt_services&#038;p=3857"},"modified":"2024-10-14T13:54:58","modified_gmt":"2024-10-14T10:54:58","slug":"mhp-mersin-milletvekili-adayi-dr-levent-uysal-nazar-bebe-giyimi-ziyaret-etti","status":"publish","type":"cpt_services","link":"https:\/\/www.leventuysal.com\/en\/services\/mhp-mersin-milletvekili-adayi-dr-levent-uysal-nazar-bebe-giyimi-ziyaret-etti\/","title":{"rendered":"MHP Mersin Milletvekili aday\u0131 Dr. Levent UYSAL Nazar Bebe Giyimi ziyaret etti."},"content":{"rendered":"<p>Uysal, Toroslarda bebek k\u0131yafeti \u00fcretimi noktas\u0131nda hizmet veren Nazar Bebe Giyimi ziyaret ederek, projelerinden bahsetti. Ve  B\u00f6lgede hizmet veren di\u011fer i\u015f insanlar\u0131 ile bir araya geldi.<\/p>\n<p>Misafirperverliklerinden dolay\u0131 Y\u00f6netim Kurulu Ba\u015fkan\u0131 \u0130lhan Karaku\u015f te\u015fekk\u00fcrlerini iletti.<\/p>\n","protected":false},"excerpt":{"rendered":"<p>Uysal, Toroslarda bebek k\u0131yafeti \u00fcretimi noktas\u0131nda hizmet veren Nazar Bebe Giyimi ziyaret ederek, projelerinden bahsetti. Ve B\u00f6lgede hizmet veren di\u011fer i\u015f insanlar\u0131 ile bir araya geldi. Misafirperverliklerinden dolay\u0131 Y\u00f6netim Kurulu Ba\u015fkan\u0131 \u0130lhan Karaku\u015f te\u015fekk\u00fcrlerini iletti.<\/p>\n","protected":false},"author":3,"featured_media":3751,"comment_status":"closed","ping_status":"closed","template":"","cpt_services_group":[67],"class_list":["post-3857","cpt_services","type-cpt_services","status-publish","has-post-thumbnail","hentry","cpt_services_group-haberler"],"_links":{"self":[{"href":"https:\/\/www.leventuysal.com\/en\/wp-json\/wp\/v2\/cpt_services\/3857","targetHints":{"allow":["GET"]}}],"collection":[{"href":"https:\/\/www.leventuysal.com\/en\/wp-json\/wp\/v2\/cpt_services"}],"about":[{"href":"https:\/\/www.leventuysal.com\/en\/wp-json\/wp\/v2\/types\/cpt_services"}],"author":[{"embeddable":true,"href":"https:\/\/www.leventuysal.com\/en\/wp-json\/wp\/v2\/users\/3"}],"replies":[{"embeddable":true,"href":"https:\/\/www.leventuysal.com\/en\/wp-json\/wp\/v2\/comments?post=3857"}],"version-history":[{"count":1,"href":"https:\/\/www.leventuysal.com\/en\/wp-json\/wp\/v2\/cpt_services\/3857\/revisions"}],"predecessor-version":[{"id":3858,"href":"https:\/\/www.leventuysal.com\/en\/wp-json\/wp\/v2\/cpt_services\/3857\/revisions\/3858"}],"wp:featuredmedia":[{"embeddable":true,"href":"https:\/\/www.leventuysal.com\/en\/wp-json\/wp\/v2\/media\/3751"}],"wp:attachment":[{"href":"https:\/\/www.leventuysal.com\/en\/wp-json\/wp\/v2\/media?parent=3857"}],"wp:term":[{"taxonomy":"cpt_services_group","embeddable":true,"href":"https:\/\/www.leventuysal.com\/en\/wp-json\/wp\/v2\/cpt_services_group?post=3857"}],"curies":[{"name":"wp","href":"https:\/\/api.w.org\/{rel}","templated":true}]}}