{"id":3850,"date":"2024-10-14T10:07:26","date_gmt":"2024-10-14T07:07:26","guid":{"rendered":"https:\/\/segnetdemo.com\/demo57\/?post_type=cpt_services&#038;p=3850"},"modified":"2024-10-14T13:52:28","modified_gmt":"2024-10-14T10:52:28","slug":"milliyetci-hareket-partisi-mersin-milletvekili-dr-levent-uysal-29-ekim-cumhuriyet-bayraminin-100-yili-munasebetiyle-mesaj-yayimladi","status":"publish","type":"cpt_services","link":"https:\/\/www.leventuysal.com\/en\/services\/milliyetci-hareket-partisi-mersin-milletvekili-dr-levent-uysal-29-ekim-cumhuriyet-bayraminin-100-yili-munasebetiyle-mesaj-yayimladi\/","title":{"rendered":"Milliyet\u00e7i Hareket Partisi Mersin Milletvekili Dr. Levent Uysal, 29 Ekim Cumhuriyet Bayram\u0131n\u0131n 100. Y\u0131l\u0131 m\u00fcnasebetiyle mesaj yay\u0131mlad\u0131."},"content":{"rendered":"<p>Milletvekili Uysal \u201cT\u00fcrkiye Cumhuriyeti Devleti\u2019nin 100. ya\u015f\u0131n\u0131 kutluyoruz. Gazi Mustafa Kemal Atat\u00fcrk\u2019\u00fcn azimli ve kararl\u0131 duru\u015fuyla Cumhuriyet ilan edildi. Cumhuriyetin ilan edilmesiyle birlikte T\u00fcrkiye olarak yeniliklere a\u00e7\u0131ld\u0131k ve geli\u015ftik. Medeniyet \u00fclkesi olduk, d\u00fcnya taraf\u0131ndan \u00f6rnek g\u00f6sterildik. Cumhuriyet, T\u00fcrk milletine emanet edilen en b\u00fcy\u00fck mirast\u0131r. Atat\u00fcrk, \u2018Cumhuriyeti biz kurduk, onu ya\u015fatacak ve y\u00fckseltecek olan sizlersiniz\u2019 s\u00f6z\u00fcyle T\u00fcrk gen\u00e7lerimizden de bu emanete s\u0131k\u0131 s\u0131k\u0131 sahip \u00e7\u0131kmalar\u0131n\u0131 istemi\u015ftir. Gelecekte \u00fclkemizin y\u00f6netiminde s\u00f6z sahibi olacak olan gen\u00e7lerimize Cumhuriyetin nas\u0131l kazan\u0131ld\u0131\u011f\u0131n\u0131 iyi \u00f6\u011fretmeli, vatan toprak b\u00fct\u00fcnl\u00fc\u011f\u00fc bilincini a\u015f\u0131lamal\u0131y\u0131z. Tam bir as\u0131rd\u0131r huzur ve bar\u0131\u015f i\u00e7erisinde ya\u015f\u0131yorsak bunu Cumhuriyete bor\u00e7luyuz. T\u00fcrk milletine en \u00e7ok yak\u0131\u015fan rejim olan Cumhuriyete ge\u00e7ildikten sonra kad\u0131nlar\u0131m\u0131z da her alanda s\u00f6z sahibi olmu\u015f, \u00f6nemli g\u00f6revler \u00fcstlenmi\u015ftir. Nene Hatunlar, Halide Edipler, Kara Fatmalar, \u015eerife Bac\u0131lar, G\u00f6rdesli Makbule Han\u0131mlar, Halime \u00c7avu\u015flar gibi kad\u0131nlar\u0131m\u0131z\u0131n da m\u00fccadelesiyle T\u00fcrkiye Cumhuriyeti Devleti olduk.<\/p>\n<p>Yan\u0131 ba\u015f\u0131m\u0131zdaki \u00fclkeler par\u00e7alanma e\u015fi\u011fine gelmi\u015f, sava\u015fla bo\u011fu\u015furken bizim \u00fclkemizin bir ve b\u00fct\u00fcn olmas\u0131n\u0131n \u015fans\u0131 Cumhuriyettendir! T\u00fcrkiye Cumhuriyetimizin kurulu\u015funun 100. Y\u0131l\u0131nda \u00fclke olarak hem savunma sanayisinde hem de teknolojide \u00f6nemli ba\u015far\u0131lar elde ettik, d\u0131\u015fa ba\u011f\u0131ml\u0131l\u0131\u011f\u0131m\u0131z\u0131 azaltt\u0131k. \u00dcreten bir T\u00fcrkiye olarak d\u00fcnya pazarlar\u0131ndaki yerimizi ve sayg\u0131nl\u0131\u011f\u0131m\u0131z\u0131 art\u0131rd\u0131k Cumhuriyetimizin 100. Y\u0131l\u0131nda.T\u00fcrkiye\u2019nin yeni y\u00fczy\u0131l\u0131nda Atam\u0131za yak\u0131\u015f\u0131r i\u015fler yapmaya devam edece\u011fiz.<\/p>\n<p>Cumhuriyet, fazilettir.<\/p>\n<p>Cumhuriyet, erdemdir.<\/p>\n<p>Cumhuriyet, inan\u00e7t\u0131r.<\/p>\n<p>Cumhuriyet, h\u00fcrriyet ve ba\u011f\u0131ms\u0131zl\u0131\u011f\u0131m\u0131z\u0131n teminat\u0131d\u0131r.<\/p>\n<p>Ya\u015fas\u0131n T\u00fcrk Milleti!<\/p>\n<p>Ya\u015fas\u0131n T\u00fcrkiye Cumhuriyeti!<\/p>\n<p>Sonsuz ba\u011fl\u0131l\u0131k, vazge\u00e7ilmez yemin, hi\u00e7 bitmeyecek azimle Cumhuriyetimizin 100. Y\u0131l\u0131 T\u00fcrk milletimize kutlu olsun. Ba\u015fta Gazi Mustafa Kemal Atat\u00fcrk ve silah arkada\u015flar\u0131 olmak \u00fczere vatan\u0131m\u0131z u\u011fruna canlar\u0131n\u0131 feda eden t\u00fcm kahraman \u015fehitlerimizi rahmet ve minnetle an\u0131yorum. O kanlar d\u00f6k\u00fclmeseydi bug\u00fcn T\u00fcrkiye Cumhuriyeti Devleti olamazd\u0131k. An\u0131lar\u0131na sayg\u0131yla\u2026\u201d<\/p>\n","protected":false},"excerpt":{"rendered":"<p>Milletvekili Uysal \u201cT\u00fcrkiye Cumhuriyeti Devleti\u2019nin 100. ya\u015f\u0131n\u0131 kutluyoruz. Gazi Mustafa Kemal Atat\u00fcrk\u2019\u00fcn azimli ve kararl\u0131 duru\u015fuyla Cumhuriyet ilan edildi. Cumhuriyetin ilan edilmesiyle birlikte T\u00fcrkiye olarak yeniliklere a\u00e7\u0131ld\u0131k ve geli\u015ftik. Medeniyet \u00fclkesi olduk, d\u00fcnya taraf\u0131ndan \u00f6rnek g\u00f6sterildik. Cumhuriyet, T\u00fcrk milletine emanet edilen en b\u00fcy\u00fck mirast\u0131r. Atat\u00fcrk, \u2018Cumhuriyeti biz kurduk, onu ya\u015fatacak ve y\u00fckseltecek olan sizlersiniz\u2019 s\u00f6z\u00fcyle&hellip;<\/p>\n","protected":false},"author":3,"featured_media":3749,"comment_status":"closed","ping_status":"closed","template":"","cpt_services_group":[67],"class_list":["post-3850","cpt_services","type-cpt_services","status-publish","has-post-thumbnail","hentry","cpt_services_group-haberler"],"_links":{"self":[{"href":"https:\/\/www.leventuysal.com\/en\/wp-json\/wp\/v2\/cpt_services\/3850","targetHints":{"allow":["GET"]}}],"collection":[{"href":"https:\/\/www.leventuysal.com\/en\/wp-json\/wp\/v2\/cpt_services"}],"about":[{"href":"https:\/\/www.leventuysal.com\/en\/wp-json\/wp\/v2\/types\/cpt_services"}],"author":[{"embeddable":true,"href":"https:\/\/www.leventuysal.com\/en\/wp-json\/wp\/v2\/users\/3"}],"replies":[{"embeddable":true,"href":"https:\/\/www.leventuysal.com\/en\/wp-json\/wp\/v2\/comments?post=3850"}],"version-history":[{"count":1,"href":"https:\/\/www.leventuysal.com\/en\/wp-json\/wp\/v2\/cpt_services\/3850\/revisions"}],"predecessor-version":[{"id":3851,"href":"https:\/\/www.leventuysal.com\/en\/wp-json\/wp\/v2\/cpt_services\/3850\/revisions\/3851"}],"wp:featuredmedia":[{"embeddable":true,"href":"https:\/\/www.leventuysal.com\/en\/wp-json\/wp\/v2\/media\/3749"}],"wp:attachment":[{"href":"https:\/\/www.leventuysal.com\/en\/wp-json\/wp\/v2\/media?parent=3850"}],"wp:term":[{"taxonomy":"cpt_services_group","embeddable":true,"href":"https:\/\/www.leventuysal.com\/en\/wp-json\/wp\/v2\/cpt_services_group?post=3850"}],"curies":[{"name":"wp","href":"https:\/\/api.w.org\/{rel}","templated":true}]}}