{"id":3844,"date":"2024-10-14T10:09:53","date_gmt":"2024-10-14T07:09:53","guid":{"rendered":"https:\/\/segnetdemo.com\/demo57\/?post_type=cpt_services&#038;p=3844"},"modified":"2024-10-14T12:41:36","modified_gmt":"2024-10-14T09:41:36","slug":"mhp-mersin-milletvekili-uysal-1000-cocuk-ile-atanin-huzurunda","status":"publish","type":"cpt_services","link":"https:\/\/www.leventuysal.com\/en\/services\/mhp-mersin-milletvekili-uysal-1000-cocuk-ile-atanin-huzurunda\/","title":{"rendered":"MHP Mersin Milletvekili Uysal, 1000 \u00c7ocuk ile Ata\u2019n\u0131n Huzurunda"},"content":{"rendered":"<p>Milliyet\u00e7i Hareket Partisi Mersin Milletvekili Dr. Levent Uysal Atat\u00fcrk\u2019\u00fcn ebediyete irtihal edi\u015finin 85. y\u0131l\u0131 ile ilgili \u201cGazi Mustafa Kemal Atat\u00fcrk, 85 y\u0131ld\u0131r bedenen bizimle olmayabilir ancak fikirlerini ya\u015fatmaya, onu yeni nesillere anlatmaya devam ediyoruz. Atam\u0131z\u0131n izinde ilerleyerek emanet etti\u011fi T\u00fcrkiye Cumhuriyeti\u2019ne sahip \u00e7\u0131k\u0131yoruz\u201d \u015feklinde konu\u015ftu.<\/p>\n<p>Erdemli Belediyesi, Erdemli Kaymakaml\u0131\u011f\u0131 ve Erdemli \u0130l\u00e7e Milli E\u011fitim M\u00fcd\u00fcrl\u00fc\u011f\u00fc taraf\u0131ndan d\u00fczenlenen \u201cY\u00f6r\u00fck \u00c7ocuklar\u0131 Ata\u2019n\u0131n Huzurunda\u201d projesi \u00e7er\u00e7evesinde An\u0131tkabir\u2019e gelen 1000 \u00e7ocukla da bir araya gelen MHP Mersin Milletvekili Dr. Levent Uysal \u201c\u00c7ocuklar\u0131m\u0131z\u0131n \u00fclkemizin kurucusu Atat\u00fcrk\u2019\u00fc bilmeleri, ara\u015ft\u0131rmalar\u0131 ve verdi\u011fi m\u00fccadeleyi i\u00e7selle\u015ftirmeleri b\u00fcy\u00fck \u00f6nem arz ediyor. Erdemli Belediye Ba\u015fkan\u0131m\u0131z M\u00fckerrem Tollu ile il\u00e7ede ger\u00e7ekle\u015ftirdi\u011fimiz muhtarlar bulu\u015fmas\u0131nda 1000 \u00e7ocu\u011fumuzla Atam\u0131z\u0131n huzurunda olaca\u011f\u0131m\u0131z\u0131 s\u00f6ylemi\u015ftik. Bug\u00fcn An\u0131tkabir\u2019de \u00e7ocuklar\u0131m\u0131zla beraber Aziz Atat\u00fcrk\u2019\u00fc ziyaret ettik. Gelece\u011fimiz, \u00e7ocuklar\u0131m\u0131z\u0131n elinde ve tarihimizi iyi \u00f6\u011frenmelerini sa\u011flamal\u0131y\u0131z\u201d \u015feklinde konu\u015ftu.<\/p>\n<p>Milletvekili Uysal gelece\u011fimizin teminat\u0131 \u00e7ocuklar ve gen\u00e7ler ile Atat\u00fcrk\u2019\u00fcn huzurunda olmaktan onur duydu\u011funu belirterek \u201c\u00d6yle bir lider d\u00fc\u015f\u00fcn\u00fcn ki \u2018Ben gerekti\u011fi zaman, en b\u00fcy\u00fck arma\u011fan olmak \u00fczere T\u00fcrk milletine can\u0131m\u0131 verece\u011fim\u2019 s\u00f6z\u00fcyle \u00fclkesine olan ba\u011fl\u0131l\u0131\u011f\u0131n\u0131 anlat\u0131p, T\u00fcrkiye Cumhuriyeti\u2019ni bize arma\u011fan etti. Her zaman kalbimize yak\u0131n bir lider olan Gazi Mustafa Kemal Atat\u00fcrk, d\u00fcnyaca da \u00f6rnek g\u00f6sterilen biri oldu. \u0130leri g\u00f6r\u00fc\u015fl\u00fcl\u00fc\u011f\u00fcyle T\u00fcrk milletine \u00e7a\u011f atlatt\u0131, T\u00fcrkiye Cumhuriyeti Devleti\u2019nin d\u00fcnya \u00fclkeleri aras\u0131nda sayg\u0131n bir hale gelmesini sa\u011flad\u0131. Atat\u00fcrk ayn\u0131 zamanda b\u00fcy\u00fck bir komutand\u0131. Kurtulu\u015f Sava\u015f\u0131\u2019n\u0131n ba\u015far\u0131yla sonu\u00e7lanmas\u0131n\u0131 sa\u011flay\u0131p zaferin kazan\u0131lmas\u0131nda da en b\u00fcy\u00fck paya sahip oldu. Nice \u00fclkeler s\u00f6m\u00fcr\u00fc alt\u0131ndayken o bize tam ba\u011f\u0131ms\u0131zl\u0131\u011f\u0131m\u0131z\u0131 kazand\u0131rd\u0131. Biz vatan b\u00fct\u00fcnl\u00fc\u011f\u00fcn\u00fc korumay\u0131 ecdad\u0131m\u0131zdan ve Atam\u0131zdan \u00f6\u011frendik. \u0130limin, bilimin \u0131\u015f\u0131\u011f\u0131nda \u00fclkemizi muas\u0131r medeniyet seviyesine getirdik. Fikirlerini nesilden nesile aktarmaya, emanet etti\u011fi Cumhuriyete d\u00f6rt elle sar\u0131lmaya devam edece\u011fiz. Bug\u00fcn Erdemli Belediyemizin ve Belediye Ba\u015fkan\u0131m\u0131z M\u00fckerrem Tollu\u2019nun \u00f6nc\u00fcl\u00fc\u011f\u00fcnde \u00e7ocuklar\u0131m\u0131z\u0131 An\u0131tkabir\u2019e getirdik. Amac\u0131m\u0131z gen\u00e7lerimizin ge\u00e7mi\u015fini \u00f6\u011frenmesini sa\u011flay\u0131p, Gazi Mustafa Kemal Atat\u00fcrk\u2019\u00fcn onlara b\u0131rakt\u0131\u011f\u0131 miras\u0131 idrak etmeleri. Cumhuriyetimizin 100.y\u0131l\u0131na girdi\u011fimiz \u015fu g\u00fcnlerde daha iyi anl\u0131yoruz \u00f6denen bedelleri. \u2018Beni g\u00f6rmek demek, mutlaka y\u00fcz\u00fcm\u00fc g\u00f6rmek demek de\u011fildir. Benim fikirlerimi, benim duygular\u0131m\u0131 anl\u0131yorsan\u0131z ve hissediyorsan\u0131z bu kafidir\u2019 s\u00f6z\u00fcyle de Atat\u00fcrk, kazan\u0131mlar\u0131n\u0131 ya\u015fatmam\u0131z\u0131 ve T\u00fcrkiye Cumhuriyeti\u2019ni her alanda geli\u015ftirmemizi istemi\u015ftir. Biz de yurdumuzun di\u011fer \u00fclkeler taraf\u0131ndan \u00f6rnek al\u0131nmas\u0131n\u0131 sa\u011flad\u0131k ve d\u00fcnya \u00f6n\u00fcnde karar alan bir \u00fclke konumuna geldik. Ayr\u0131ca gelece\u011fin g\u00fc\u00e7l\u00fc T\u00fcrkiye\u2019si mazlum milletlere umut, \u015fefkat eli uzat\u0131lmas\u0131n\u0131 bekleyenlere de destek olmaya devam edecek. T\u00fcrkiye Cumhuriyeti bug\u00fcn di\u011fer orta do\u011fu \u00fclkeleri gibi sava\u015fla burun buruna gelmiyorsa bunu Gazi Mustafa Kemal Atat\u00fcrk\u2019e bor\u00e7ludur. Bu bilin\u00e7le Atam\u0131z\u0131n ilkelerini iyi anlamal\u0131y\u0131z. Aram\u0131zdan ayr\u0131l\u0131\u015f\u0131n\u0131n 85.y\u0131l\u0131nda Ba\u015f \u00d6\u011fretmen, Ebedi Komutan Gazi Mustafa Kemal Atat\u00fcrk\u2019\u00fcn aziz hat\u0131ras\u0131n\u0131 sayg\u0131 ile yad ediyor, ona, kahraman silah arkada\u015flar\u0131na, aziz \u015fehitlerimize ve ebediyete intikal eden \u015fanl\u0131 gazilerimize de Allah\u2019tan rahmet diliyorum. Ruhlar\u0131 \u015fad olsun. Senin izinde, daima ilkelerinle. \u0130yi ki vars\u0131n Ba\u015fkomutan\u0131m\u0131z\u2026\u201d ifadelerine yer verdi.<\/p>\n","protected":false},"excerpt":{"rendered":"<p>Milliyet\u00e7i Hareket Partisi Mersin Milletvekili Dr. Levent Uysal Atat\u00fcrk\u2019\u00fcn ebediyete irtihal edi\u015finin 85. y\u0131l\u0131 ile ilgili \u201cGazi Mustafa Kemal Atat\u00fcrk, 85 y\u0131ld\u0131r bedenen bizimle olmayabilir ancak fikirlerini ya\u015fatmaya, onu yeni nesillere anlatmaya devam ediyoruz. Atam\u0131z\u0131n izinde ilerleyerek emanet etti\u011fi T\u00fcrkiye Cumhuriyeti\u2019ne sahip \u00e7\u0131k\u0131yoruz\u201d \u015feklinde konu\u015ftu. Erdemli Belediyesi, Erdemli Kaymakaml\u0131\u011f\u0131 ve Erdemli \u0130l\u00e7e Milli E\u011fitim M\u00fcd\u00fcrl\u00fc\u011f\u00fc&hellip;<\/p>\n","protected":false},"author":3,"featured_media":3747,"comment_status":"closed","ping_status":"closed","template":"","cpt_services_group":[67],"class_list":["post-3844","cpt_services","type-cpt_services","status-publish","has-post-thumbnail","hentry","cpt_services_group-haberler"],"_links":{"self":[{"href":"https:\/\/www.leventuysal.com\/en\/wp-json\/wp\/v2\/cpt_services\/3844","targetHints":{"allow":["GET"]}}],"collection":[{"href":"https:\/\/www.leventuysal.com\/en\/wp-json\/wp\/v2\/cpt_services"}],"about":[{"href":"https:\/\/www.leventuysal.com\/en\/wp-json\/wp\/v2\/types\/cpt_services"}],"author":[{"embeddable":true,"href":"https:\/\/www.leventuysal.com\/en\/wp-json\/wp\/v2\/users\/3"}],"replies":[{"embeddable":true,"href":"https:\/\/www.leventuysal.com\/en\/wp-json\/wp\/v2\/comments?post=3844"}],"version-history":[{"count":1,"href":"https:\/\/www.leventuysal.com\/en\/wp-json\/wp\/v2\/cpt_services\/3844\/revisions"}],"predecessor-version":[{"id":3845,"href":"https:\/\/www.leventuysal.com\/en\/wp-json\/wp\/v2\/cpt_services\/3844\/revisions\/3845"}],"wp:featuredmedia":[{"embeddable":true,"href":"https:\/\/www.leventuysal.com\/en\/wp-json\/wp\/v2\/media\/3747"}],"wp:attachment":[{"href":"https:\/\/www.leventuysal.com\/en\/wp-json\/wp\/v2\/media?parent=3844"}],"wp:term":[{"taxonomy":"cpt_services_group","embeddable":true,"href":"https:\/\/www.leventuysal.com\/en\/wp-json\/wp\/v2\/cpt_services_group?post=3844"}],"curies":[{"name":"wp","href":"https:\/\/api.w.org\/{rel}","templated":true}]}}