{"id":3841,"date":"2024-10-14T10:10:14","date_gmt":"2024-10-14T07:10:14","guid":{"rendered":"https:\/\/segnetdemo.com\/demo57\/?post_type=cpt_services&#038;p=3841"},"modified":"2024-11-19T17:50:46","modified_gmt":"2024-11-19T14:50:46","slug":"mhpli-uysaldan-24-kasim-ogretmenler-gunu-mesaji","status":"publish","type":"cpt_services","link":"https:\/\/www.leventuysal.com\/en\/services\/mhpli-uysaldan-24-kasim-ogretmenler-gunu-mesaji\/","title":{"rendered":"MHP\u2019li Uysal\u2019dan 24 Kas\u0131m \u00d6\u011fretmenler G\u00fcn\u00fc Mesaj\u0131"},"content":{"rendered":"<p>MHP MERS\u0130N M\u0130LLETVEK\u0130L\u0130 DR. LEVENT UYSAL: \u00d6\u011eRETMEN DEMEK D\u00dcNYA DEMEKT\u0130R<\/p>\n<p>MHP\u2019L\u0130 UYSAL\u2019DAN 24 KASIM \u00d6\u011eRETMENLER G\u00dcN\u00dc MESAJI<\/p>\n<p>T\u00fcrkiye Cumhuriyeti Devleti\u2019nin kurucusu Gazi Mustafa Kemal Atat\u00fcrk\u2019\u00fcn Millet Mekteplerinin Ba\u015f\u00f6\u011fretmenli\u011fini kabul etti\u011fi tarihtir 24 Kas\u0131m. Ba\u015f\u00f6\u011fretmen Atat\u00fcrk\u2019\u00fc ve g\u00f6revi ba\u015f\u0131nda ter\u00f6r sald\u0131r\u0131s\u0131 sonucu \u015fehit olan \u00f6\u011fretmenleri rahmetle anarak \u00d6\u011fretmenler G\u00fcn\u00fc\u2019n\u00fc kutlayan Milliyet\u00e7i Hareket Partisi Mersin Milletvekili Dr. Levent Uysal \u201c\u00d6\u011fretmen demek d\u00fcnya demektir. Milletlerin ve medeniyetlerin mimar\u0131, fedakarl\u0131\u011f\u0131n simgesi \u00f6\u011fretmenlerimize \u015f\u00fckranlar\u0131m\u0131 sunuyorum.\u201d \u015feklinde konu\u015ftu.<\/p>\n<p>T\u00fcrkiye\u2019de her y\u0131l 24 Kas\u0131m tarihi \u00d6\u011fretmenler G\u00fcn\u00fc olarak kutlan\u0131yor ve yurdun d\u00f6rt bir yan\u0131nda \u00e7e\u015fitli etkinlikler d\u00fczenleniyor. Mersin Milletvekili Uysal da \u00f6\u011fretmenlerin ve e\u011fitimcilerin 24 Kas\u0131m \u00d6\u011fretmenler G\u00fcn\u00fc\u2019n\u00fc kutlad\u0131.<\/p>\n<p>Uysal \u201c\u00d6\u011fretmen d\u00fcnya demektir. Bizleri kalemle tan\u0131\u015ft\u0131ran, ilk harfi yazd\u0131ran, ilk heceyi okutan, milletlerin ve medeniyetlerin mimar\u0131, fedakarl\u0131\u011f\u0131n simgesi \u00f6\u011fretmenlerimizdir. \u00d6\u011fretmenlik, insan tarihinin en \u00f6nemli mesle\u011fidir. \u0130deal, gaye ve hizmet mesle\u011fidir. Toplumu \u015fekillendiren \u00f6\u011fretmenlerimiz i\u00e7in Ba\u015f\u00f6\u011fretmenimiz Atat\u00fcrk\u2019\u00fcn \u2018\u00d6\u011fretmenler; yeni nesli, Cumhuriyetin fedak\u00e2r \u00f6\u011fretmen ve e\u011fitimcileri sizler yeti\u015ftireceksiniz, yeni nesil sizin eseriniz olacakt\u0131r.\u2019 s\u00f6z\u00fc bize \u0131\u015f\u0131k tutuyor. \u00d6\u011frencilerimizi bilgiyle donat\u0131rken, onlar\u0131 vicdanl\u0131 ve ahlakl\u0131 olarak da yeti\u015ftirmeliyiz. \u00c7\u00fcnk\u00fc \u00e7ocuklar\u0131m\u0131z ailesinden sonra en \u00e7ok \u00f6\u011fretmenlerimizi g\u00f6r\u00fcyor ve rol model al\u0131yor. Milli ve manevi de\u011ferlerimizi, vatan, millet, bayrak sevgisini vermeliyiz. Sorumluluk bilincinizi bir saniye yitirmeden her bir \u00e7ocu\u011fumuzu kendi evlad\u0131n\u0131z gibi g\u00f6r\u00fcp \u00fczerine titredi\u011finiz i\u00e7in size ne kadar te\u015fekk\u00fcr etsek azd\u0131r. Ba\u015fta Ba\u015f\u00f6\u011fretmenimiz Gazi Mustafa Kemal Atat\u00fcrk olmak \u00fczere t\u00fcm \u00f6\u011fretmenlerimizin \u00f6\u011fretmenler g\u00fcn\u00fcn\u00fc kutluyorum. G\u00f6revi ba\u015f\u0131nda hain ter\u00f6r sald\u0131r\u0131lar\u0131 sonucunda \u015fehit d\u00fc\u015fen \u00f6\u011fretmenlerimize de Y\u00fcce Allah\u2019tan rahmet diliyorum. Her zaman yan\u0131n\u0131zday\u0131z. Her ko\u015fulda ve \u015fartta \u00f6\u011fretmenlerimizi desteklemeye devam edece\u011fiz. \u00dclkemizin ikinci y\u00fczy\u0131l\u0131, \u00f6zverili \u00f6\u011fretmenlerimiz sayesinde daha \u00e7ok geli\u015fecek\u201d ifadelerine yer verdi.<\/p>\n","protected":false},"excerpt":{"rendered":"<p>MHP MERS\u0130N M\u0130LLETVEK\u0130L\u0130 DR. LEVENT UYSAL: \u00d6\u011eRETMEN DEMEK D\u00dcNYA DEMEKT\u0130R MHP\u2019L\u0130 UYSAL\u2019DAN 24 KASIM \u00d6\u011eRETMENLER G\u00dcN\u00dc MESAJI T\u00fcrkiye Cumhuriyeti Devleti\u2019nin kurucusu Gazi Mustafa Kemal Atat\u00fcrk\u2019\u00fcn Millet Mekteplerinin Ba\u015f\u00f6\u011fretmenli\u011fini kabul etti\u011fi tarihtir 24 Kas\u0131m. Ba\u015f\u00f6\u011fretmen Atat\u00fcrk\u2019\u00fc ve g\u00f6revi ba\u015f\u0131nda ter\u00f6r sald\u0131r\u0131s\u0131 sonucu \u015fehit olan \u00f6\u011fretmenleri rahmetle anarak \u00d6\u011fretmenler G\u00fcn\u00fc\u2019n\u00fc kutlayan Milliyet\u00e7i Hareket Partisi Mersin Milletvekili Dr.&hellip;<\/p>\n","protected":false},"author":3,"featured_media":4600,"comment_status":"closed","ping_status":"closed","template":"","cpt_services_group":[67],"class_list":["post-3841","cpt_services","type-cpt_services","status-publish","has-post-thumbnail","hentry","cpt_services_group-haberler"],"_links":{"self":[{"href":"https:\/\/www.leventuysal.com\/en\/wp-json\/wp\/v2\/cpt_services\/3841","targetHints":{"allow":["GET"]}}],"collection":[{"href":"https:\/\/www.leventuysal.com\/en\/wp-json\/wp\/v2\/cpt_services"}],"about":[{"href":"https:\/\/www.leventuysal.com\/en\/wp-json\/wp\/v2\/types\/cpt_services"}],"author":[{"embeddable":true,"href":"https:\/\/www.leventuysal.com\/en\/wp-json\/wp\/v2\/users\/3"}],"replies":[{"embeddable":true,"href":"https:\/\/www.leventuysal.com\/en\/wp-json\/wp\/v2\/comments?post=3841"}],"version-history":[{"count":2,"href":"https:\/\/www.leventuysal.com\/en\/wp-json\/wp\/v2\/cpt_services\/3841\/revisions"}],"predecessor-version":[{"id":4534,"href":"https:\/\/www.leventuysal.com\/en\/wp-json\/wp\/v2\/cpt_services\/3841\/revisions\/4534"}],"wp:featuredmedia":[{"embeddable":true,"href":"https:\/\/www.leventuysal.com\/en\/wp-json\/wp\/v2\/media\/4600"}],"wp:attachment":[{"href":"https:\/\/www.leventuysal.com\/en\/wp-json\/wp\/v2\/media?parent=3841"}],"wp:term":[{"taxonomy":"cpt_services_group","embeddable":true,"href":"https:\/\/www.leventuysal.com\/en\/wp-json\/wp\/v2\/cpt_services_group?post=3841"}],"curies":[{"name":"wp","href":"https:\/\/api.w.org\/{rel}","templated":true}]}}