{"id":3835,"date":"2024-10-14T10:13:06","date_gmt":"2024-10-14T07:13:06","guid":{"rendered":"https:\/\/segnetdemo.com\/demo57\/?post_type=cpt_services&#038;p=3835"},"modified":"2024-10-14T12:38:58","modified_gmt":"2024-10-14T09:38:58","slug":"mhpli-uysal-12-kalkinma-plani-ulkemizin-istikrarli-buyumesini-saglayacak","status":"publish","type":"cpt_services","link":"https:\/\/www.leventuysal.com\/en\/services\/mhpli-uysal-12-kalkinma-plani-ulkemizin-istikrarli-buyumesini-saglayacak\/","title":{"rendered":"MHP\u2019li Uysal: \u201c12. Kalk\u0131nma Plan\u0131 \u00fclkemizin istikrarl\u0131 b\u00fcy\u00fcmesini sa\u011flayacak\u201d"},"content":{"rendered":"<p>T\u00fcrkiye Cumhuriyeti Devleti ikinci yeni y\u00fczy\u0131l\u0131na b\u00fcy\u00fck kazan\u0131mlarla ba\u015flad\u0131. T\u00fcrkiye\u2019nin 2028 hedeflerini ve 2053 vizyonunu belirleyen 12. Kalk\u0131nma Plan\u0131 Genel Kurul\u2019dan ge\u00e7ti. Milliyet\u00e7i Hareket Partisi Mersin Milletvekili Dr. Levent Uysal \u201cT\u00fcrkiye\u2019nin daha g\u00fc\u00e7l\u00fc ve istikrarl\u0131 bir yol izleyebilmesini sa\u011flayan 12. Kalk\u0131nma Plan\u0131\u2019n\u0131n \u00fclkemize hay\u0131rl\u0131 olmas\u0131n\u0131 dilerim\u201d dedi.<\/p>\n<p>T\u00fcrkiye\u2019nin 30 y\u0131ll\u0131k perspektifini olu\u015fturan, hedeflere ad\u0131m ad\u0131m ula\u015fmas\u0131n\u0131 sa\u011flayan 12. Kalk\u0131nma Plan\u0131 g\u00f6r\u00fc\u015fmeleri s\u00fcr\u00fcyor. D\u00fcn, Cumhurba\u015fkan\u0131 Yard\u0131mc\u0131s\u0131 Cevdet Y\u0131lmaz\u2019\u0131n sunumu ile ba\u015flayan g\u00f6r\u00fc\u015fmeler g\u00fcn boyu devam etti. \u0130kinci y\u00fczy\u0131l\u0131na ba\u015flanan T\u00fcrkiye\u2019nin gelecek vizyonunu ortaya koyan 12. Kalk\u0131nma Plan\u0131, insanl\u0131\u011fa katk\u0131 sunarken milli ve manevi de\u011ferlerin korunmas\u0131n\u0131 da \u00f6ncelikli k\u0131lacak.<\/p>\n<p>Milliyet\u00e7i Hareket Partisi Mersin Milletvekili Dr. Levent Uysal, 12. Kalk\u0131nma Plan\u0131 g\u00f6r\u00fc\u015fmeleri ile ilgili a\u00e7\u0131klamada bulundu. Milletvekili Uysal \u201cGazi Meclisimizde 12. Kalk\u0131nma Plan\u0131 g\u00f6r\u00fc\u015fmelerimize devam ediyoruz. Kalk\u0131nma plan\u0131m\u0131z, milletin beklentilerini kar\u015f\u0131lamak ve halk\u0131m\u0131z\u0131n refah\u0131n\u0131 art\u0131rmak i\u00e7in temel yol haritam\u0131z olacakt\u0131r. B\u00f6ylelikle \u00e7al\u0131\u015fmalar\u0131m\u0131z istikrarl\u0131 b\u00fcy\u00fcme ve g\u00fc\u00e7l\u00fc ekonomi, ye\u015fil ve dijital d\u00f6n\u00fc\u015f\u00fcm ile rekabet\u00e7i \u00fcretim, nitelikli insan kayna\u011f\u0131, g\u00fc\u00e7l\u00fc aile ve sa\u011fl\u0131kl\u0131 ya\u015fam, afetlere diren\u00e7li ya\u015fam alanlar\u0131, adaleti esas alan demokratik y\u00f6neti\u015fim hususlar\u0131n\u0131 temel almaktad\u0131r. T\u00fcrkiye\u2019nin yeni y\u00fczy\u0131l\u0131nda istikrarl\u0131, g\u00fc\u00e7l\u00fc ve m\u00fcreffeh bir toplum i\u00e7in hep birlikte \u00e7al\u0131\u015faca\u011f\u0131z\u201d \u015feklinde konu\u015ftu.<\/p>\n<p>12. Kalk\u0131nma Plan\u0131 ile T\u00fcrkiye\u2019nin ortalama y\u0131ll\u0131k y\u00fczde 5 b\u00fcy\u00fcmeyle, 2028\u2019de ki\u015fi ba\u015f\u0131na gelirin 17 bin 554 dolara ula\u015fmas\u0131 ve i\u015fsizli\u011fin y\u00fczde 7,5\u2019e gerilemesinin de ama\u00e7land\u0131\u011f\u0131n\u0131 s\u00f6yleyen Milliyet\u00e7i Hareket Partisi Mersin Milletvekili Dr. Levent Uysal \u201cYeni d\u00fcnya d\u00fczeninde ve \u00fclkemizin yeni y\u00fczy\u0131l\u0131nda en b\u00fcy\u00fck hedeflerimizden biri i\u015fsizlik rakamlar\u0131n\u0131 d\u00fc\u015f\u00fcrmek. \u00dclkemiz her sekt\u00f6rde geli\u015firken, farkl\u0131 i\u015f sahalar\u0131 olu\u015fturacak daha \u00e7ok i\u015f\u00e7i istihdam\u0131 sa\u011flayaca\u011f\u0131z. \u00d6zellikle Mersin gibi lojistik ve sanayi kentlerine do\u011fru yat\u0131r\u0131mlar\u0131 getirecek, 12. Kalk\u0131nma Plan\u0131\u2019ndan kentimizin daha \u00e7ok pay alabilmesi i\u00e7in gayret g\u00f6sterece\u011fiz\u201d ifadelerine yer verdi.<\/p>\n","protected":false},"excerpt":{"rendered":"<p>T\u00fcrkiye Cumhuriyeti Devleti ikinci yeni y\u00fczy\u0131l\u0131na b\u00fcy\u00fck kazan\u0131mlarla ba\u015flad\u0131. T\u00fcrkiye\u2019nin 2028 hedeflerini ve 2053 vizyonunu belirleyen 12. Kalk\u0131nma Plan\u0131 Genel Kurul\u2019dan ge\u00e7ti. Milliyet\u00e7i Hareket Partisi Mersin Milletvekili Dr. Levent Uysal \u201cT\u00fcrkiye\u2019nin daha g\u00fc\u00e7l\u00fc ve istikrarl\u0131 bir yol izleyebilmesini sa\u011flayan 12. Kalk\u0131nma Plan\u0131\u2019n\u0131n \u00fclkemize hay\u0131rl\u0131 olmas\u0131n\u0131 dilerim\u201d dedi. T\u00fcrkiye\u2019nin 30 y\u0131ll\u0131k perspektifini olu\u015fturan, hedeflere ad\u0131m ad\u0131m&hellip;<\/p>\n","protected":false},"author":3,"featured_media":3744,"comment_status":"closed","ping_status":"closed","template":"","cpt_services_group":[67],"class_list":["post-3835","cpt_services","type-cpt_services","status-publish","has-post-thumbnail","hentry","cpt_services_group-haberler"],"_links":{"self":[{"href":"https:\/\/www.leventuysal.com\/en\/wp-json\/wp\/v2\/cpt_services\/3835","targetHints":{"allow":["GET"]}}],"collection":[{"href":"https:\/\/www.leventuysal.com\/en\/wp-json\/wp\/v2\/cpt_services"}],"about":[{"href":"https:\/\/www.leventuysal.com\/en\/wp-json\/wp\/v2\/types\/cpt_services"}],"author":[{"embeddable":true,"href":"https:\/\/www.leventuysal.com\/en\/wp-json\/wp\/v2\/users\/3"}],"replies":[{"embeddable":true,"href":"https:\/\/www.leventuysal.com\/en\/wp-json\/wp\/v2\/comments?post=3835"}],"version-history":[{"count":1,"href":"https:\/\/www.leventuysal.com\/en\/wp-json\/wp\/v2\/cpt_services\/3835\/revisions"}],"predecessor-version":[{"id":3836,"href":"https:\/\/www.leventuysal.com\/en\/wp-json\/wp\/v2\/cpt_services\/3835\/revisions\/3836"}],"wp:featuredmedia":[{"embeddable":true,"href":"https:\/\/www.leventuysal.com\/en\/wp-json\/wp\/v2\/media\/3744"}],"wp:attachment":[{"href":"https:\/\/www.leventuysal.com\/en\/wp-json\/wp\/v2\/media?parent=3835"}],"wp:term":[{"taxonomy":"cpt_services_group","embeddable":true,"href":"https:\/\/www.leventuysal.com\/en\/wp-json\/wp\/v2\/cpt_services_group?post=3835"}],"curies":[{"name":"wp","href":"https:\/\/api.w.org\/{rel}","templated":true}]}}