{"id":3832,"date":"2024-10-14T10:14:18","date_gmt":"2024-10-14T07:14:18","guid":{"rendered":"https:\/\/segnetdemo.com\/demo57\/?post_type=cpt_services&#038;p=3832"},"modified":"2024-10-14T12:38:00","modified_gmt":"2024-10-14T09:38:00","slug":"uysal-mersinin-kalkinmasinin-en-buyuk-anahtari-turizmdir","status":"publish","type":"cpt_services","link":"https:\/\/www.leventuysal.com\/en\/services\/uysal-mersinin-kalkinmasinin-en-buyuk-anahtari-turizmdir\/","title":{"rendered":"Uysal: \u201cMersin\u2019in kalk\u0131nmas\u0131n\u0131n en b\u00fcy\u00fck anahtar\u0131 turizmdir\u201d"},"content":{"rendered":"<p>Mersin Bizim Platformu taraf\u0131ndan d\u00fczenlenen \u00e7al\u0131\u015ftaylar\u0131n sonu\u00e7 raporlar\u0131 ilgili bakanl\u0131klarla payla\u015f\u0131l\u0131yor. \u201cMersin Turizm ve K\u00fclt\u00fcr \u00c7al\u0131\u015ftay\u0131n\u0131n \u00e7\u0131kt\u0131lar\u0131, Milliyet\u00e7i Hareket Partisi Mersin Milletvekili Dr. Levent Uysal, Mersin Turizm \u0130\u015fletmecileri Derne\u011fi Ba\u015fkan\u0131 Hamit \u0130zol, T\u00dcRSAB Mersin B\u00f6lge Temsil Kurulu Ba\u015fkan\u0131 Hakan Bay\u0131nd\u0131r ve Mersinli turizm i\u015fletmecileri taraf\u0131ndan K\u00fclt\u00fcr ve Turizm Bakan\u0131 Mehmet Nuri Ersoy\u2019a sunuldu. Bakan Ersoy\u2019un talimat\u0131yla bu y\u0131l sonuna kadar Mersin\u2019in Turizm Master Plan\u0131 olu\u015fturulacak. Milliyet\u00e7i Hareket Partisi Mersin Milletvekili Dr. Levent Uysal \u201cSay\u0131n Bakan\u0131m\u0131z bizden en h\u0131zl\u0131 \u015fekilde \u015fehrimizin Turizm Master Plan\u0131\u2019n\u0131 olu\u015fturmam\u0131z\u0131 istedi. Biz de turizm ile ilgili t\u00fcm sivil toplum kurulu\u015flar\u0131, Mersin\u2019deki \u00fcniversitelerimizle koordineli hareket edip en do\u011fru Turizm Master Plan\u0131\u2019n\u0131 olu\u015fturaca\u011f\u0131z. Olu\u015fturduktan sonra da K\u00fclt\u00fcr ve Turizm Bakan\u0131m\u0131z Say\u0131n Mehmet Nuri Ersoy\u2019u Mersin\u2019de a\u011f\u0131rlayarak Turizm Master Plan\u0131m\u0131z\u0131 hayata ge\u00e7irece\u011fiz. Turizm, Mersin\u2019de \u00e7ok b\u00fcy\u00fck bir gelir ve d\u00f6viz kayna\u011f\u0131. Mersin\u2019in turizmde ba\u015fka \u015fehirlere \u00f6rnek g\u00f6sterilmesi i\u00e7in sekt\u00f6r temsilcilerini dinleyecek, yar\u0131da kalan projeleri tamamlataca\u011f\u0131z.\u201d ifadelerine yer verdi.<\/p>\n<p>G\u00f6r\u00fc\u015fmede Tarsus-Kazanl\u0131 K\u0131y\u0131 Kesimi Projesi\u2019nin de konu\u015fuldu\u011funu s\u00f6yleyen Milletvekili Uysal \u201cMersin\u2019in turizmde \u015fahlan\u0131\u015f\u0131n\u0131 sa\u011flayacak bir projedir Tarsus-Kazanl\u0131 K\u0131y\u0131 Kesimi projesi. Bu projenin ivedilikle tamamlanmas\u0131n\u0131n b\u00f6lgeye katk\u0131 sa\u011flayaca\u011f\u0131n\u0131 belirttik. Tarsus-Kazanl\u0131 K\u0131y\u0131 Kesimi Projesi \u00e7er\u00e7evesinde olu\u015fturulmas\u0131 beklenen golf sahalar\u0131, kampingler ile spor turizminin de geli\u015fimi ama\u00e7lanacak. Turizmin ivme kazanmas\u0131 demek insan kayna\u011f\u0131 istihdam\u0131n\u0131n \u00f6n\u00fcn\u00fcn a\u00e7\u0131lmas\u0131 demek. Tarsus\u2019un turizm potansiyelinin geli\u015febilmesi i\u00e7in Tarsus-Kazanl\u0131 K\u0131y\u0131 Kesimi Projesi\u2019nin hayata ge\u00e7irilmesi \u015fartt\u0131r.\u201d \u015feklinde konu\u015ftu.<\/p>\n<p>Mersin Turizm ve K\u00fclt\u00fcr \u00c7al\u0131\u015ftay\u0131nda ana ba\u015fl\u0131klardan birinin Mersin Uluslararas\u0131 Narenciye Festivali\u2019nin, K\u00fclt\u00fcr ve Turizm Bakanl\u0131\u011f\u0131\u2019n\u0131n \u201cK\u00fclt\u00fcr Yolu Projesi\u201dne dahil edilmesi oldu\u011funu aktaran Milliyet\u00e7i Hareket Partisi Mersin Milletvekili Dr. Levent Uysal\u201d Uluslararas\u0131 Narenciye Festivali\u2019nin s\u00fcrd\u00fcr\u00fclebilirli\u011fini sa\u011flamam\u0131z gerekiyor. Narenciyeyi d\u00fcnyaya ihra\u00e7 eden Mersin, s\u00f6z konusu festivale geldi\u011finde istenilen seviyeleri yakalayam\u0131yor. Tam da bu noktada bakanl\u0131\u011f\u0131m\u0131z\u0131n \u201cK\u00fclt\u00fcr Yolu Projesi\u201dne festivali dahil ederek, kat\u0131l\u0131mc\u0131 \u00fclke, firma, yerli yabanc\u0131 turist say\u0131s\u0131n\u0131 art\u0131raca\u011f\u0131z. Mersin Uluslararas\u0131 Narenciye Festivali\u2019ne onlarca \u00fclkeden sanat\u00e7\u0131lar geliyor, g\u00f6r\u00fcyor ve \u00fclkelerine geri d\u00f6nd\u00fc\u011f\u00fcnde bizden bahsediyor. \u015eehrin tan\u0131t\u0131m\u0131 i\u00e7in devaml\u0131l\u0131\u011f\u0131 olan festivaller \u00f6nemli. T\u00fcrkiye\u2019de geni\u015f sahil band\u0131 olan nadir \u015fehirlerden biri olan Mersin, denizi, kumu, lezzetleriyle turizmin ba\u015fkenti olmay\u0131 fazlas\u0131yla hakediyor. Da\u011f, deniz, lezzet, spor, sa\u011fl\u0131k, inan\u00e7 ve tarih turizmiyle ilgili \u00e7al\u0131\u015fmalar yapacak, Mersin\u2019in turizm cazibe merkezi olmas\u0131 i\u00e7in projeler geli\u015ftirece\u011fiz. Do\u011fru yat\u0131r\u0131mlar\u0131 kent ekonomisine kazand\u0131raca\u011f\u0131z.\u201d de\u011ferlendirmesinde bulundu.<\/p>\n<p>Milliyet\u00e7i Hareket Partisi Mersin Milletvekili Dr. Levent Uysal, K\u00fclt\u00fcr ve Turizm Bakan\u0131 Mehmet Nuri Ersoy\u2019a nazik kabul\u00fc i\u00e7in de te\u015fekk\u00fcr ederek \u201c\u015eehrimize verdi\u011fi \u00f6nem ve misafirperverliklerinden dolay\u0131 Say\u0131n Bakan\u0131m\u0131za te\u015fekk\u00fcr ederim.\u201d a\u00e7\u0131klamas\u0131nda bulundu.<\/p>\n","protected":false},"excerpt":{"rendered":"<p>Mersin Bizim Platformu taraf\u0131ndan d\u00fczenlenen \u00e7al\u0131\u015ftaylar\u0131n sonu\u00e7 raporlar\u0131 ilgili bakanl\u0131klarla payla\u015f\u0131l\u0131yor. \u201cMersin Turizm ve K\u00fclt\u00fcr \u00c7al\u0131\u015ftay\u0131n\u0131n \u00e7\u0131kt\u0131lar\u0131, Milliyet\u00e7i Hareket Partisi Mersin Milletvekili Dr. Levent Uysal, Mersin Turizm \u0130\u015fletmecileri Derne\u011fi Ba\u015fkan\u0131 Hamit \u0130zol, T\u00dcRSAB Mersin B\u00f6lge Temsil Kurulu Ba\u015fkan\u0131 Hakan Bay\u0131nd\u0131r ve Mersinli turizm i\u015fletmecileri taraf\u0131ndan K\u00fclt\u00fcr ve Turizm Bakan\u0131 Mehmet Nuri Ersoy\u2019a sunuldu. Bakan Ersoy\u2019un&hellip;<\/p>\n","protected":false},"author":3,"featured_media":3743,"comment_status":"closed","ping_status":"closed","template":"","cpt_services_group":[67],"class_list":["post-3832","cpt_services","type-cpt_services","status-publish","has-post-thumbnail","hentry","cpt_services_group-haberler"],"_links":{"self":[{"href":"https:\/\/www.leventuysal.com\/en\/wp-json\/wp\/v2\/cpt_services\/3832","targetHints":{"allow":["GET"]}}],"collection":[{"href":"https:\/\/www.leventuysal.com\/en\/wp-json\/wp\/v2\/cpt_services"}],"about":[{"href":"https:\/\/www.leventuysal.com\/en\/wp-json\/wp\/v2\/types\/cpt_services"}],"author":[{"embeddable":true,"href":"https:\/\/www.leventuysal.com\/en\/wp-json\/wp\/v2\/users\/3"}],"replies":[{"embeddable":true,"href":"https:\/\/www.leventuysal.com\/en\/wp-json\/wp\/v2\/comments?post=3832"}],"version-history":[{"count":1,"href":"https:\/\/www.leventuysal.com\/en\/wp-json\/wp\/v2\/cpt_services\/3832\/revisions"}],"predecessor-version":[{"id":3833,"href":"https:\/\/www.leventuysal.com\/en\/wp-json\/wp\/v2\/cpt_services\/3832\/revisions\/3833"}],"wp:featuredmedia":[{"embeddable":true,"href":"https:\/\/www.leventuysal.com\/en\/wp-json\/wp\/v2\/media\/3743"}],"wp:attachment":[{"href":"https:\/\/www.leventuysal.com\/en\/wp-json\/wp\/v2\/media?parent=3832"}],"wp:term":[{"taxonomy":"cpt_services_group","embeddable":true,"href":"https:\/\/www.leventuysal.com\/en\/wp-json\/wp\/v2\/cpt_services_group?post=3832"}],"curies":[{"name":"wp","href":"https:\/\/api.w.org\/{rel}","templated":true}]}}