{"id":3814,"date":"2024-10-14T10:20:12","date_gmt":"2024-10-14T07:20:12","guid":{"rendered":"https:\/\/segnetdemo.com\/demo57\/?post_type=cpt_services&#038;p=3814"},"modified":"2024-10-14T12:31:59","modified_gmt":"2024-10-14T09:31:59","slug":"mersin-icin-planliyoruz-mersinli-icin-calisiyoruz","status":"publish","type":"cpt_services","link":"https:\/\/www.leventuysal.com\/en\/services\/mersin-icin-planliyoruz-mersinli-icin-calisiyoruz\/","title":{"rendered":"\u2018Mersin i\u00e7in planl\u0131yoruz, Mersinli i\u00e7in \u00e7al\u0131\u015f\u0131yoruz\u2019"},"content":{"rendered":"<p>Milliyet\u00e7i Hareket Partisi Mersin Milletvekili Dr. Levent Uysal, haz\u0131rlad\u0131klar\u0131 \u2018Mersin Senin\u2019 projesiyle \u015fehrin ana sekt\u00f6rlerinin Master Plan \u00e7al\u0131\u015fmalar\u0131n\u0131 s\u00fcrd\u00fcrd\u00fcklerini belirtti. MHP\u2019li Uysal, \u201cMersin\u2019de, rekabet g\u00fcc\u00fc potansiyelinin y\u00fcksek oldu\u011fu sekt\u00f6rlerin Master Planlar\u0131 \u00fczerine \u00e7al\u0131\u015f\u0131yoruz. Her Master Plan\u0131\u2019nda da bir stratejik projeye yo\u011funla\u015f\u0131yoruz.\u201d dedi.<\/p>\n<p>Milliyet\u00e7i Hareket Partisi Mersin Milletvekili Dr. Levent Uysal, Mersin\u2019in kalk\u0131nmas\u0131 ve geli\u015febilmesi i\u00e7in alan\u0131nda uzman akademisyenler ve sekt\u00f6r temsilcileriyle \u015fehrin master planlar\u0131n\u0131 haz\u0131rl\u0131yor ve buna y\u00f6nelik \u00f6nemli projeler geli\u015ftiriyor. \u2018Mersin Senin\u2019 projesi kapsam\u0131nda ilk etapta \u015fehrin turizm, sanayi, tar\u0131m ve lojistik sekt\u00f6rlerinin master planlar\u0131na yo\u011funla\u015ft\u0131klar\u0131n\u0131 dile getiren Uysal, ama\u00e7lar\u0131n\u0131n Mersin\u2019i her alanda b\u00fcy\u00fcyen bir \u015fehir stat\u00fcs\u00fcne ula\u015ft\u0131rmak oldu\u011funu belirtti.<\/p>\n<p>Milletvekili Uysal, \u201cMaster planlar\u0131n\u0131 haz\u0131rlamam\u0131zdaki hedefimiz; kamusal yat\u0131r\u0131mlar\u0131n s\u00fcrd\u00fcr\u00fclebilirli\u011fini sa\u011flayarak b\u00f6lgesel kalk\u0131nmaya katk\u0131da bulunmak, b\u00f6lgesel istihdam\u0131 ve d\u00f6viz gelirlerini art\u0131rmak, s\u0131f\u0131r karbon ayak izi hedefine y\u00f6nelik \u00e7al\u0131\u015fmalar\u0131 g\u00fc\u00e7lendirmek, ekonomik faaliyetlerin bir k\u00fcme i\u00e7erisinde ger\u00e7ekle\u015ftirilmesini sa\u011flamak ve \u00f6zellikle de \u00fcniversite-kamu-sanayi i\u015f birlikteli\u011fini kurabilmek. Bunlar\u0131 ger\u00e7ekle\u015ftirebildi\u011fimiz takdirde Mersin, daha ya\u015fan\u0131r ve yerli-yabanc\u0131 yat\u0131r\u0131mc\u0131lar\u0131n ilk tercih etti\u011fi \u015fehir olacak.\u201d ifadelerine yer verdi.<\/p>\n<p>321 kilometre uzunlu\u011fu ile T\u00fcrkiye\u2019nin en b\u00fcy\u00fck sahil \u015feridine ve temiz denizine sahip olan Mersin\u2019in \u2018Turizm Master Plan\u0131\u2019 ile \u015fehrin \u00e7ekim g\u00fcc\u00fcn\u00fcn artaca\u011f\u0131n\u0131 s\u00f6yleyen MHP\u2019li Uysal \u201cMersin\u2019de nitelikli yatak say\u0131s\u0131n\u0131 art\u0131rmak, sahip olunan turizm potansiyelini hayata ge\u00e7irmek, b\u00f6lgesel istihdam\u0131 art\u0131rmak ve turizm gelirlerini y\u00fckseltmek amac\u0131yla \u2018Mersin Turizm Kompleksi\u2019 projesini hayata ge\u00e7irmeyi planl\u0131yoruz. Proje kapsam\u0131nda Mersin ve \u00f6zellikle de Tarsus \u00f6zelinde sahip olunan ana ve alternatif turizm kaynaklar\u0131n\u0131 bir arada de\u011ferlendirerek otel, tatil k\u00f6y\u00fc, kongre ve k\u00fclt\u00fcr merkezi, spor turizm alanlar\u0131 ile sa\u011fl\u0131kl\u0131 ya\u015fam merkezi olu\u015fturmay\u0131 hedefliyoruz. Bu projeyle 5 bin ki\u015finin de do\u011frudan istihdam\u0131 ger\u00e7ekle\u015fmi\u015f olacak.\u201d \u015feklinde konu\u015ftu.<\/p>\n<p>Haz\u0131rlad\u0131klar\u0131 \u2018Sanayi Master Plan\u0131\u2019 ile Mersin\u2019de yeni bir i\u015f piyasas\u0131 olu\u015fturacaklar\u0131n\u0131 vurgulayan Milliyet\u00e7i Hareket Partisi Mersin Milletvekili Dr. Levent Uysal, \u2018Mersin \u0130htisas Sanayikent\u2019 projesini hayata ge\u00e7ireceklerini anlatt\u0131.<\/p>\n<p>Uysal \u201cMersin, T\u00fcrkiye\u2019deki sanayi \u00fcretiminin \u00f6nemli merkezlerinden biri. B\u00f6lgesel istihdam\u0131 art\u0131rmak, tedarik-\u00fcretim-sat\u0131\u015f zincirinin daha etkin bir yap\u0131da i\u015flemesini sa\u011flamak ve i\u00e7 pazara y\u00f6nelik \u00fcretim yapan firmalar\u0131 ihracata y\u00f6nlendirmek i\u00e7in \u2018Mersin \u0130htisas Sanayikent\u2019 projesini kente kazand\u0131rmak istiyoruz. Proje kapsam\u0131nda yatay ve dikey \u015fekilde birbirini tamamlayan i\u015fletmelerin k\u00fcmelenme g\u00f6sterdi\u011fi bir organizasyonel yap\u0131 kuraca\u011f\u0131z ve komplekste tekstil, haz\u0131r giyim, ayakkab\u0131, lojistik, yaz\u0131l\u0131m, telekom\u00fcnikasyon, ka\u011f\u0131t ve plastik end\u00fcstrisinde faaliyet g\u00f6steren firmalar da yer alacak. Proje sonu\u00e7land\u0131\u011f\u0131nda da 350 firma, profesyonel bir k\u00fcme i\u00e7erisinde \u00e7al\u0131\u015facak ve b\u00f6ylelikle tedarik\u00e7iler, \u00fcreticiler, sat\u0131\u015f noktalar\u0131 ve lojistik firmalar\u0131 ayn\u0131 alanda mesai harcayarak zaman ve finansman maliyetlerini minimize edecek.\u201d dedi.<\/p>\n<p>T\u00fcrkiye\u2019de meyve \u00fcretiminde birinci, sebze \u00fcretiminde ise ikinci s\u0131rada yer alan Mersin\u2019in, tar\u0131m master plan\u0131n\u0131 da yapt\u0131klar\u0131n\u0131 s\u00f6yleyen Uysal, \u2018Biyo\u00e7ar \u00dcretim Projesi\u2019ni kente kazand\u0131rmak istediklerini kaydetti. Bu proje sayesinde \u00f6zellikle tar\u0131m \u00fcreticilerinin g\u00fcbre kullan\u0131m maliyetlerinin d\u00fc\u015fece\u011fini, \u00e7ift\u00e7ilere ilave gelir kayna\u011f\u0131 sa\u011flayacaklar\u0131n\u0131 ve en \u00f6nemlisi enerji \u00fcretilebilece\u011fini ifade eden Uysal, \u201cT\u00fcrkiye\u2019nin tar\u0131m \u00fcss\u00fc olan Mersin\u2019de toprak verimlili\u011fini art\u0131rmak, sera gaz\u0131 emisyonlar\u0131n\u0131 azaltmak, uzun vadeli toprak iyile\u015ftirilmesini sa\u011flamak ve ekonomik katma de\u011fer yaratmak noktas\u0131nda b\u00fcy\u00fck avantajlar sa\u011flanaca\u011f\u0131\u201d a\u00e7\u0131klamas\u0131nda bulundu.<\/p>\n<p>Ortado\u011fu ve Do\u011fu Akdeniz\u2019in en \u00f6nemli lojistik merkezlerinden biri olan Mersin\u2019in \u2018Lojistik Master Plan\u0131\u2019na da yo\u011funla\u015ft\u0131klar\u0131n\u0131 dile getiren Levent Uysal, D\u0131\u015f ticaret hacmini geni\u015fletecek ve k\u0131sa s\u00fcrede daha \u00e7ok y\u00fck\u00fcn elle\u00e7lenmesini sa\u011flayacak olan \u2018Mersin Lojistik Merkezi\u201d projesi hayata ge\u00e7ti\u011finde ise Mersin\u2019in, Do\u011fu Akdeniz\u2019in lojistik \u00fcss\u00fc olaca\u011f\u0131n\u0131, 80 milyon tonu a\u015fan y\u00fck ta\u015f\u0131nabilece\u011fini ve 30 Milyar Dolar d\u0131\u015f ticaret hacmi sa\u011flanaca\u011f\u0131n\u0131 ifade etti.<\/p>\n","protected":false},"excerpt":{"rendered":"<p>Milliyet\u00e7i Hareket Partisi Mersin Milletvekili Dr. Levent Uysal, haz\u0131rlad\u0131klar\u0131 \u2018Mersin Senin\u2019 projesiyle \u015fehrin ana sekt\u00f6rlerinin Master Plan \u00e7al\u0131\u015fmalar\u0131n\u0131 s\u00fcrd\u00fcrd\u00fcklerini belirtti. MHP\u2019li Uysal, \u201cMersin\u2019de, rekabet g\u00fcc\u00fc potansiyelinin y\u00fcksek oldu\u011fu sekt\u00f6rlerin Master Planlar\u0131 \u00fczerine \u00e7al\u0131\u015f\u0131yoruz. Her Master Plan\u0131\u2019nda da bir stratejik projeye yo\u011funla\u015f\u0131yoruz.\u201d dedi. Milliyet\u00e7i Hareket Partisi Mersin Milletvekili Dr. Levent Uysal, Mersin\u2019in kalk\u0131nmas\u0131 ve geli\u015febilmesi i\u00e7in&hellip;<\/p>\n","protected":false},"author":3,"featured_media":3738,"comment_status":"closed","ping_status":"closed","template":"","cpt_services_group":[67],"class_list":["post-3814","cpt_services","type-cpt_services","status-publish","has-post-thumbnail","hentry","cpt_services_group-haberler"],"_links":{"self":[{"href":"https:\/\/www.leventuysal.com\/en\/wp-json\/wp\/v2\/cpt_services\/3814","targetHints":{"allow":["GET"]}}],"collection":[{"href":"https:\/\/www.leventuysal.com\/en\/wp-json\/wp\/v2\/cpt_services"}],"about":[{"href":"https:\/\/www.leventuysal.com\/en\/wp-json\/wp\/v2\/types\/cpt_services"}],"author":[{"embeddable":true,"href":"https:\/\/www.leventuysal.com\/en\/wp-json\/wp\/v2\/users\/3"}],"replies":[{"embeddable":true,"href":"https:\/\/www.leventuysal.com\/en\/wp-json\/wp\/v2\/comments?post=3814"}],"version-history":[{"count":1,"href":"https:\/\/www.leventuysal.com\/en\/wp-json\/wp\/v2\/cpt_services\/3814\/revisions"}],"predecessor-version":[{"id":3815,"href":"https:\/\/www.leventuysal.com\/en\/wp-json\/wp\/v2\/cpt_services\/3814\/revisions\/3815"}],"wp:featuredmedia":[{"embeddable":true,"href":"https:\/\/www.leventuysal.com\/en\/wp-json\/wp\/v2\/media\/3738"}],"wp:attachment":[{"href":"https:\/\/www.leventuysal.com\/en\/wp-json\/wp\/v2\/media?parent=3814"}],"wp:term":[{"taxonomy":"cpt_services_group","embeddable":true,"href":"https:\/\/www.leventuysal.com\/en\/wp-json\/wp\/v2\/cpt_services_group?post=3814"}],"curies":[{"name":"wp","href":"https:\/\/api.w.org\/{rel}","templated":true}]}}