{"id":3805,"date":"2024-10-14T10:23:28","date_gmt":"2024-10-14T07:23:28","guid":{"rendered":"https:\/\/segnetdemo.com\/demo57\/?post_type=cpt_services&#038;p=3805"},"modified":"2024-10-14T12:29:10","modified_gmt":"2024-10-14T09:29:10","slug":"mersin-icin-degisim-zamani","status":"publish","type":"cpt_services","link":"https:\/\/www.leventuysal.com\/en\/services\/mersin-icin-degisim-zamani\/","title":{"rendered":"Mersin \u0130\u00e7in De\u011fi\u015fim Zaman\u0131"},"content":{"rendered":"<p>Mersin B\u00fcy\u00fck\u015fehir Belediyesi\u2019nin be\u015f senelik s\u00fcre zarf\u0131nda gereken hizmetleri sunamad\u0131\u011f\u0131n\u0131 s\u00f6yleyen MHP Mersin Milletvekili Levent Uysal, 31 Mart yerel se\u00e7imlerinde Mersin\u2019in memnuniyetsizliklerine son vermek i\u00e7in t\u00fcm hem\u015ferilerini Cumhur ittifak\u0131 Aday\u0131 Serdar Soydan\u2019a oy vermeye \u00e7a\u011f\u0131rd\u0131.<\/p>\n<p>MERS\u0130N\u2019E YEN\u0130 B\u0130R SOLUK<\/p>\n<p>MHP Mersin Milletvekili Levent Uysal, Mersin\u2019in sanayiden turizme, tar\u0131mdan lojisti\u011fe kadar bir\u00e7ok alanda lider bir \u015fehir oldu\u011funu belirterek \u015fehrin potansiyelini maksimize etmeyi hedefleyen yenilik\u00e7i projelerden bahsetti.<\/p>\n<p>Asr\u0131n felaketi 6 \u015eubat depremlerinin \u00fczerinden bir y\u0131l ge\u00e7ti. Neler s\u00f6ylemek istersiniz?<\/p>\n<p>CEVAP: T\u00fcrkiye Cumhuriyeti tarihinde ilk kez b\u00f6ylesi y\u0131k\u0131c\u0131 depremler ya\u015fad\u0131k. Malumunuz \u00fclkemiz deprem b\u00f6lgesi ve Kahramanmara\u015f merkezli meydana gelen 7,7 ve 7,6 b\u00fcy\u00fckl\u00fc\u011f\u00fcndeki depremlerin oldu\u011fu yerler fay hatlar\u0131n\u0131n hareketli oldu\u011fu yerlerdi. Depremden 11 ilimiz etkilendi. Buna Mersin de dahil. Afetin ard\u0131ndan Mersin en fazla g\u00f6\u00e7 alan kent oldu. Depremzede karde\u015flerimizin \u00e7o\u011funun akrabas\u0131 ya da tan\u0131d\u0131\u011f\u0131 Mersin\u2019de ya\u015fad\u0131\u011f\u0131 i\u00e7in buraya geldiler. T\u00fcrkiye ve Mersinliler olarak dayan\u0131\u015fma \u00f6rne\u011fi sergiledik. Depremden ziyade hatal\u0131 yap\u0131lan binalar binlerce vatanda\u015f\u0131m\u0131z\u0131 bizden kopard\u0131. Hepsine rahmet olsun. T\u00fcrkiye Cumhuriyeti devleti olarak depremin hemen ard\u0131ndan hasar tespit \u00e7al\u0131\u015fmalar\u0131 tamamland\u0131 ve deprem b\u00f6lgelerinde birer birer diren\u00e7li yap\u0131lar in\u015fa edilip, teslimi ger\u00e7ekle\u015ftiriliyor. \u00dclkemiz umuyorum ki bir daha b\u00f6yle y\u0131k\u0131c\u0131 afetler ya\u015famaz. Hayat\u0131n\u0131 kaybeden vatanda\u015flar\u0131m\u0131za Allah\u2019tan rahmet, yaral\u0131lar\u0131m\u0131za acil \u015fifalar diliyorum.<\/p>\n<p>\u201cMersin mutlaka g\u00f6r\u00fclmesi gereken bir kent\u201d<\/p>\n<p>Mersin, potansiyel a\u00e7\u0131s\u0131ndan nas\u0131l bir \u015fehir? En \u00e7ok \u00f6ne \u00e7\u0131kan sekt\u00f6r\u00fc sizce nedir?<\/p>\n<p>CEVAP: Mersin \u00f6yle \u00fcretken bir \u015fehir ki; \u2018\u015fu sekt\u00f6r \u00f6n planda\u2019 diyemeyece\u011fimiz kadar bir\u00e7ok alan var. Sanayi, turizm, lojistik, tar\u0131m, spor, k\u00fclt\u00fcr sanat, sa\u011fl\u0131k bunlardan birka\u00e7\u0131. \u00d6zellikle yerli-yabanc\u0131 turistlerin Mersin\u2019in denizini tercih ediyor olmas\u0131 mutluluk verici. Deniz turizminin yan\u0131nda inan\u00e7 turizmi a\u00e7\u0131s\u0131ndan da mutlaka g\u00f6r\u00fclmesi gereken bir kent Mersin. Eshab-\u0131 Kehf, Danyal Peygamber T\u00fcrbesi, Aya Thekla, Alahan Manast\u0131r\u0131, Kanl\u0131 Divane\u2026 Mersinimiz tar\u0131m potansiyeli noktas\u0131nda da d\u00fcnya pazar\u0131nda olduk\u00e7a s\u00f6z hakk\u0131na sahip bir \u015fehir. Narenciye ba\u015fta olmak \u00fczere, muz, domates, \u00fcz\u00fcm, kay\u0131s\u0131, ke\u00e7iboynuzu, incir, dikenli incir gibi pek \u00e7ok sebze-meyve \u00fcretiminde ve ihracat\u0131nda ilk 3\u2019te.<\/p>\n<p>Mersin, co\u011frafi konumu itibar\u0131yla, Ortado\u011fu, Kafkaslar ve Do\u011fu Akdeniz \u00fclkelerine y\u00f6nelik ticaretin merkezinde bulundu\u011fu i\u00e7in sanayi ve lojistik alan\u0131nda \u00f6nc\u00fc bir kent.<\/p>\n<p>\u201c\u00c7al\u0131\u015ftaylar dizisi ba\u015flatt\u0131k\u201d<\/p>\n<p>Mersin\u2019de d\u00fczenledi\u011finiz \u00e7al\u0131\u015ftaylardan bahseder misiniz, devam\u0131 gelecek mi?<\/p>\n<p>CEVAP: Mersin\u2019deki b\u00fcy\u00fcme potansiyeli, di\u011fer bir\u00e7ok ile g\u00f6re \u00e7ok daha y\u00fcksek. Burada \u00e7e\u015fitli sekt\u00f6rlerde faaliyet g\u00f6steren i\u015fletmelerin sorunlar\u0131n\u0131 ve ihtiya\u00e7lar\u0131n\u0131 dinleyerek \u00e7\u00f6z\u00fcme ula\u015facak do\u011fru yol haritalar\u0131n\u0131n belirlenmesi ve Mersin halk\u0131n\u0131n Ankara\u2019da en etkin ve verimli \u015fekilde temsil edilmesi i\u00e7in bir \u00e7al\u0131\u015ftaylar dizisi ba\u015flatt\u0131k. Sekt\u00f6rel \u00e7al\u0131\u015ftaylar; taraf\u0131m\u0131zca kurulup sadece Mersin g\u00f6n\u00fcll\u00fclerinin yer ald\u0131\u011f\u0131 Mersin Bizim Platformu \u00e7at\u0131s\u0131 alt\u0131nda ilgili alandaki payda\u015flar\u0131n kat\u0131l\u0131mlar\u0131yla ger\u00e7ekle\u015ftiriliyor. Her bir \u00e7al\u0131\u015ftaya bir oda, borsa veya sivil toplum kurulu\u015fu ortak edilerek yerel dinamikler ile merkezi dinamiklerin e\u015fg\u00fcd\u00fcm\u00fc sa\u011flan\u0131p; ihtiya\u00e7lar\u0131n yerelden genele aktar\u0131ld\u0131\u011f\u0131 bir altyap\u0131 olu\u015fturuldu. 2 y\u0131ll\u0131k plan d\u00e2hilinde farkl\u0131 \u00e7\u00f6z\u00fcm ortaklar\u0131 i\u015f birli\u011finde devam edecek \u00e7al\u0131\u015ftaylar\u0131m\u0131z\u0131n ilk 9\u2019u tamamlanm\u0131\u015f olup, 2024 y\u0131l\u0131 i\u00e7erisinde \u00e7al\u0131\u015ftaylara devam edece\u011fiz.<\/p>\n<p>\u201cMersin\u2019i dinliyoruz\u201d<\/p>\n<p>Kurmu\u015f oldu\u011funuz \u2018Mersin Bizim Platformu\u2019 ve \u2018Mersin Fayda Merkezi\u2019nin ama\u00e7lar\u0131 nelerdir?<\/p>\n<p>CEVAP: \u2018Mersin Bizim Platformu\u2019 tamamen g\u00f6n\u00fcll\u00fcl\u00fck esasl\u0131 kurmu\u015f oldu\u011fumuz bir platform. Mersinli olan ve Mersinlilik bilinci ta\u015f\u0131yan her vatanda\u015f\u0131m\u0131z\u0131 platformumuza g\u00f6n\u00fcll\u00fc olmaya davet ediyorum. Mersin\u2019i hep birlikte geli\u015ftirmek i\u00e7in her g\u00f6r\u00fc\u015fe her fikre ihtiyac\u0131m\u0131z var. www.mersinbizim.com internet sitemizden de vatanda\u015flar\u0131m\u0131z gerekli bilgileri alabilir, yapt\u0131\u011f\u0131m\u0131z \u00e7al\u0131\u015fmalar\u0131 oradan takip edebilir. \u2018Mersin Fayda Merkezi\u2019 ise tamamen e\u011fitim odakl\u0131 kurulan irtibat ofisimiz. Fayda merkezimizde \u00f6ncelikli olarak i\u015f arayanlara y\u00f6nelik Avrupa Birli\u011fi standartlar\u0131na uygun sertifikal\u0131 e\u011fitim programlar\u0131 d\u00fczenleyece\u011fiz. \u0130\u015e-KUR ile protokol halinde yapaca\u011f\u0131z. Burada verilecek e\u011fitimlerin tamam\u0131 \u00fccretsiz olacak. Onun d\u0131\u015f\u0131nda Ankara\u2019ya gelemeyen ancak bizimle ileti\u015fime ge\u00e7mek isteyen vatanda\u015flar\u0131m\u0131z orada bulunan dan\u0131\u015fman arkada\u015flar\u0131m\u0131z taraf\u0131ndan dinleniyor ve olu\u015fturulan raporlar, talepler bize iletiliyor. \u00c7\u00f6z\u00fcme ula\u015ft\u0131r\u0131lma noktas\u0131nda \u00fczerimize d\u00fc\u015feni yap\u0131yoruz, Mersin\u2019i dinliyoruz.<\/p>\n<p>\u201c\u00d6zel \u00e7ocuklar\u0131m\u0131z\u0131n e\u011fitimi her \u015feyden \u00f6nemli\u201d<\/p>\n<p>Sosyal sorumluluk projelerini \u00f6nemsedi\u011finizi biliyoruz. \u00d6zel bireylerimizin de mecliste sesi oluyor, onlarla ilgili \u00e7al\u0131\u015fmalar yap\u0131yorsunuz. Neler s\u00f6ylersiniz?<\/p>\n<p>CEVAP: En hassas oldu\u011fum konulardan biri \u00f6zel bireylerimizin hayat\u0131n\u0131 kolayla\u015ft\u0131rabilmek. Mersin\u2019de otizm, engelli dernekleriyle s\u00fcrekli isti\u015fare halindeyiz ve yanlar\u0131nday\u0131z. D\u00fczenledikleri kermeslere, toplant\u0131lara olabildi\u011fince kat\u0131l\u0131yoruz ve taleplerini kendimize sorumluluk biliyoruz. \u00d6zel \u00e7ocuklar\u0131m\u0131z\u0131n sa\u011fl\u0131kl\u0131 e\u011fitim alabilmeleri her \u015feyden \u00f6nemli. \u00d6zel bireylerimizin toplumda var olabilecekleri imk\u00e2n ve f\u0131rsatlar sunmak, herkes gibi ekonomik, siyasal, sosyal ve k\u00fclt\u00fcrel ya\u015fama tam kat\u0131lmalar\u0131n\u0131 sa\u011flamak hepimizin g\u00f6revi.<\/p>\n<p>\u201cYapay Zek\u00e2y\u0131 \u0130yi Anlamal\u0131 Ve Kullanmal\u0131y\u0131z\u201d<\/p>\n<p>Son y\u0131llar\u0131n en \u00e7ok konu\u015fulan g\u00fcndemi yapay zek\u00e2. Siz de Mersin\u2019de \u2018Yapay Zek\u00e2 Zirvesi\u2019nin ilkini d\u00fczenlediniz. Ayr\u0131ca TBMM Dijital Mecralar Komisyonu K\u00e2tip \u00dcyesisiniz. Yapay zek\u00e2 ile ilgili d\u00fc\u015f\u00fcnceleriniz nelerdir?<\/p>\n<p>CEVAP: G\u00fcn\u00fcm\u00fczde bir\u00e7ok sekt\u00f6r \u015fu an yapay zek\u00e2n\u0131n faydalar\u0131ndan yararlan\u0131yor. Mersin\u2019de ilkini d\u00fczenledi\u011fimiz \u2018Yapay Zek\u00e2da Anadolu Bulu\u015fmalar\u0131: Mersin\u2019 etkinli\u011fimiz yo\u011fun kat\u0131l\u0131m g\u00f6rd\u00fc. Tar\u0131m, sa\u011fl\u0131k, savunma sanayiinde verim art\u0131r\u0131yor yapay zek\u00e2. Mersin\u2019de d\u00fczenledi\u011fimiz etkinlikte gen\u00e7lerimize de s\u00f6z verdik; yapay zek\u00e2 \u00fczerine sertifikal\u0131 e\u011fitim programlar\u0131 verece\u011fiz. Toplumuzda yapay zek\u00e2n\u0131n negatif y\u00f6nleri de tart\u0131\u015f\u0131l\u0131yor. Ancak \u015fu unutulmamal\u0131d\u0131r ki; yapay zek\u00e2 ne kadar geli\u015firse geli\u015fsin, doktor, m\u00fchendis, a\u015f\u00e7\u0131, itfaiyeci, polis yerine ge\u00e7emez. Onun i\u00e7in yapay zek\u00e2y\u0131 iyi anlamal\u0131 ve bulundu\u011fumuz sekt\u00f6r\u00fc geli\u015ftirebilmek ad\u0131na kullanmal\u0131y\u0131z.<\/p>\n<p>\u2018Mersin Sekt\u00f6rel Master Planlar\u0131\u2019 da haz\u0131rl\u0131yorsunuz. Faydas\u0131 neler olacakt\u0131r?<\/p>\n<p>CEVAP: Tar\u0131m, turizm, sanayi ve lojistik master planlar\u0131m\u0131z\u0131n haz\u0131rl\u0131\u011f\u0131n\u0131 tamamlad\u0131k. Amac\u0131m\u0131z ise kamusal yat\u0131r\u0131mlar\u0131n s\u00fcrd\u00fcr\u00fclebilirli\u011fini sa\u011flayarak b\u00f6lgesel kalk\u0131nmay\u0131 h\u0131zland\u0131rmak, kamusal alanlarda ger\u00e7ekle\u015ftirilecek yat\u0131r\u0131mlar\u0131 \u00f6zel sekt\u00f6r giri\u015fimlerinin finanse etmesini sa\u011flamak, ihracat potansiyeli y\u00fcksek sekt\u00f6rler arac\u0131l\u0131\u011f\u0131yla \u00fclkemizin d\u00f6viz gelirlerini art\u0131rmak, s\u0131f\u0131r karbon ayak izi hedefine y\u00f6nelik \u00e7al\u0131\u015fmalar\u0131 g\u00fc\u00e7lendirmek, ekonomik faaliyetlerin bir k\u00fcme i\u00e7erisinde ger\u00e7ekle\u015ftirilmesini sa\u011flayarak \u00fcniversite\u2013kamu\u2013sanayi i\u015f birlikteli\u011fini sa\u011flamak. Plan haz\u0131rl\u0131k s\u00fcre\u00e7lerinde akademisyenler, ilgili sekt\u00f6r temsilcileri ve o sekt\u00f6rden hizmet alan t\u00fcm payda\u015flar\u0131 \u00e7al\u0131\u015fmalara dahil ederek planlarda b\u00fct\u00fcnle\u015fik yakla\u015f\u0131m sa\u011flad\u0131k.<\/p>\n<p>\u201cMersin\u2019in Memnuniyetsizli\u011fine Son Verece\u011fiz\u201d<\/p>\n<p>Se\u00e7im b\u00f6lgeniz Mersin\u2019de 31 Mart yerel se\u00e7im \u00e7al\u0131\u015fmalar\u0131n\u0131z nas\u0131l gidiyor? Se\u00e7im atmosferini nas\u0131l g\u00f6r\u00fcyorsunuz?<\/p>\n<p>CEVAP: MHP olarak Genel Ba\u015fkan\u0131m\u0131z Say\u0131n Devlet Bah\u00e7eli\u2019nin \u00f6nc\u00fcl\u00fc\u011f\u00fcnde a\u00e7\u0131k hava toplant\u0131lar\u0131m\u0131z\u0131n ilkini Mersin\u2019de b\u00fcy\u00fck bir kat\u0131l\u0131mla ger\u00e7ekle\u015ftirdik. Genel Ba\u015fkan\u0131m\u0131z Mersin\u2019i \u00e7ok \u00f6nemsiyor. Geli\u015fime, b\u00fcy\u00fcmeye a\u00e7\u0131k olan bir kentin 5 y\u0131ld\u0131r g\u00f6zle g\u00f6r\u00fcl\u00fcr bir hizmet g\u00f6rmedi\u011fi a\u015fik\u00e2r. Billboardlar\u0131n tamam\u0131na kendi reklam\u0131n\u0131 koyup, sosyal medyadan makyajlama yaparak belediyecilik yap\u0131lmaz. 5 y\u0131l boyunca Mersin B\u00fcy\u00fck\u015fehir Belediyesi Meclis \u00dcyeleri defalarca bor\u00e7lanma yetkisi verdi ancak ne ula\u015f\u0131m sorunu \u00e7\u00f6z\u00fclebildi ne de konut ne de su pahal\u0131l\u0131\u011f\u0131. Su cenneti Mersin T\u00fcrkiye\u2019nin en pahal\u0131 suyunu i\u00e7en ikinci \u015fehir. Mersin\u2019in memnuniyetsizli\u011fine son vermek i\u00e7in 31 Mart ak\u015fam\u0131 t\u00fcm hem\u015ferilerimizden Cumhur \u0130ttifak\u0131na destek olmalar\u0131n\u0131 istiyorum. Ay\u0131rmadan, ayr\u0131\u015fmadan, canla ba\u015fla herkese g\u00f6re g\u00f6n\u00fcl ve g\u00fcven belediyecili\u011fi ile hem\u015ferilerimize hizmet edece\u011fiz.<\/p>\n","protected":false},"excerpt":{"rendered":"<p>Mersin B\u00fcy\u00fck\u015fehir Belediyesi\u2019nin be\u015f senelik s\u00fcre zarf\u0131nda gereken hizmetleri sunamad\u0131\u011f\u0131n\u0131 s\u00f6yleyen MHP Mersin Milletvekili Levent Uysal, 31 Mart yerel se\u00e7imlerinde Mersin\u2019in memnuniyetsizliklerine son vermek i\u00e7in t\u00fcm hem\u015ferilerini Cumhur ittifak\u0131 Aday\u0131 Serdar Soydan\u2019a oy vermeye \u00e7a\u011f\u0131rd\u0131. MERS\u0130N\u2019E YEN\u0130 B\u0130R SOLUK MHP Mersin Milletvekili Levent Uysal, Mersin\u2019in sanayiden turizme, tar\u0131mdan lojisti\u011fe kadar bir\u00e7ok alanda lider bir \u015fehir&hellip;<\/p>\n","protected":false},"author":3,"featured_media":3735,"comment_status":"closed","ping_status":"closed","template":"","cpt_services_group":[67],"class_list":["post-3805","cpt_services","type-cpt_services","status-publish","has-post-thumbnail","hentry","cpt_services_group-haberler"],"_links":{"self":[{"href":"https:\/\/www.leventuysal.com\/en\/wp-json\/wp\/v2\/cpt_services\/3805","targetHints":{"allow":["GET"]}}],"collection":[{"href":"https:\/\/www.leventuysal.com\/en\/wp-json\/wp\/v2\/cpt_services"}],"about":[{"href":"https:\/\/www.leventuysal.com\/en\/wp-json\/wp\/v2\/types\/cpt_services"}],"author":[{"embeddable":true,"href":"https:\/\/www.leventuysal.com\/en\/wp-json\/wp\/v2\/users\/3"}],"replies":[{"embeddable":true,"href":"https:\/\/www.leventuysal.com\/en\/wp-json\/wp\/v2\/comments?post=3805"}],"version-history":[{"count":1,"href":"https:\/\/www.leventuysal.com\/en\/wp-json\/wp\/v2\/cpt_services\/3805\/revisions"}],"predecessor-version":[{"id":3806,"href":"https:\/\/www.leventuysal.com\/en\/wp-json\/wp\/v2\/cpt_services\/3805\/revisions\/3806"}],"wp:featuredmedia":[{"embeddable":true,"href":"https:\/\/www.leventuysal.com\/en\/wp-json\/wp\/v2\/media\/3735"}],"wp:attachment":[{"href":"https:\/\/www.leventuysal.com\/en\/wp-json\/wp\/v2\/media?parent=3805"}],"wp:term":[{"taxonomy":"cpt_services_group","embeddable":true,"href":"https:\/\/www.leventuysal.com\/en\/wp-json\/wp\/v2\/cpt_services_group?post=3805"}],"curies":[{"name":"wp","href":"https:\/\/api.w.org\/{rel}","templated":true}]}}