{"id":3799,"date":"2024-10-14T10:25:39","date_gmt":"2024-10-14T07:25:39","guid":{"rendered":"https:\/\/segnetdemo.com\/demo57\/?post_type=cpt_services&#038;p=3799"},"modified":"2024-10-14T12:22:23","modified_gmt":"2024-10-14T09:22:23","slug":"levent-uysal-mersini-marka-kent-yapacagiz","status":"publish","type":"cpt_services","link":"https:\/\/www.leventuysal.com\/en\/services\/levent-uysal-mersini-marka-kent-yapacagiz\/","title":{"rendered":"Levent Uysal \u201cMersin\u2019i Marka Kent Yapaca\u011f\u0131z\u201d"},"content":{"rendered":"<p>Milliyet\u00e7i Hareket Partisi Mersin Milletvekili Dr. Levent Uysal, 31 Mart 2024 Mahalli \u0130dareler se\u00e7im \u00e7al\u0131\u015fmalar\u0131 kapsam\u0131nda ilk olarak Toroslar \u0130l\u00e7esinde Cumhur ittifak\u0131 MHP Toroslar Belediye Ba\u015fkan Aday\u0131 Dr. Ali \u00d6z ile ard\u0131ndan da Erdemli il\u00e7esinde Cumhur \u0130ttifak\u0131 MHP Erdemli Belediye Ba\u015fkan Aday\u0131 Mustafa Kara ile esnaflar\u0131 ziyaret etti. Mersin B\u00fcy\u00fck\u015fehir Belediye Ba\u015fkan Aday\u0131 Serdar Soydan ba\u015fta olmak \u00fczere 13 il\u00e7e belediye ba\u015fkan adaylar\u0131na destek isteyen MHP Mersin Milletvekili Dr. Levent Uysal vatanda\u015flar\u0131n yo\u011fun ilgisi ile kar\u015f\u0131la\u015ft\u0131.<\/p>\n<p>Milletvekili Uysal \u201cMersin karar\u0131n\u0131 vermi\u015f, Toroslar ve Erdemli karar\u0131n\u0131 vermi\u015f. Cumhur \u0130ttifak\u0131\u2019n\u0131n g\u00fcc\u00fc 1 Nisan sabah\u0131 daha da hissedilecek. Cumhur \u0130ttifak\u0131 Belediyecili\u011fiyle Mersin marka kent olacak.\u201d \u015feklinde konu\u015ftu. 31 Mart 2024 Mahalli \u0130dareler se\u00e7imlerine say\u0131l\u0131 g\u00fcnler kala belediye ba\u015fkan adaylar\u0131 vatanda\u015flar\u0131 dinleyip mahalle mahalle gezmeye devam ediyor. Milliyet\u00e7i Hareket Partisi Mersin Milletvekili Dr. Levent Uysal da belediye ba\u015fkan adaylar\u0131yla birlikte sahada vatanda\u015flarla bulu\u015ftu, istek ve taleplerini dinledi. \u0130lk olarak Cumhur \u0130ttifak\u0131 Milliyet\u00e7i Hareket Partisi Toroslar Belediye Ba\u015fkan Aday\u0131 Dr. Ali \u00d6z ile Toroslar esnaf\u0131n\u0131 ziyaret eden Mersin Milletvekili Levent Uysal vatanda\u015flara T\u00fcrkg\u00fcn Gazetesi da\u011f\u0131tt\u0131, gen\u00e7lerle lang\u0131rt oynad\u0131. F\u0131r\u0131n esnaf\u0131n\u0131 da ziyaret eden Uysal, tand\u0131r\u0131n ba\u015f\u0131na ge\u00e7erek ekmek pi\u015firip ikramda bulundu.<\/p>\n<p>Toroslar gezisinin ard\u0131ndan a\u00e7\u0131klamalarda bulunan Mersin Milletvekili Dr. Levent Uysal \u015funlar\u0131 s\u00f6yledi; \u201cToroslar karar\u0131n\u0131 vermi\u015f. Cumhur \u0130ttifak\u0131 MHP Toroslar Belediye Ba\u015fkan aday\u0131m\u0131z Dr. Ali \u00d6z adeta r\u00fczgar gibi esiyor. Ben inan\u0131yorum ki 31 Mart ak\u015fam\u0131 Toroslar\u2019dan y\u00fcz binin \u00fczerinde oy \u00e7\u0131k\u0131p sand\u0131klar patlat\u0131lacak. Toroslar\u2019daki Milli M\u00fccadele ruhu var olduk\u00e7a bizdeki hizmet a\u015fk\u0131 bitmez. Ali \u00d6z Ba\u015fkan\u0131m\u0131z Milliyet\u00e7i Hareket Partisi\u2019ne y\u0131llar\u0131n\u0131 vermi\u015f birisi, Mersin\u2019in Toroslar\u2019\u0131n a\u011fabeyi. Her kesimin oyunu alabilen bir isim olan Ali ba\u015fkan\u0131m\u0131z birbirinden k\u0131ymetli 33 projesi ile Toroslar\u2019\u0131 daha ya\u015fan\u0131l\u0131r ve cazibe merkezi haline getirecek.\u201d Daha sonra Erdemli il\u00e7esini ziyaret eden MHP Mersin Milletvekili Dr. Levent Uysal Cumhur \u0130ttifak\u0131 MHP Erdemli Belediye Ba\u015fkan Aday\u0131 Mustafa Kara ile birlikte Sanayi esnaf\u0131n\u0131 ziyaret etti. Uysal, ziyaret esnas\u0131nda \u015fu a\u00e7\u0131klamalarda bulundu; \u201cMustafa Kara ba\u015fkan\u0131m\u0131z hem gen\u00e7 hem de hizmet a\u015fk\u0131yla yanan bir ba\u015fkan\u0131m\u0131z. Ben inan\u0131yorum ki Erdemli il\u00e7emizde \u00e7ok daha g\u00fczel i\u015flere imza atacak. Erdemlimiz co\u011frafi konum gere\u011fi deniz turizmi a\u00e7\u0131s\u0131ndan olduk\u00e7a \u00f6nemli bir yere sahip. Mustafa Kara ba\u015fkan\u0131m\u0131z, turizm noktas\u0131nda \u00f6rnek g\u00f6sterilecek projeleri de hayata ge\u00e7irecek. Sizlerden Mustafa Kara ba\u015fkan\u0131m\u0131za destek olman\u0131z\u0131, onun yan\u0131nda durman\u0131z\u0131 istiyorum. Ay\u0131rmadan, ayr\u0131\u015fmadan canla ba\u015fla Erdemli i\u00e7in gecemizi g\u00fcnd\u00fcz\u00fcm\u00fcze katarak \u00e7al\u0131\u015facak, \u00fc\u00e7 hilal sanca\u011f\u0131n\u0131 dalgaland\u0131rmaya devam edece\u011fiz. Erdemli bizim, Mersin hepimizin.<\/p>\n","protected":false},"excerpt":{"rendered":"<p>Milliyet\u00e7i Hareket Partisi Mersin Milletvekili Dr. Levent Uysal, 31 Mart 2024 Mahalli \u0130dareler se\u00e7im \u00e7al\u0131\u015fmalar\u0131 kapsam\u0131nda ilk olarak Toroslar \u0130l\u00e7esinde Cumhur ittifak\u0131 MHP Toroslar Belediye Ba\u015fkan Aday\u0131 Dr. Ali \u00d6z ile ard\u0131ndan da Erdemli il\u00e7esinde Cumhur \u0130ttifak\u0131 MHP Erdemli Belediye Ba\u015fkan Aday\u0131 Mustafa Kara ile esnaflar\u0131 ziyaret etti. Mersin B\u00fcy\u00fck\u015fehir Belediye Ba\u015fkan Aday\u0131 Serdar Soydan&hellip;<\/p>\n","protected":false},"author":3,"featured_media":3733,"comment_status":"closed","ping_status":"closed","template":"","cpt_services_group":[67],"class_list":["post-3799","cpt_services","type-cpt_services","status-publish","has-post-thumbnail","hentry","cpt_services_group-haberler"],"_links":{"self":[{"href":"https:\/\/www.leventuysal.com\/en\/wp-json\/wp\/v2\/cpt_services\/3799","targetHints":{"allow":["GET"]}}],"collection":[{"href":"https:\/\/www.leventuysal.com\/en\/wp-json\/wp\/v2\/cpt_services"}],"about":[{"href":"https:\/\/www.leventuysal.com\/en\/wp-json\/wp\/v2\/types\/cpt_services"}],"author":[{"embeddable":true,"href":"https:\/\/www.leventuysal.com\/en\/wp-json\/wp\/v2\/users\/3"}],"replies":[{"embeddable":true,"href":"https:\/\/www.leventuysal.com\/en\/wp-json\/wp\/v2\/comments?post=3799"}],"version-history":[{"count":1,"href":"https:\/\/www.leventuysal.com\/en\/wp-json\/wp\/v2\/cpt_services\/3799\/revisions"}],"predecessor-version":[{"id":3800,"href":"https:\/\/www.leventuysal.com\/en\/wp-json\/wp\/v2\/cpt_services\/3799\/revisions\/3800"}],"wp:featuredmedia":[{"embeddable":true,"href":"https:\/\/www.leventuysal.com\/en\/wp-json\/wp\/v2\/media\/3733"}],"wp:attachment":[{"href":"https:\/\/www.leventuysal.com\/en\/wp-json\/wp\/v2\/media?parent=3799"}],"wp:term":[{"taxonomy":"cpt_services_group","embeddable":true,"href":"https:\/\/www.leventuysal.com\/en\/wp-json\/wp\/v2\/cpt_services_group?post=3799"}],"curies":[{"name":"wp","href":"https:\/\/api.w.org\/{rel}","templated":true}]}}