{"id":3788,"date":"2024-10-14T10:29:51","date_gmt":"2024-10-14T07:29:51","guid":{"rendered":"https:\/\/segnetdemo.com\/demo57\/?post_type=cpt_services&#038;p=3788"},"modified":"2024-10-21T20:29:54","modified_gmt":"2024-10-21T17:29:54","slug":"mhp-mersin-milletvekili-ve-myk-uyesi-uysaldan-dernek-ve-odalara-ziyaret","status":"publish","type":"cpt_services","link":"https:\/\/www.leventuysal.com\/en\/services\/mhp-mersin-milletvekili-ve-myk-uyesi-uysaldan-dernek-ve-odalara-ziyaret\/","title":{"rendered":"MHP Mersin Milletvekili Ve Myk \u00dcyesi Uysal\u2019dan Dernek Ve Odalara Ziyaret"},"content":{"rendered":"<p>Milliyet\u00e7i Hareket Partisi Mersin Milletvekili ve MYK \u00dcyesi Dr. Levent Uysal, MHP MYK \u00dcyesi Av. B\u00fcnyamin K\u00f6ken, Cumhur \u0130ttifak\u0131 MHP Mersin B\u00fcy\u00fck\u015fehir Belediye Ba\u015fkan Aday\u0131 Serdar Soydan ile Mersin Nakliyeciler Sitesi Derne\u011fi ve Mersin Ticaret Borsas\u0131\u2019n\u0131 ziyaret ederek isti\u015farelerde bulundu. Uysal, daha sonra \u00d6zgecan Aslan Bar\u0131\u015f Meydan\u0131\u2019nda d\u00fczenlenen iftar program\u0131na kat\u0131larak binlerce vatanda\u015fla beraber orucunu a\u00e7t\u0131.<\/p>\n<p>Milliyet\u00e7i Hareket Partisi Mersin Milletvekili ve MYK \u00dcyesi Dr. Levent Uysal, Cumhur \u0130ttifak\u0131 MHP Mersin B\u00fcy\u00fck\u015fehir Belediye Ba\u015fkan Aday\u0131 Serdar Soydan ile beraber se\u00e7im \u00e7al\u0131\u015fmalar\u0131n\u0131 aral\u0131ks\u0131z s\u00fcrd\u00fcr\u00fcyor. Ziyaretler kapsam\u0131nda ilk olarak Mersin Nakliyeciler Sitesi Dernek Ba\u015fkan\u0131 Mehmet Bozkurt ve nakliyeci esnaf\u0131n\u0131 dinleyen Uysal, ge\u00e7ti\u011fimiz aylarda ger\u00e7ekle\u015ftirdikleri \u2018Lojistik \u00c7al\u0131\u015ftay\u0131\u2019n\u0131 hat\u0131rlatt\u0131. \u201cLojistik sekt\u00f6r\u00fcnde izlememiz gereken yol haritas\u0131n\u0131 siz de\u011ferli nakliyecilerimizle birlikte \u00e7\u0131kard\u0131k. \u0130lgili bakanl\u0131klarla g\u00f6r\u00fc\u015fmelerimizi ger\u00e7ekle\u015ftirdik. S\u0131rada master planlar\u0131m\u0131z var. Onlar\u0131 da h\u0131zl\u0131 \u015fekilde haz\u0131rl\u0131yoruz. 31 Mart\u2019ta da Serdar Ba\u015fkan\u0131m\u0131za destek olman\u0131z\u0131 istiyorum. Emin olun ki Serdar Ba\u015fkan\u0131m\u0131z g\u00f6reve geldikten sonra ilk i\u015fi sizlere g\u00fczel bir yer tahsisi yapmak olacakt\u0131r in\u015fallah.\u201d ifadelerine yer verdi.<\/p>\n<p>Daha sonra Mersin Ticaret Borsas\u0131\u2019n\u0131 ziyaret eden MHP Mersin Milletvekili ve MYK \u00dcyesi Dr. Levent Uysal\u2019\u0131 MTB Ba\u015fkan\u0131 Abdullah \u00d6zdemir ve Meclis Ba\u015fkan\u0131 M\u00fcnir \u015een kar\u015f\u0131lad\u0131. \u201cMersin ile ilgili ciddi \u00e7al\u0131\u015fmalar yap\u0131yoruz. Devlet Su \u0130\u015fleri, karayollar\u0131, turizm ve daha bir\u00e7ok sekt\u00f6r yat\u0131r\u0131mlar\u0131 h\u0131zl\u0131 \u015fekilde tamamlan\u0131yor. Mersin i\u00e7in planlanan projelerin y\u00fczde 95\u2019i hayata ge\u00e7ti. \u015eehrimizi sahiplenebilmek ve bu bilinci olu\u015fturmak \u00e7ok \u00f6nemli. Bug\u00fcn sizleri Cumhur \u0130ttifak\u0131 MHP Mersin B\u00fcy\u00fck\u015fehir Belediye Ba\u015fkan Aday\u0131m\u0131z Serdar Soydan Beyefendi ile birlikte ziyaret etmek istedik. Serdar Ba\u015fkan\u0131m\u0131z\u0131n haz\u0131rlad\u0131\u011f\u0131 100 proje Mersin\u2019in t\u00fcm eksiklerini giderecek nitelikte. Tar\u0131m ve lojistik kenti Mersin\u2019in potansiyelini geli\u015ftirip modern hale getirmek i\u00e7in Cumhur \u0130ttifak\u0131\u2019na destek olman\u0131z\u0131 istiyoruz.\u201d ifadelerine yer verdi.<\/p>\n<p>Mersin Ticaret Borsas\u0131 ziyaretinin ard\u0131ndan Cumhur \u0130ttifak\u0131\u2019n\u0131n iftar program\u0131 i\u00e7in \u00d6zgecan Aslan Bar\u0131\u015f Meydan\u0131\u2019na ge\u00e7en Milliyet\u00e7i Hareket Partisi Mersin Milletvekili ve MYK \u00dcyesi Dr. Levent Uysal, vatanda\u015flar\u0131n yo\u011fun ilgisiyle kar\u015f\u0131land\u0131. Milletvekili Uysal, binlerce Mersinlinin kat\u0131ld\u0131\u011f\u0131 iftar program\u0131nda vatanda\u015flar ile tek tek sohbet etti, orucunu a\u00e7t\u0131. \u0130ftar sonras\u0131 hem\u015ferilerine hitap eden Uysal \u015fu a\u00e7\u0131klamalarda bulundu;<\/p>\n<p>\u201cAziz Mersinli dostlar\u0131m, ramazan ay\u0131m\u0131z m\u00fcbarek olsun. Biliyorsunuz hafta sonu Milliyet\u00e7i Hareket Partimizin 14. Ola\u011fan B\u00fcy\u00fck Kurultay\u0131\u2019n\u0131 ger\u00e7ekle\u015ftirdik ve Bilge Liderimiz, Genel Ba\u015fkan\u0131m\u0131z Say\u0131n Devlet Bah\u00e7eli Beyefendi yeniden genel ba\u015fkan\u0131m\u0131z oldu. Allah ona uzun \u00f6m\u00fcrler versin, ba\u015f\u0131m\u0131zdan eksik etmesin. Ondan ald\u0131\u011f\u0131m\u0131z emirle Mersin\u2019i Cumhur \u0130ttifak\u0131 belediyecili\u011fiyle bulu\u015fturup, kaybedilen y\u0131llar\u0131n telafisini Serdar Ba\u015fkan\u0131m\u0131zla yapaca\u011f\u0131z. Cumhur \u0130ttifak\u0131\u2019na verece\u011finiz her destek Mersin\u2019in kaderini olumlu y\u00f6nde de\u011fi\u015ftirecek. Mersin daha g\u00fczel y\u00f6netilmeyi hak eden g\u00fczide bir kent ve bunun i\u00e7in Serdar Ba\u015fkan\u0131m\u0131za sand\u0131kta destek vermenizi istiyorum. Mersin\u2019i hep birlikte kalk\u0131nd\u0131raca\u011f\u0131z.\u201d<\/p>\n<p>\u201cD\u00fcnyam\u0131z\u0131 g\u00fczelle\u015ftiren, toplumumuzu geli\u015ftiren kad\u0131nlar\u0131m\u0131z\u0131n hakk\u0131n\u0131 ne yapsak \u00f6deyemeyiz. Kad\u0131n eme\u011finin oldu\u011fu yerde incelik, sorumluluk bilinci, huzur ve g\u00fcven vard\u0131r. T\u00fcrkiye Cumhuriyeti tarihimiz boyunca en \u00f6nemli cephelerde kad\u0131nlar\u0131m\u0131z m\u00fccadele etmi\u015f, Anadolu topraklar\u0131m\u0131z\u0131 bize vatan k\u0131lm\u0131\u015flard\u0131r. Tarihi b\u00f6ylesine destans\u0131 ba\u015far\u0131larla dolu eli \u00f6p\u00fclesi kad\u0131nlar\u0131m\u0131z\u0131n azmi ilham kayna\u011f\u0131m\u0131zd\u0131r. Aziz Atat\u00fcrk\u2019\u00fcn \u2018Kad\u0131nlar\u0131n\u0131 geri b\u0131rakan toplum, geride kalmaya mahkumdur\u2019 s\u00f6z\u00fcn\u00fc hep haf\u0131zam\u0131zda tutuyoruz ve gelece\u011fimizi \u015fekillendirirken de kad\u0131nlar\u0131m\u0131z\u0131n hep \u00f6n planda olmas\u0131n\u0131 istiyoruz. Siyasette de toplumun her alan\u0131nda da kad\u0131n temsili say\u0131s\u0131n\u0131n artmas\u0131 i\u00e7in canla ba\u015fla \u00e7al\u0131\u015f\u0131yoruz. Toplumun yap\u0131s\u0131n\u0131 g\u00fc\u00e7lendiren, \u015fekillendiren, aile birli\u011finin en \u00f6nemli unsuru ve toplumun temel ta\u015f\u0131 olan kad\u0131nlar\u0131m\u0131z\u0131n 8 Mart D\u00fcnya Kad\u0131nlar G\u00fcn\u00fc\u2019n\u00fc en i\u00e7ten dileklerimle kutlar\u0131m.\u201d<\/p>\n","protected":false},"excerpt":{"rendered":"<p>Milliyet\u00e7i Hareket Partisi Mersin Milletvekili ve MYK \u00dcyesi Dr. Levent Uysal, MHP MYK \u00dcyesi Av. B\u00fcnyamin K\u00f6ken, Cumhur \u0130ttifak\u0131 MHP Mersin B\u00fcy\u00fck\u015fehir Belediye Ba\u015fkan Aday\u0131 Serdar Soydan ile Mersin Nakliyeciler Sitesi Derne\u011fi ve Mersin Ticaret Borsas\u0131\u2019n\u0131 ziyaret ederek isti\u015farelerde bulundu. Uysal, daha sonra \u00d6zgecan Aslan Bar\u0131\u015f Meydan\u0131\u2019nda d\u00fczenlenen iftar program\u0131na kat\u0131larak binlerce vatanda\u015fla beraber orucunu&hellip;<\/p>\n","protected":false},"author":3,"featured_media":3729,"comment_status":"closed","ping_status":"closed","template":"","cpt_services_group":[67],"class_list":["post-3788","cpt_services","type-cpt_services","status-publish","has-post-thumbnail","hentry","cpt_services_group-haberler"],"_links":{"self":[{"href":"https:\/\/www.leventuysal.com\/en\/wp-json\/wp\/v2\/cpt_services\/3788","targetHints":{"allow":["GET"]}}],"collection":[{"href":"https:\/\/www.leventuysal.com\/en\/wp-json\/wp\/v2\/cpt_services"}],"about":[{"href":"https:\/\/www.leventuysal.com\/en\/wp-json\/wp\/v2\/types\/cpt_services"}],"author":[{"embeddable":true,"href":"https:\/\/www.leventuysal.com\/en\/wp-json\/wp\/v2\/users\/3"}],"replies":[{"embeddable":true,"href":"https:\/\/www.leventuysal.com\/en\/wp-json\/wp\/v2\/comments?post=3788"}],"version-history":[{"count":3,"href":"https:\/\/www.leventuysal.com\/en\/wp-json\/wp\/v2\/cpt_services\/3788\/revisions"}],"predecessor-version":[{"id":4529,"href":"https:\/\/www.leventuysal.com\/en\/wp-json\/wp\/v2\/cpt_services\/3788\/revisions\/4529"}],"wp:featuredmedia":[{"embeddable":true,"href":"https:\/\/www.leventuysal.com\/en\/wp-json\/wp\/v2\/media\/3729"}],"wp:attachment":[{"href":"https:\/\/www.leventuysal.com\/en\/wp-json\/wp\/v2\/media?parent=3788"}],"wp:term":[{"taxonomy":"cpt_services_group","embeddable":true,"href":"https:\/\/www.leventuysal.com\/en\/wp-json\/wp\/v2\/cpt_services_group?post=3788"}],"curies":[{"name":"wp","href":"https:\/\/api.w.org\/{rel}","templated":true}]}}