{"id":3785,"date":"2024-10-14T10:30:27","date_gmt":"2024-10-14T07:30:27","guid":{"rendered":"https:\/\/segnetdemo.com\/demo57\/?post_type=cpt_services&#038;p=3785"},"modified":"2024-10-14T11:52:37","modified_gmt":"2024-10-14T08:52:37","slug":"milliyetci-hareket-partisi-mersin-milletvekili-ve-myk-uyesi-dr-levent-uysal-ramazan-bayrami-dolayisiyla-bir-kutlama-mesaji-yayimladi","status":"publish","type":"cpt_services","link":"https:\/\/www.leventuysal.com\/en\/services\/milliyetci-hareket-partisi-mersin-milletvekili-ve-myk-uyesi-dr-levent-uysal-ramazan-bayrami-dolayisiyla-bir-kutlama-mesaji-yayimladi\/","title":{"rendered":"Milliyet\u00e7i Hareket Partisi Mersin Milletvekili ve MYK \u00dcyesi Dr. Levent Uysal, Ramazan Bayram\u0131 dolay\u0131s\u0131yla bir kutlama mesaj\u0131 yay\u0131mlad\u0131."},"content":{"rendered":"<p>Bayramlar\u0131n yard\u0131mla\u015fma ve dayan\u0131\u015fman\u0131n en g\u00fczel ya\u015fand\u0131\u011f\u0131 zamanlar oldu\u011funu belirten Uysal, mesaj\u0131nda \u015fu ifadelere yer verdi:<\/p>\n<p>\u201cBirli\u011fimizin temel ta\u015flar\u0131ndan olan bayramlar\u0131m\u0131z, gelenek ve g\u00f6reneklerimizin ku\u015faktan ku\u015fa\u011fa aktar\u0131lmas\u0131na ve ya\u015fat\u0131lmas\u0131na vesile oldu\u011fundan bizim i\u00e7in b\u00fcy\u00fck anlama sahip. Ramazan ay\u0131n\u0131n manevi huzurunu hep birlikte ya\u015fad\u0131k ve bir bayrama daha merhaba diyoruz. \u00dclkemizin ve d\u00fcnyan\u0131n d\u00f6rt bir yan\u0131ndan M\u00fcsl\u00fcmanlar\u0131n birbiriyle kayna\u015ft\u0131\u011f\u0131 bayramlar, karde\u015fli\u011fe vesile olsun. Bayramlar\u0131n en g\u00fczel yanlar\u0131ndan biri de k\u00fcsk\u00fcnl\u00fcklerin bitmesi, darg\u0131nl\u0131klar\u0131n unutulmas\u0131d\u0131r. M\u00fcbarek Ramazan Bayram\u0131\u2019nda, b\u00fcy\u00fcklerimizi ziyaret edip onlar\u0131n hay\u0131r dualar\u0131n\u0131 alacak, \u00e7ocuklar\u0131m\u0131za da bayram k\u00fclt\u00fcr\u00fcn\u00fcn s\u00fcrd\u00fcr\u00fclmesi gerekti\u011fini anlataca\u011f\u0131z. Bayram ziyaretleri i\u00e7in \u015fehirleraras\u0131 yolculuk yapacak olan vatanda\u015flar\u0131m\u0131z\u0131n trafikte kurallara riayet ederek yolculuk yapmas\u0131n\u0131 istiyoruz. Bayram sevinci h\u00fczne d\u00f6n\u00fc\u015fmesin. Ayr\u0131ca temenni ederim ki; \u0130slam \u00fclkelerinin heyecanla bekledi\u011fi bu m\u00fcbarek g\u00fcnler, Filistin halk\u0131na uygulanan zulm\u00fc sonland\u0131rs\u0131n. Umar\u0131m Gazze halk\u0131 bayram\u0131 bayram tad\u0131nda ya\u015fayabilir. Ba\u015fta \u015fehit ailelerimiz olmak \u00fczere, t\u00fcm T\u00fcrk \u0130slam aleminin m\u00fcbarek Ramazan Bayram\u0131\u2019n\u0131 en i\u00e7ten dileklerimle kutluyorum. Nice sa\u011fl\u0131kl\u0131 bayramlar diliyorum.\u201d<\/p>\n","protected":false},"excerpt":{"rendered":"<p>Bayramlar\u0131n yard\u0131mla\u015fma ve dayan\u0131\u015fman\u0131n en g\u00fczel ya\u015fand\u0131\u011f\u0131 zamanlar oldu\u011funu belirten Uysal, mesaj\u0131nda \u015fu ifadelere yer verdi: \u201cBirli\u011fimizin temel ta\u015flar\u0131ndan olan bayramlar\u0131m\u0131z, gelenek ve g\u00f6reneklerimizin ku\u015faktan ku\u015fa\u011fa aktar\u0131lmas\u0131na ve ya\u015fat\u0131lmas\u0131na vesile oldu\u011fundan bizim i\u00e7in b\u00fcy\u00fck anlama sahip. Ramazan ay\u0131n\u0131n manevi huzurunu hep birlikte ya\u015fad\u0131k ve bir bayrama daha merhaba diyoruz. \u00dclkemizin ve d\u00fcnyan\u0131n d\u00f6rt bir yan\u0131ndan&hellip;<\/p>\n","protected":false},"author":3,"featured_media":3728,"comment_status":"closed","ping_status":"closed","template":"","cpt_services_group":[67],"class_list":["post-3785","cpt_services","type-cpt_services","status-publish","has-post-thumbnail","hentry","cpt_services_group-haberler"],"_links":{"self":[{"href":"https:\/\/www.leventuysal.com\/en\/wp-json\/wp\/v2\/cpt_services\/3785","targetHints":{"allow":["GET"]}}],"collection":[{"href":"https:\/\/www.leventuysal.com\/en\/wp-json\/wp\/v2\/cpt_services"}],"about":[{"href":"https:\/\/www.leventuysal.com\/en\/wp-json\/wp\/v2\/types\/cpt_services"}],"author":[{"embeddable":true,"href":"https:\/\/www.leventuysal.com\/en\/wp-json\/wp\/v2\/users\/3"}],"replies":[{"embeddable":true,"href":"https:\/\/www.leventuysal.com\/en\/wp-json\/wp\/v2\/comments?post=3785"}],"version-history":[{"count":1,"href":"https:\/\/www.leventuysal.com\/en\/wp-json\/wp\/v2\/cpt_services\/3785\/revisions"}],"predecessor-version":[{"id":3786,"href":"https:\/\/www.leventuysal.com\/en\/wp-json\/wp\/v2\/cpt_services\/3785\/revisions\/3786"}],"wp:featuredmedia":[{"embeddable":true,"href":"https:\/\/www.leventuysal.com\/en\/wp-json\/wp\/v2\/media\/3728"}],"wp:attachment":[{"href":"https:\/\/www.leventuysal.com\/en\/wp-json\/wp\/v2\/media?parent=3785"}],"wp:term":[{"taxonomy":"cpt_services_group","embeddable":true,"href":"https:\/\/www.leventuysal.com\/en\/wp-json\/wp\/v2\/cpt_services_group?post=3785"}],"curies":[{"name":"wp","href":"https:\/\/api.w.org\/{rel}","templated":true}]}}