{"id":3782,"date":"2024-10-14T10:31:55","date_gmt":"2024-10-14T07:31:55","guid":{"rendered":"https:\/\/segnetdemo.com\/demo57\/?post_type=cpt_services&#038;p=3782"},"modified":"2024-10-21T20:28:17","modified_gmt":"2024-10-21T17:28:17","slug":"mhp-mersin-milletvekili-ve-myk-uyesi-dr-levent-uysaldan-23-nisan-mesaji","status":"publish","type":"cpt_services","link":"https:\/\/www.leventuysal.com\/en\/services\/mhp-mersin-milletvekili-ve-myk-uyesi-dr-levent-uysaldan-23-nisan-mesaji\/","title":{"rendered":"MHP Mersin Milletvekili Ve Myk \u00dcyesi Dr. Levent Uysal\u2019dan 23 Nisan Mesaj\u0131"},"content":{"rendered":"<p>Milliyet\u00e7i Hareket Partisi Mersin Milletvekili ve MYK \u00dcyesi Dr. Levent Uysal, T\u00fcrkiye B\u00fcy\u00fck Millet Meclisi\u2019nin a\u00e7\u0131l\u0131\u015f\u0131 ve 23 Nisan Ulusal Egemenlik ve \u00c7ocuk Bayram\u0131 vesilesiyle mesaj yay\u0131mlad\u0131. Milletvekili Uysal \u201cY\u00fcce Meclisin a\u00e7\u0131l\u0131\u015f\u0131yla T\u00fcrk milleti i\u00e7in umutsuzluk bitmi\u015f ve neticede Cumhuriyetimiz bu \u00e7at\u0131 alt\u0131nda ilan edilmi\u015ftir. Yine bu anlaml\u0131 tarihte Cumhuriyetimizin kurucusu Gazi Mustafa Kemal Atat\u00fcrk\u2019\u00fcn yar\u0131nlar\u0131m\u0131z\u0131n g\u00fcvencesi \u00e7ocuklar\u0131m\u0131za arma\u011fan etti\u011fi 23 Nisan Ulusal Egemenlik ve \u00c7ocuk Bayram\u0131\u2019n\u0131 kutlar\u0131m.\u201d ifadelerine yer verdi.<\/p>\n<p>T\u00fcrkiye B\u00fcy\u00fck Millet Meclisi\u2019nin a\u00e7\u0131l\u0131\u015f\u0131 ve \u00fclkemizin ilk ulusal bayram olma \u00f6zelli\u011fini ta\u015f\u0131yan 23 Nisan Ulusal Egemenlik ve \u00c7ocuk Bayram\u0131 yurdun d\u00f6rt bir yan\u0131nda kutlan\u0131yor.<\/p>\n<p>Milliyet\u00e7i Hareket Partisi Mersin Milletvekili ve MYK \u00dcyesi Dr. Levent Uysal da TBMM\u2019nin a\u00e7\u0131l\u0131\u015f\u0131 ve Ulusal Egemenlik ve \u00c7ocuk Bayram\u0131 ile ilgili kutlama mesaj\u0131 payla\u015ft\u0131.<\/p>\n<p>Milletvekili Uysal \u015fu ifadelere yer verdi;<\/p>\n<p>\u201c23 Nisan tarihinin T\u00fcrkiye Cumhuriyeti Devleti ve T\u00fcrk Milleti i\u00e7in b\u00fcy\u00fck \u00f6nemi vard\u0131r. Y\u00fcce Meclisimiz 23 Nisan 1920 tarihinde a\u00e7\u0131lm\u0131\u015f ve \u00e7ocuklar\u0131m\u0131za 23 Nisan tarihinde Ulusal Egemenlik ve \u00c7ocuk Bayram\u0131 hediye edilmi\u015ftir. T\u00fcrkiye B\u00fcy\u00fck Millet Meclisimiz, milletimizin bekas\u0131 i\u00e7in en kritik geli\u015fmelere imzas\u0131n\u0131 atm\u0131\u015ft\u0131r ve \u0130stiklal m\u00fccadelemizin y\u00f6netim merkezi olmu\u015ftur. Meclisimizin \u00e7at\u0131s\u0131 alt\u0131nda vatanda\u015flar\u0131m\u0131z\u0131n sesi olmaktan duydu\u011fum gururla ve sorumluluk bilinciyle \u00e7al\u0131\u015fmalar\u0131m\u0131 s\u00fcrd\u00fcr\u00fcyorum. Ayr\u0131ca, d\u00fcnya\u2019da ilk olma \u00f6zelli\u011fini ta\u015f\u0131yan 23 Nisan Ulusal Egemenlik ve \u00c7ocuk Bayram\u0131m\u0131z ise birlik ve beraberli\u011fimizi peki\u015ftirdi\u011fimiz bir g\u00fcnd\u00fcr.<\/p>\n<p>Aziz Atat\u00fcrk\u2019\u00fcn \u2018\u00c7ocuklar\u0131; sa\u011fl\u0131kl\u0131 ve bilgili yeti\u015ftirilmeyen uluslar, temeli \u00e7\u00fcr\u00fck binalar gibi \u00e7abuk y\u0131k\u0131l\u0131rlar.\u2019 s\u00f6z\u00fcn\u00fc iyi kavramal\u0131, \u00fclkenin kalk\u0131nmas\u0131 noktas\u0131nda \u00e7ocuklar\u0131m\u0131z\u0131 kaliteli e\u011fitimle bulu\u015fturmal\u0131 ve milli de\u011ferlerimize ba\u011fl\u0131l\u0131klar\u0131n\u0131 sa\u011flamal\u0131y\u0131z. \u00c7ocuklar\u0131m\u0131za daha g\u00fczel, daha ya\u015fanabilir bir \u00fclke ve d\u00fcnya b\u0131rakmak i\u00e7in hepimizin \u00fczerine d\u00fc\u015fen sorumluluklar\u0131 var. Biz de milletin vekili olarak Gazi Meclisimizde \u00e7ocuklar\u0131m\u0131z ve gen\u00e7lerimiz i\u00e7in mesai harc\u0131yor, onlara huzurlu, g\u00fcvenli bir ortam olu\u015fturma gayretiyle \u00e7al\u0131\u015f\u0131yoruz. Her \u00e7ocu\u011fumuzun e\u015fit \u015fartlarda ya\u015fam hakk\u0131na sahip olabilmesi, bar\u0131\u015f atmosferinde yeti\u015fmesi bizim \u00f6nceli\u011fimiz olmaya devam edecek. Bu duygu ve d\u00fc\u015f\u00fcncelerle Y\u00fcce Meclisimizin a\u00e7\u0131l\u0131\u015f\u0131n\u0131n 104. Y\u0131l\u0131n\u0131 ve 23 Nisan Ulusal Egemenlik ve \u00c7ocuk Bayram\u0131\u2019n\u0131 kutluyorum.\u201d<\/p>\n","protected":false},"excerpt":{"rendered":"<p>Milliyet\u00e7i Hareket Partisi Mersin Milletvekili ve MYK \u00dcyesi Dr. Levent Uysal, T\u00fcrkiye B\u00fcy\u00fck Millet Meclisi\u2019nin a\u00e7\u0131l\u0131\u015f\u0131 ve 23 Nisan Ulusal Egemenlik ve \u00c7ocuk Bayram\u0131 vesilesiyle mesaj yay\u0131mlad\u0131. Milletvekili Uysal \u201cY\u00fcce Meclisin a\u00e7\u0131l\u0131\u015f\u0131yla T\u00fcrk milleti i\u00e7in umutsuzluk bitmi\u015f ve neticede Cumhuriyetimiz bu \u00e7at\u0131 alt\u0131nda ilan edilmi\u015ftir. Yine bu anlaml\u0131 tarihte Cumhuriyetimizin kurucusu Gazi Mustafa Kemal Atat\u00fcrk\u2019\u00fcn&hellip;<\/p>\n","protected":false},"author":3,"featured_media":3727,"comment_status":"closed","ping_status":"closed","template":"","cpt_services_group":[67],"class_list":["post-3782","cpt_services","type-cpt_services","status-publish","has-post-thumbnail","hentry","cpt_services_group-haberler"],"_links":{"self":[{"href":"https:\/\/www.leventuysal.com\/en\/wp-json\/wp\/v2\/cpt_services\/3782","targetHints":{"allow":["GET"]}}],"collection":[{"href":"https:\/\/www.leventuysal.com\/en\/wp-json\/wp\/v2\/cpt_services"}],"about":[{"href":"https:\/\/www.leventuysal.com\/en\/wp-json\/wp\/v2\/types\/cpt_services"}],"author":[{"embeddable":true,"href":"https:\/\/www.leventuysal.com\/en\/wp-json\/wp\/v2\/users\/3"}],"replies":[{"embeddable":true,"href":"https:\/\/www.leventuysal.com\/en\/wp-json\/wp\/v2\/comments?post=3782"}],"version-history":[{"count":2,"href":"https:\/\/www.leventuysal.com\/en\/wp-json\/wp\/v2\/cpt_services\/3782\/revisions"}],"predecessor-version":[{"id":4527,"href":"https:\/\/www.leventuysal.com\/en\/wp-json\/wp\/v2\/cpt_services\/3782\/revisions\/4527"}],"wp:featuredmedia":[{"embeddable":true,"href":"https:\/\/www.leventuysal.com\/en\/wp-json\/wp\/v2\/media\/3727"}],"wp:attachment":[{"href":"https:\/\/www.leventuysal.com\/en\/wp-json\/wp\/v2\/media?parent=3782"}],"wp:term":[{"taxonomy":"cpt_services_group","embeddable":true,"href":"https:\/\/www.leventuysal.com\/en\/wp-json\/wp\/v2\/cpt_services_group?post=3782"}],"curies":[{"name":"wp","href":"https:\/\/api.w.org\/{rel}","templated":true}]}}