{"id":3716,"date":"2024-10-14T10:32:41","date_gmt":"2024-10-14T07:32:41","guid":{"rendered":"https:\/\/segnetdemo.com\/demo57\/?post_type=cpt_services&#038;p=3716"},"modified":"2024-10-14T10:59:08","modified_gmt":"2024-10-14T07:59:08","slug":"mersin-milletvekili-dr-levent-uysal-dijital-telif-eseri-ve-sanatcinin-emegini-korur","status":"publish","type":"cpt_services","link":"https:\/\/www.leventuysal.com\/en\/services\/mersin-milletvekili-dr-levent-uysal-dijital-telif-eseri-ve-sanatcinin-emegini-korur\/","title":{"rendered":"Mersin Milletvekili Dr. Levent Uysal: Dijital Telif, Eseri Ve Sanat\u00e7\u0131n\u0131n Eme\u011fini Korur"},"content":{"rendered":"<p>TBMM D\u0130J\u0130TAL MECRALAR KOM\u0130SYONU \u00dcYES\u0130 UYSAL, D\u0130J\u0130TAL TEL\u0130F \u0130LE \u0130LG\u0130L\u0130 KONU\u015eTU<\/p>\n<p>Toplant\u0131da dijital telif konusu da ele al\u0131nd\u0131. Milletvekili Uysal \u201cToplant\u0131da \u00fczerinde durdu\u011fumuz konulardan biri Fikir ve Sanat Eserleri Kanunu\u2019nun, yay\u0131nc\u0131lar\u0131n eseri \u00fczerindeki telif hakk\u0131n\u0131 koruyabilece\u011fi noktaya getirmek i\u00e7in yap\u0131lmas\u0131 gerekenler oldu.\u201d a\u00e7\u0131klamas\u0131nda bulundu.<\/p>\n<p>31 Mart yerel se\u00e7imlerinden dolay\u0131 \u00e7al\u0131\u015fmalar\u0131na ara veren T\u00fcrkiye B\u00fcy\u00fck Millet Meclisi Dijital Mecralar Komisyonu, se\u00e7imlerin ard\u0131ndan ilk kez Dijital Mecralar Komisyonu Ba\u015fkan\u0131 H\u00fcseyin Yayman \u00f6nc\u00fcl\u00fc\u011f\u00fcnde topland\u0131. Toplant\u0131da son zamanlar\u0131n en \u00e7ok konu\u015fulan sosyal medya uygulamas\u0131 TikTok, dijital telif ve habere de telif d\u00fczenlemesi yap\u0131lmas\u0131 gereklili\u011fi konular\u0131 g\u00f6r\u00fc\u015f\u00fcld\u00fc. MHP Mersin Milletvekili, MYK \u00dcyesi ve TBMM Dijital Mecralar Komisyonu \u00dcyesi Dr. Levent Uysal da haz\u0131r bulundu.<\/p>\n<p>D\u00fcnya genelinde en \u00e7ok sosyal medya kullanan \u00fclkelerin ba\u015f\u0131nda T\u00fcrkiye\u2019nin geldi\u011finin alt\u0131n\u0131 \u00e7izen Uysal \u201c\u0130\u00e7inde bulundu\u011fumuz \u00e7a\u011f\u0131 art\u0131k dijital \u00e7a\u011f olarak adland\u0131r\u0131yoruz. Teknolojinin geli\u015fmesiyle birlikte, pek \u00e7ok sosyal medya uygulamas\u0131 \u00e7\u0131k\u0131yor ve \u00fclkemiz de bu uygulamalar\u0131 en fazla indirip \u00fcye olan bir \u00fclke. Bu derece yayg\u0131n olmas\u0131yla birlikte, artan gen\u00e7 n\u00fcfusumuz bu uygulamalar\u0131 daha \u00e7ok tercih ediyor. \u0130zledikleri, \u00f6rnek ald\u0131klar\u0131, takip ettikleri i\u00e7eriklerin onlar\u0131n geli\u015fimine ve hayata bak\u0131\u015f a\u00e7\u0131lar\u0131na zarar vermemesi m\u00fchim. Baz\u0131 sosyal medya platformlar\u0131, zaman zaman \u00e7ocuklar\u0131m\u0131za k\u00f6t\u00fc \u00f6rnek olabilecek ki\u015filerin payla\u015f\u0131mlar\u0131na s\u0131kl\u0131kla yer veriyor, ak\u0131\u015fta s\u00fcrekli \u00f6ne \u00e7\u0131kar\u0131yor. Bunun \u00f6nleminin al\u0131nmas\u0131 noktas\u0131nda toplant\u0131m\u0131zda isti\u015farelerde bulunduk.\u201d \u015feklinde konu\u015ftu.<\/p>\n","protected":false},"excerpt":{"rendered":"<p>TBMM D\u0130J\u0130TAL MECRALAR KOM\u0130SYONU \u00dcYES\u0130 UYSAL, D\u0130J\u0130TAL TEL\u0130F \u0130LE \u0130LG\u0130L\u0130 KONU\u015eTU Toplant\u0131da dijital telif konusu da ele al\u0131nd\u0131. Milletvekili Uysal \u201cToplant\u0131da \u00fczerinde durdu\u011fumuz konulardan biri Fikir ve Sanat Eserleri Kanunu\u2019nun, yay\u0131nc\u0131lar\u0131n eseri \u00fczerindeki telif hakk\u0131n\u0131 koruyabilece\u011fi noktaya getirmek i\u00e7in yap\u0131lmas\u0131 gerekenler oldu.\u201d a\u00e7\u0131klamas\u0131nda bulundu. 31 Mart yerel se\u00e7imlerinden dolay\u0131 \u00e7al\u0131\u015fmalar\u0131na ara veren T\u00fcrkiye B\u00fcy\u00fck Millet&hellip;<\/p>\n","protected":false},"author":3,"featured_media":3726,"comment_status":"closed","ping_status":"closed","template":"","cpt_services_group":[67],"class_list":["post-3716","cpt_services","type-cpt_services","status-publish","has-post-thumbnail","hentry","cpt_services_group-haberler"],"_links":{"self":[{"href":"https:\/\/www.leventuysal.com\/en\/wp-json\/wp\/v2\/cpt_services\/3716","targetHints":{"allow":["GET"]}}],"collection":[{"href":"https:\/\/www.leventuysal.com\/en\/wp-json\/wp\/v2\/cpt_services"}],"about":[{"href":"https:\/\/www.leventuysal.com\/en\/wp-json\/wp\/v2\/types\/cpt_services"}],"author":[{"embeddable":true,"href":"https:\/\/www.leventuysal.com\/en\/wp-json\/wp\/v2\/users\/3"}],"replies":[{"embeddable":true,"href":"https:\/\/www.leventuysal.com\/en\/wp-json\/wp\/v2\/comments?post=3716"}],"version-history":[{"count":1,"href":"https:\/\/www.leventuysal.com\/en\/wp-json\/wp\/v2\/cpt_services\/3716\/revisions"}],"predecessor-version":[{"id":3780,"href":"https:\/\/www.leventuysal.com\/en\/wp-json\/wp\/v2\/cpt_services\/3716\/revisions\/3780"}],"wp:featuredmedia":[{"embeddable":true,"href":"https:\/\/www.leventuysal.com\/en\/wp-json\/wp\/v2\/media\/3726"}],"wp:attachment":[{"href":"https:\/\/www.leventuysal.com\/en\/wp-json\/wp\/v2\/media?parent=3716"}],"wp:term":[{"taxonomy":"cpt_services_group","embeddable":true,"href":"https:\/\/www.leventuysal.com\/en\/wp-json\/wp\/v2\/cpt_services_group?post=3716"}],"curies":[{"name":"wp","href":"https:\/\/api.w.org\/{rel}","templated":true}]}}